{"id":6878,"date":"2018-10-09T12:43:34","date_gmt":"2018-10-09T10:43:34","guid":{"rendered":"http:\/\/www.hugorodriguez.com\/blog\/?page_id=6878"},"modified":"2019-04-02T12:54:35","modified_gmt":"2019-04-02T10:54:35","slug":"gestion-del-color-en-el-aism-de-menorca-2","status":"publish","type":"page","link":"https:\/\/www.hugorodriguez.com\/blog\/reviews\/gestion-del-color-en-el-aism-de-menorca-2\/","title":{"rendered":"Gesti\u00f3n del color en el AISM de Menorca"},"content":{"rendered":"<p style=\"text-align: left\">En julio\u00a0fui a Menorca a trabajar en el <a href=\"https:\/\/www.aism.cat\/\" target=\"_blank\">AISM<\/a> (Arxiu de Imatge y So de Menorca) para hacer una revisi\u00f3n del flujo de trabajo y calibrar diversos dispositivos.\u00a0Uno de los objetivos del AISM es digitalizar fotograf\u00edas antiguas de la isla y mantener el archivo fotogr\u00e1fico m\u00e1s importante de Menorca. El archivo es del Consell insular, pero lo gestiona una empresa sin \u00e1nimo de lucro. El edificio es precioso, con unas escaleras de caracol muy fotogr\u00e1ficas. Sus instalaciones son modestas, pero este a\u00f1o han podido actualizar equipos y ahora cuentan con flamantes monitores <a title=\"BenQ SW271: poder\u00edo 4K en concentrado en 27\u2033\" href=\"http:\/\/www.hugorodriguez.com\/blog\/reviews\/benq-sw271-poderio-4k-en-concentrado-en-27\/\" target=\"_blank\">BenQ SW271<\/a> y CaptureOne, que personalmente les he recomendado.<\/p>\n<p>Como nota curiosa, las chicas que lo gestionan me comentaban que ellas est\u00e1n encantadas con los nuevos BenQ, que se ven \u201cimpresionantes\u201d, pero que tuvieron problemas para comprarlos porque desde el departamento de IT del Consell Insular les dec\u00edan que \u201cBenQ, ni hablar\u201d. Seguramente porque desconoc\u00edan el nuevo rumbo de la marca y la calidad de su gama profesional de fotograf\u00eda y v\u00eddeo\u2026 Afortunadamente, nos dieron un voto de confianza y parece que ahora ya se han convencido.<\/p>\n<p>La sala de capturas est\u00e1 pintada entera de negro para evitar cualquier reflejo indeseado lo que, adem\u00e1s, le da un aspecto muy profesional y un toque misterioso. Aunque no es muy agradable para quien tenga que pasar muchas horas all\u00ed dentro, realmente es la mejor opci\u00f3n si lo que se quiere es evitar reflejos no deseados.<\/p>\n<p><a href=\"http:\/\/www.hugorodriguez.com\/blog\/wp-content\/uploads\/2018\/10\/Calibrando-en-AISM-Menorca-06.jpg\"><img loading=\"lazy\" decoding=\"async\" class=\"aligncenter size-medium wp-image-6882\" src=\"http:\/\/www.hugorodriguez.com\/blog\/wp-content\/uploads\/2018\/10\/Calibrando-en-AISM-Menorca-06-500x375.jpg\" alt=\"Calibrando en AISM Menorca 06\" width=\"500\" height=\"375\" srcset=\"https:\/\/www.hugorodriguez.com\/blog\/wp-content\/uploads\/2018\/10\/Calibrando-en-AISM-Menorca-06-500x375.jpg 500w, https:\/\/www.hugorodriguez.com\/blog\/wp-content\/uploads\/2018\/10\/Calibrando-en-AISM-Menorca-06-450x338.jpg 450w, https:\/\/www.hugorodriguez.com\/blog\/wp-content\/uploads\/2018\/10\/Calibrando-en-AISM-Menorca-06-80x60.jpg 80w, https:\/\/www.hugorodriguez.com\/blog\/wp-content\/uploads\/2018\/10\/Calibrando-en-AISM-Menorca-06-705x528.jpg 705w, https:\/\/www.hugorodriguez.com\/blog\/wp-content\/uploads\/2018\/10\/Calibrando-en-AISM-Menorca-06.jpg 1000w\" sizes=\"auto, (max-width: 500px) 100vw, 500px\" \/><\/a><\/p>\n<p>Comenc\u00e9 en esa sala calibrando el BenQ SW271 en un reluciente equipo nuevo y, salvo porque al principio faltaba el cable USB que conecta el monitor al PC (necesario para calibrar por hardware), todo fue sobre ruedas. Tal como esperaba, resultados a la altura de un monitor profesional.<\/p>\n<div id=\"attachment_6881\" style=\"width: 510px\" class=\"wp-caption aligncenter\"><a href=\"http:\/\/www.hugorodriguez.com\/blog\/wp-content\/uploads\/2018\/10\/Calibrando-en-AISM-Menorca-04.jpg\"><img loading=\"lazy\" decoding=\"async\" aria-describedby=\"caption-attachment-6881\" class=\"size-medium wp-image-6881\" src=\"http:\/\/www.hugorodriguez.com\/blog\/wp-content\/uploads\/2018\/10\/Calibrando-en-AISM-Menorca-04-500x375.jpg\" alt=\"Revisando la calibraci\u00f3n por hardware del monitor BenQ.\" width=\"500\" height=\"375\" srcset=\"https:\/\/www.hugorodriguez.com\/blog\/wp-content\/uploads\/2018\/10\/Calibrando-en-AISM-Menorca-04-500x375.jpg 500w, https:\/\/www.hugorodriguez.com\/blog\/wp-content\/uploads\/2018\/10\/Calibrando-en-AISM-Menorca-04-450x338.jpg 450w, https:\/\/www.hugorodriguez.com\/blog\/wp-content\/uploads\/2018\/10\/Calibrando-en-AISM-Menorca-04-80x60.jpg 80w, https:\/\/www.hugorodriguez.com\/blog\/wp-content\/uploads\/2018\/10\/Calibrando-en-AISM-Menorca-04-705x528.jpg 705w, https:\/\/www.hugorodriguez.com\/blog\/wp-content\/uploads\/2018\/10\/Calibrando-en-AISM-Menorca-04.jpg 1000w\" sizes=\"auto, (max-width: 500px) 100vw, 500px\" \/><\/a><p id=\"caption-attachment-6881\" class=\"wp-caption-text\">Revisando la calibraci\u00f3n por hardware del monitor BenQ.<\/p><\/div>\n<p>Seguidamente pasamos a la c\u00e1mara: una sencilla Nikon D5300 con un excelente Micro-Nikkor 60mm f\/2.8, una \u00f3ptica muy usada en estos \u00e1mbitos, montada sobre un pie de reproducci\u00f3n KAISER con dos luces sim\u00e9tricas. No es un cuerpo de c\u00e1mara profesional, cierto, pero el sensor es excelente, y eso es lo que verdaderamente importa.<\/p>\n<div id=\"attachment_6883\" style=\"width: 510px\" class=\"wp-caption aligncenter\"><a href=\"http:\/\/www.hugorodriguez.com\/blog\/wp-content\/uploads\/2018\/10\/Calibrando-en-AISM-Menorca-06_2.jpg\"><img loading=\"lazy\" decoding=\"async\" aria-describedby=\"caption-attachment-6883\" class=\"size-medium wp-image-6883\" src=\"http:\/\/www.hugorodriguez.com\/blog\/wp-content\/uploads\/2018\/10\/Calibrando-en-AISM-Menorca-06_2-500x359.jpg\" alt=\"La mesa de reproducciones con la Nikon.\" width=\"500\" height=\"359\" srcset=\"https:\/\/www.hugorodriguez.com\/blog\/wp-content\/uploads\/2018\/10\/Calibrando-en-AISM-Menorca-06_2-500x359.jpg 500w, https:\/\/www.hugorodriguez.com\/blog\/wp-content\/uploads\/2018\/10\/Calibrando-en-AISM-Menorca-06_2-450x324.jpg 450w, https:\/\/www.hugorodriguez.com\/blog\/wp-content\/uploads\/2018\/10\/Calibrando-en-AISM-Menorca-06_2-80x57.jpg 80w, https:\/\/www.hugorodriguez.com\/blog\/wp-content\/uploads\/2018\/10\/Calibrando-en-AISM-Menorca-06_2-705x507.jpg 705w, https:\/\/www.hugorodriguez.com\/blog\/wp-content\/uploads\/2018\/10\/Calibrando-en-AISM-Menorca-06_2.jpg 920w\" sizes=\"auto, (max-width: 500px) 100vw, 500px\" \/><\/a><p id=\"caption-attachment-6883\" class=\"wp-caption-text\">La mesa de reproducciones con la Nikon.<\/p><\/div>\n<p>Con todo preparado hice el perfil utilizando una IT8-EGM para opacos y una IT8 de Colorraid para transparencias (en EGM no fabricamos cartas en pel\u00edcula porque al tener que utilizar el mismo sistema fotoqu\u00edmico, no ofrecer\u00eda muchas ventajas con la competencia). Para fotografiar estas \u00faltimas tienen una caja de luz Kaiser que result\u00f3 no ofrecer una uniformidad en el mapa de iluminaci\u00f3n a la altura de lo que se esperaba, pero afortunadamente con el sistema LCC de CaptureOne pude corregirlo por software muy bien.<\/p>\n<div  class='tabcontainer av-eccr4e-a853f5633749ea5a33bfbd162e01ca13 top_tab  avia-builder-el-0  el_before_av_tab_container  avia-builder-el-first '>\n<section class='av_tab_section av_tab_section av-cw6jdq-c383ef1ca86afbc48eb57c611067f00a'  itemscope=\"itemscope\" itemtype=\"https:\/\/schema.org\/CreativeWork\" ><div id='tab-id-1-tab' class='tab active_tab' role='tab' aria-selected=\"true\" tabindex=\"0\" data-fake-id='#tab-id-1' aria-controls='tab-id-1-content'  itemprop=\"headline\" >Captura directa<\/div><div id='tab-id-1-content' class='tab_content active_tab_content' role='tabpanel' aria-labelledby='tab-id-1-tab' aria-hidden=\"false\"><div class='tab_inner_content invers-color'  itemprop=\"text\" ><p><img loading=\"lazy\" decoding=\"async\" class=\"aligncenter size-full wp-image-6885\" src=\"http:\/\/www.hugorodriguez.com\/blog\/wp-content\/uploads\/2018\/10\/Carta-IT8-transparencia-15-original.jpg\" alt=\"Carta-IT8-transparencia-15-original\" width=\"600\" height=\"450\" srcset=\"https:\/\/www.hugorodriguez.com\/blog\/wp-content\/uploads\/2018\/10\/Carta-IT8-transparencia-15-original.jpg 600w, https:\/\/www.hugorodriguez.com\/blog\/wp-content\/uploads\/2018\/10\/Carta-IT8-transparencia-15-original-450x338.jpg 450w, https:\/\/www.hugorodriguez.com\/blog\/wp-content\/uploads\/2018\/10\/Carta-IT8-transparencia-15-original-80x60.jpg 80w, https:\/\/www.hugorodriguez.com\/blog\/wp-content\/uploads\/2018\/10\/Carta-IT8-transparencia-15-original-500x375.jpg 500w\" sizes=\"auto, (max-width: 600px) 100vw, 600px\" \/><\/p>\n<\/div><\/div><\/section>\n<section class='av_tab_section av_tab_section av-aomdta-dcfbe7808d878af9f73cee1327f48318'  itemscope=\"itemscope\" itemtype=\"https:\/\/schema.org\/CreativeWork\" ><div id='tab-id-2-tab' class='tab' role='tab' aria-selected=\"false\" tabindex=\"0\" data-fake-id='#tab-id-2' aria-controls='tab-id-2-content'  itemprop=\"headline\" >Calibrada<\/div><div id='tab-id-2-content' class='tab_content' role='tabpanel' aria-labelledby='tab-id-2-tab' aria-hidden=\"true\"><div class='tab_inner_content invers-color'  itemprop=\"text\" ><p><img loading=\"lazy\" decoding=\"async\" class=\"aligncenter size-full wp-image-6887\" src=\"http:\/\/www.hugorodriguez.com\/blog\/wp-content\/uploads\/2018\/10\/Carta-IT8-transparencia-nikon-perfilada.jpg\" alt=\"Carta-IT8-transparencia-nikon-perfilada\" width=\"600\" height=\"450\" srcset=\"https:\/\/www.hugorodriguez.com\/blog\/wp-content\/uploads\/2018\/10\/Carta-IT8-transparencia-nikon-perfilada.jpg 600w, https:\/\/www.hugorodriguez.com\/blog\/wp-content\/uploads\/2018\/10\/Carta-IT8-transparencia-nikon-perfilada-450x338.jpg 450w, https:\/\/www.hugorodriguez.com\/blog\/wp-content\/uploads\/2018\/10\/Carta-IT8-transparencia-nikon-perfilada-80x60.jpg 80w, https:\/\/www.hugorodriguez.com\/blog\/wp-content\/uploads\/2018\/10\/Carta-IT8-transparencia-nikon-perfilada-500x375.jpg 500w\" sizes=\"auto, (max-width: 600px) 100vw, 600px\" \/><\/p>\n<\/div><\/div><\/section>\n<section class='av_tab_section av_tab_section av-8k9bri-7940275f31aba463e15a98a401341a3a'  itemscope=\"itemscope\" itemtype=\"https:\/\/schema.org\/CreativeWork\" ><div id='tab-id-3-tab' class='tab' role='tab' aria-selected=\"false\" tabindex=\"0\" data-fake-id='#tab-id-3' aria-controls='tab-id-3-content'  itemprop=\"headline\" >Referencia (imagen sint\u00e9tica)<\/div><div id='tab-id-3-content' class='tab_content' role='tabpanel' aria-labelledby='tab-id-3-tab' aria-hidden=\"true\"><div class='tab_inner_content invers-color'  itemprop=\"text\" ><p><img loading=\"lazy\" decoding=\"async\" class=\"aligncenter size-full wp-image-6886\" src=\"http:\/\/www.hugorodriguez.com\/blog\/wp-content\/uploads\/2018\/10\/Carta-IT8-transparencia-nikon-CGI.jpg\" alt=\"Carta-IT8-transparencia-nikon-CGI\" width=\"600\" height=\"450\" srcset=\"https:\/\/www.hugorodriguez.com\/blog\/wp-content\/uploads\/2018\/10\/Carta-IT8-transparencia-nikon-CGI.jpg 600w, https:\/\/www.hugorodriguez.com\/blog\/wp-content\/uploads\/2018\/10\/Carta-IT8-transparencia-nikon-CGI-450x338.jpg 450w, https:\/\/www.hugorodriguez.com\/blog\/wp-content\/uploads\/2018\/10\/Carta-IT8-transparencia-nikon-CGI-80x60.jpg 80w, https:\/\/www.hugorodriguez.com\/blog\/wp-content\/uploads\/2018\/10\/Carta-IT8-transparencia-nikon-CGI-500x375.jpg 500w\" sizes=\"auto, (max-width: 600px) 100vw, 600px\" \/><\/p>\n<\/div><\/div><\/section>\n<\/div>\n<p>Al final los resultados fueron excelentes, tal como esperaba. Y, s\u00ed, con una sencilla c\u00e1mara APS-C de gama media se pueden conseguir muy buenos resultados porque lo que importa en definitiva es la calidad del sensor (excelente, como bien sabe todo el mundo puesto que en los \u00faltimos a\u00f1os Nikon est\u00e1 marcando la pauta en el mercado en ese sentido) y de la \u00f3ptica. El resto viene con una buena iluminaci\u00f3n y un perfil ICC muy fino para CaptureOne.<\/p>\n<p>El resultado: un promedio de error de s\u00f3lo DeltaE 2,14 (que es un valor que indica la desviaci\u00f3n de color con respecto a la referencia, siendo 1,0 la perfecci\u00f3n). Esto demuestra que con una gesti\u00f3n de color muy fina se consiguen resultados que hace tiempo s\u00f3lo estaban al alcance de equipos mucho m\u00e1s caros.<\/p>\n<div id=\"attachment_6900\" style=\"width: 510px\" class=\"wp-caption aligncenter\"><a href=\"http:\/\/www.hugorodriguez.com\/blog\/wp-content\/uploads\/2018\/10\/Carta_IT8_transparencia_15_Prophoto_tif_2D_ab.png\"><img loading=\"lazy\" decoding=\"async\" aria-describedby=\"caption-attachment-6900\" class=\"wp-image-6900 size-medium\" src=\"http:\/\/www.hugorodriguez.com\/blog\/wp-content\/uploads\/2018\/10\/Carta_IT8_transparencia_15_Prophoto_tif_2D_ab-500x463.png\" alt=\"Carta_IT8_transparencia_15_Prophoto_tif_2D_ab\" width=\"500\" height=\"463\" srcset=\"https:\/\/www.hugorodriguez.com\/blog\/wp-content\/uploads\/2018\/10\/Carta_IT8_transparencia_15_Prophoto_tif_2D_ab-500x463.png 500w, https:\/\/www.hugorodriguez.com\/blog\/wp-content\/uploads\/2018\/10\/Carta_IT8_transparencia_15_Prophoto_tif_2D_ab-450x418.png 450w, https:\/\/www.hugorodriguez.com\/blog\/wp-content\/uploads\/2018\/10\/Carta_IT8_transparencia_15_Prophoto_tif_2D_ab-80x74.png 80w, https:\/\/www.hugorodriguez.com\/blog\/wp-content\/uploads\/2018\/10\/Carta_IT8_transparencia_15_Prophoto_tif_2D_ab-705x654.png 705w, https:\/\/www.hugorodriguez.com\/blog\/wp-content\/uploads\/2018\/10\/Carta_IT8_transparencia_15_Prophoto_tif_2D_ab.png 748w\" sizes=\"auto, (max-width: 500px) 100vw, 500px\" \/><\/a><p id=\"caption-attachment-6900\" class=\"wp-caption-text\">An\u00e1lisis de la calibraci\u00f3n sobre la carta IT8. Lo que se ve es el mapa CIE LAB (concretamente el plano a*b*). Los cuadraditos indican la referencia de color y los circulitos, c\u00f3mo han quedado.<\/p><\/div>\n<div id=\"attachment_6893\" style=\"width: 477px\" class=\"wp-caption aligncenter\"><img loading=\"lazy\" decoding=\"async\" aria-describedby=\"caption-attachment-6893\" class=\"wp-image-6893 size-full\" src=\"http:\/\/www.hugorodriguez.com\/blog\/wp-content\/uploads\/2018\/10\/Carta_IT8_transparencia_15_Prophoto_tif_2D_ab-crop.png\" alt=\"Carta_IT8_transparencia_15_Prophoto_tif_2D_ab crop\" width=\"467\" height=\"89\" srcset=\"https:\/\/www.hugorodriguez.com\/blog\/wp-content\/uploads\/2018\/10\/Carta_IT8_transparencia_15_Prophoto_tif_2D_ab-crop.png 467w, https:\/\/www.hugorodriguez.com\/blog\/wp-content\/uploads\/2018\/10\/Carta_IT8_transparencia_15_Prophoto_tif_2D_ab-crop-450x86.png 450w, https:\/\/www.hugorodriguez.com\/blog\/wp-content\/uploads\/2018\/10\/Carta_IT8_transparencia_15_Prophoto_tif_2D_ab-crop-80x15.png 80w\" sizes=\"auto, (max-width: 467px) 100vw, 467px\" \/><p id=\"caption-attachment-6893\" class=\"wp-caption-text\">Aqui se ven los resultados del an\u00e1lisis estad\u00edstico. Los m\u00e1s importantes son el DeltaE00 mean y max. (esquina inferior izquierda)<\/p><\/div>\n<p>L\u00f3gicamente hubo que crear perfiles distintos para opacos y transparencias, de forma que en funci\u00f3n de qu\u00e9 se captura, se usa uno u otro perfil.<\/p>\n<p>Contin\u00faa en la p\u00e1gina 2&#8230;<\/p>\n<p><!--nextpage--><\/p>\n<p>Con esto nos pusimos r\u00e1pidamente a probar resultados sobre una placa de vidrio con una foto estereosc\u00f3pica y la verdad es que los resultados fueron muy buenos.<\/p>\n<p><img loading=\"lazy\" decoding=\"async\" class=\"aligncenter wp-image-6879 size-medium\" src=\"http:\/\/www.hugorodriguez.com\/blog\/wp-content\/uploads\/2018\/10\/Calibrando-en-AISM-Menorca-01-500x375.jpg\" alt=\"Calibrando en AISM Menorca 01\" width=\"500\" height=\"375\" srcset=\"https:\/\/www.hugorodriguez.com\/blog\/wp-content\/uploads\/2018\/10\/Calibrando-en-AISM-Menorca-01-500x375.jpg 500w, https:\/\/www.hugorodriguez.com\/blog\/wp-content\/uploads\/2018\/10\/Calibrando-en-AISM-Menorca-01-450x338.jpg 450w, https:\/\/www.hugorodriguez.com\/blog\/wp-content\/uploads\/2018\/10\/Calibrando-en-AISM-Menorca-01-80x60.jpg 80w, https:\/\/www.hugorodriguez.com\/blog\/wp-content\/uploads\/2018\/10\/Calibrando-en-AISM-Menorca-01-705x528.jpg 705w, https:\/\/www.hugorodriguez.com\/blog\/wp-content\/uploads\/2018\/10\/Calibrando-en-AISM-Menorca-01.jpg 1000w\" sizes=\"auto, (max-width: 500px) 100vw, 500px\" \/><\/p>\n<p>En primer lugar, captur\u00e9 la placa negativa de la manera m\u00e1s fiel posible (como si fuera una diapositiva) para luego hacer la inversi\u00f3n manualmente en Photoshop, compensando correctamente la respuesta logar\u00edtmica de la pel\u00edcula (tal como explico en mis cursos de escaneo), y el resultado fue muy bueno.<\/p>\n<div  class='tabcontainer av-71eg32-c46e1531f9732641f29c0db3a28936af top_tab  avia-builder-el-1  el_after_av_tab_container  avia-builder-el-last '>\n<section class='av_tab_section av_tab_section av-5d9g9q-5ef8576d32863f1d34947f537af070f3'  itemscope=\"itemscope\" itemtype=\"https:\/\/schema.org\/CreativeWork\" ><div id='tab-id-4-tab' class='tab active_tab' role='tab' aria-selected=\"true\" tabindex=\"0\" data-fake-id='#tab-id-4' aria-controls='tab-id-4-content'  itemprop=\"headline\" >Placa original<\/div><div id='tab-id-4-content' class='tab_content active_tab_content' role='tabpanel' aria-labelledby='tab-id-4-tab' aria-hidden=\"false\"><div class='tab_inner_content invers-color'  itemprop=\"text\" ><p><img loading=\"lazy\" decoding=\"async\" class=\"aligncenter size-full wp-image-6892\" src=\"http:\/\/www.hugorodriguez.com\/blog\/wp-content\/uploads\/2018\/10\/Negativo-estereoscopico.jpg\" alt=\"Negativo estereoscopico\" width=\"1200\" height=\"618\" srcset=\"https:\/\/www.hugorodriguez.com\/blog\/wp-content\/uploads\/2018\/10\/Negativo-estereoscopico.jpg 1200w, https:\/\/www.hugorodriguez.com\/blog\/wp-content\/uploads\/2018\/10\/Negativo-estereoscopico-450x232.jpg 450w, https:\/\/www.hugorodriguez.com\/blog\/wp-content\/uploads\/2018\/10\/Negativo-estereoscopico-80x41.jpg 80w, https:\/\/www.hugorodriguez.com\/blog\/wp-content\/uploads\/2018\/10\/Negativo-estereoscopico-500x257.jpg 500w, https:\/\/www.hugorodriguez.com\/blog\/wp-content\/uploads\/2018\/10\/Negativo-estereoscopico-1030x530.jpg 1030w, https:\/\/www.hugorodriguez.com\/blog\/wp-content\/uploads\/2018\/10\/Negativo-estereoscopico-705x363.jpg 705w\" sizes=\"auto, (max-width: 1200px) 100vw, 1200px\" \/><\/p>\n<p>Foto Antoni Roca V\u00e1rez. Arxiu d&#8217;Imatge i So de Menorca-CIM<\/p>\n<\/div><\/div><\/section>\n<section class='av_tab_section av_tab_section av-475w32-ecb7bf6ca8ab215f3a6e932064d560f5'  itemscope=\"itemscope\" itemtype=\"https:\/\/schema.org\/CreativeWork\" ><div id='tab-id-5-tab' class='tab' role='tab' aria-selected=\"false\" tabindex=\"0\" data-fake-id='#tab-id-5' aria-controls='tab-id-5-content'  itemprop=\"headline\" >Placa invertida (inversi\u00f3n directa en Photoshop)<\/div><div id='tab-id-5-content' class='tab_content' role='tabpanel' aria-labelledby='tab-id-5-tab' aria-hidden=\"true\"><div class='tab_inner_content invers-color'  itemprop=\"text\" ><p><img loading=\"lazy\" decoding=\"async\" class=\"aligncenter size-full wp-image-6908\" src=\"http:\/\/www.hugorodriguez.com\/blog\/wp-content\/uploads\/2018\/10\/Negativo-estereoscopico-invertido-lineal.jpg\" alt=\"Negativo-estereoscopico-invertido-lineal\" width=\"1200\" height=\"618\" srcset=\"https:\/\/www.hugorodriguez.com\/blog\/wp-content\/uploads\/2018\/10\/Negativo-estereoscopico-invertido-lineal.jpg 1200w, https:\/\/www.hugorodriguez.com\/blog\/wp-content\/uploads\/2018\/10\/Negativo-estereoscopico-invertido-lineal-450x232.jpg 450w, https:\/\/www.hugorodriguez.com\/blog\/wp-content\/uploads\/2018\/10\/Negativo-estereoscopico-invertido-lineal-80x41.jpg 80w, https:\/\/www.hugorodriguez.com\/blog\/wp-content\/uploads\/2018\/10\/Negativo-estereoscopico-invertido-lineal-500x257.jpg 500w, https:\/\/www.hugorodriguez.com\/blog\/wp-content\/uploads\/2018\/10\/Negativo-estereoscopico-invertido-lineal-1030x530.jpg 1030w, https:\/\/www.hugorodriguez.com\/blog\/wp-content\/uploads\/2018\/10\/Negativo-estereoscopico-invertido-lineal-705x363.jpg 705w\" sizes=\"auto, (max-width: 1200px) 100vw, 1200px\" \/><\/p>\n<p>Foto Antoni Roca V\u00e1rez. Arxiu d&#8217;Imatge i So de Menorca-CIM<\/p>\n<\/div><\/div><\/section>\n<section class='av_tab_section av_tab_section av-70f3i-19a3ed2c015f689d4631b0abb9b45ba6'  itemscope=\"itemscope\" itemtype=\"https:\/\/schema.org\/CreativeWork\" ><div id='tab-id-6-tab' class='tab' role='tab' aria-selected=\"false\" tabindex=\"0\" data-fake-id='#tab-id-6' aria-controls='tab-id-6-content'  itemprop=\"headline\" >Placa invertida (correcci\u00f3n Log)<\/div><div id='tab-id-6-content' class='tab_content' role='tabpanel' aria-labelledby='tab-id-6-tab' aria-hidden=\"true\"><div class='tab_inner_content invers-color'  itemprop=\"text\" ><p><img loading=\"lazy\" decoding=\"async\" class=\"aligncenter size-full wp-image-6891\" src=\"http:\/\/www.hugorodriguez.com\/blog\/wp-content\/uploads\/2018\/10\/Negativo-estereoscopico-invertido.jpg\" alt=\"Negativo estereoscopico invertido\" width=\"1200\" height=\"617\" srcset=\"https:\/\/www.hugorodriguez.com\/blog\/wp-content\/uploads\/2018\/10\/Negativo-estereoscopico-invertido.jpg 1200w, https:\/\/www.hugorodriguez.com\/blog\/wp-content\/uploads\/2018\/10\/Negativo-estereoscopico-invertido-450x231.jpg 450w, https:\/\/www.hugorodriguez.com\/blog\/wp-content\/uploads\/2018\/10\/Negativo-estereoscopico-invertido-80x41.jpg 80w, https:\/\/www.hugorodriguez.com\/blog\/wp-content\/uploads\/2018\/10\/Negativo-estereoscopico-invertido-500x257.jpg 500w, https:\/\/www.hugorodriguez.com\/blog\/wp-content\/uploads\/2018\/10\/Negativo-estereoscopico-invertido-1030x529.jpg 1030w, https:\/\/www.hugorodriguez.com\/blog\/wp-content\/uploads\/2018\/10\/Negativo-estereoscopico-invertido-705x362.jpg 705w\" sizes=\"auto, (max-width: 1200px) 100vw, 1200px\" \/><\/p>\n<p>Foto Antoni Roca V\u00e1rez. Arxiu d&#8217;Imatge i So de Menorca-CIM<\/p>\n<\/div><\/div><\/section>\n<\/div>\n<p>Ya en otra sala del centro me puse manos a la obra con el esc\u00e1ner. Utilizan un Epson V750 de conocida calidad, tambi\u00e9n conectado a un PC con un SW271 con su visera (que tuve que calibrar previamente) y el software profesional de escaneo Silverfast.<\/p>\n<p><a href=\"http:\/\/www.hugorodriguez.com\/blog\/wp-content\/uploads\/2018\/10\/Calibrando-en-AISM-Menorca-03.jpg\"><img loading=\"lazy\" decoding=\"async\" class=\"aligncenter wp-image-6880 size-medium\" src=\"http:\/\/www.hugorodriguez.com\/blog\/wp-content\/uploads\/2018\/10\/Calibrando-en-AISM-Menorca-03-500x375.jpg\" alt=\"Calibrando en AISM Menorca 03\" width=\"500\" height=\"375\" srcset=\"https:\/\/www.hugorodriguez.com\/blog\/wp-content\/uploads\/2018\/10\/Calibrando-en-AISM-Menorca-03-500x375.jpg 500w, https:\/\/www.hugorodriguez.com\/blog\/wp-content\/uploads\/2018\/10\/Calibrando-en-AISM-Menorca-03-450x338.jpg 450w, https:\/\/www.hugorodriguez.com\/blog\/wp-content\/uploads\/2018\/10\/Calibrando-en-AISM-Menorca-03-80x60.jpg 80w, https:\/\/www.hugorodriguez.com\/blog\/wp-content\/uploads\/2018\/10\/Calibrando-en-AISM-Menorca-03-705x528.jpg 705w, https:\/\/www.hugorodriguez.com\/blog\/wp-content\/uploads\/2018\/10\/Calibrando-en-AISM-Menorca-03.jpg 1000w\" sizes=\"auto, (max-width: 500px) 100vw, 500px\" \/><\/a><\/p>\n<p>Captur\u00e9 con \u00e9ste ambas cartas de color nuevamente e hice sendos perfiles de color, que dieron resultados bastante buenos.<\/p>\n<div id=\"attachment_6901\" style=\"width: 510px\" class=\"wp-caption aligncenter\"><a href=\"http:\/\/www.hugorodriguez.com\/blog\/wp-content\/uploads\/2018\/10\/IT8_EGM_AISM_Prophoto_tif_2D_ab.png\"><img loading=\"lazy\" decoding=\"async\" aria-describedby=\"caption-attachment-6901\" class=\"wp-image-6901 size-medium\" src=\"http:\/\/www.hugorodriguez.com\/blog\/wp-content\/uploads\/2018\/10\/IT8_EGM_AISM_Prophoto_tif_2D_ab-500x477.png\" alt=\"IT8_EGM_AISM_Prophoto_tif_2D_ab\" width=\"500\" height=\"477\" srcset=\"https:\/\/www.hugorodriguez.com\/blog\/wp-content\/uploads\/2018\/10\/IT8_EGM_AISM_Prophoto_tif_2D_ab-500x477.png 500w, https:\/\/www.hugorodriguez.com\/blog\/wp-content\/uploads\/2018\/10\/IT8_EGM_AISM_Prophoto_tif_2D_ab-450x430.png 450w, https:\/\/www.hugorodriguez.com\/blog\/wp-content\/uploads\/2018\/10\/IT8_EGM_AISM_Prophoto_tif_2D_ab-80x76.png 80w, https:\/\/www.hugorodriguez.com\/blog\/wp-content\/uploads\/2018\/10\/IT8_EGM_AISM_Prophoto_tif_2D_ab.png 704w\" sizes=\"auto, (max-width: 500px) 100vw, 500px\" \/><\/a><p id=\"caption-attachment-6901\" class=\"wp-caption-text\">Resultados del analisis de la fidelidad del esc\u00e1ner Epson V-750 en modo opacos, una vez calibrado.<\/p><\/div>\n<p><img loading=\"lazy\" decoding=\"async\" class=\"aligncenter wp-image-6894 size-full\" src=\"http:\/\/www.hugorodriguez.com\/blog\/wp-content\/uploads\/2018\/10\/IT8_EGM_AISM_Prophoto_tif_2D_ab-crop.png\" alt=\"IT8_EGM_AISM_Prophoto_tif_2D_ab crop\" width=\"478\" height=\"101\" srcset=\"https:\/\/www.hugorodriguez.com\/blog\/wp-content\/uploads\/2018\/10\/IT8_EGM_AISM_Prophoto_tif_2D_ab-crop.png 478w, https:\/\/www.hugorodriguez.com\/blog\/wp-content\/uploads\/2018\/10\/IT8_EGM_AISM_Prophoto_tif_2D_ab-crop-450x95.png 450w, https:\/\/www.hugorodriguez.com\/blog\/wp-content\/uploads\/2018\/10\/IT8_EGM_AISM_Prophoto_tif_2D_ab-crop-80x16.png 80w\" sizes=\"auto, (max-width: 478px) 100vw, 478px\" \/><\/p>\n<div id=\"attachment_6902\" style=\"width: 510px\" class=\"wp-caption aligncenter\"><a href=\"http:\/\/www.hugorodriguez.com\/blog\/wp-content\/uploads\/2018\/10\/IT8_EGM_AISM_Prophoto_tif_3D_diff.png\"><img loading=\"lazy\" decoding=\"async\" aria-describedby=\"caption-attachment-6902\" class=\"wp-image-6902 size-medium\" src=\"http:\/\/www.hugorodriguez.com\/blog\/wp-content\/uploads\/2018\/10\/IT8_EGM_AISM_Prophoto_tif_3D_diff-500x414.png\" alt=\"IT8_EGM_AISM_Prophoto_tif_3D_diff\" width=\"500\" height=\"414\" srcset=\"https:\/\/www.hugorodriguez.com\/blog\/wp-content\/uploads\/2018\/10\/IT8_EGM_AISM_Prophoto_tif_3D_diff-500x414.png 500w, https:\/\/www.hugorodriguez.com\/blog\/wp-content\/uploads\/2018\/10\/IT8_EGM_AISM_Prophoto_tif_3D_diff-450x373.png 450w, https:\/\/www.hugorodriguez.com\/blog\/wp-content\/uploads\/2018\/10\/IT8_EGM_AISM_Prophoto_tif_3D_diff-80x66.png 80w, https:\/\/www.hugorodriguez.com\/blog\/wp-content\/uploads\/2018\/10\/IT8_EGM_AISM_Prophoto_tif_3D_diff-705x583.png 705w, https:\/\/www.hugorodriguez.com\/blog\/wp-content\/uploads\/2018\/10\/IT8_EGM_AISM_Prophoto_tif_3D_diff.png 768w\" sizes=\"auto, (max-width: 500px) 100vw, 500px\" \/><\/a><p id=\"caption-attachment-6902\" class=\"wp-caption-text\">En este otro an\u00e1lisis puede verse en detalle y en 3D la desviaci\u00f3n de color de todos y cada uno de los parches de la carta. A mayor altura, mayor DeltaE.<\/p><\/div>\n<p>De los resultados me sorprendi\u00f3 que el gamut del sensor -que no esperaba que fuera muy superior a sRGB- s\u00ed lo fuera, y adem\u00e1s claramente. Las fotograf\u00edas qu\u00edmicas no tienen una gama de color tan grande como algunos de los sistemas de impresi\u00f3n m\u00e1s punteros (como los plotter de \u00faltima generaci\u00f3n) sino que se quedan en poco m\u00e1s del sRGB.<\/p>\n<div id=\"attachment_6888\" style=\"width: 510px\" class=\"wp-caption aligncenter\"><a href=\"http:\/\/www.hugorodriguez.com\/blog\/wp-content\/uploads\/2018\/10\/Espacio-color-Epson-V-750-AISM-opacos.png\"><img loading=\"lazy\" decoding=\"async\" aria-describedby=\"caption-attachment-6888\" class=\"wp-image-6888 size-medium\" src=\"http:\/\/www.hugorodriguez.com\/blog\/wp-content\/uploads\/2018\/10\/Espacio-color-Epson-V-750-AISM-opacos-500x493.png\" alt=\"Espacio color Epson V-750 AISM opacos\" width=\"500\" height=\"493\" srcset=\"https:\/\/www.hugorodriguez.com\/blog\/wp-content\/uploads\/2018\/10\/Espacio-color-Epson-V-750-AISM-opacos-500x493.png 500w, https:\/\/www.hugorodriguez.com\/blog\/wp-content\/uploads\/2018\/10\/Espacio-color-Epson-V-750-AISM-opacos-450x445.png 450w, https:\/\/www.hugorodriguez.com\/blog\/wp-content\/uploads\/2018\/10\/Espacio-color-Epson-V-750-AISM-opacos-100x100.png 100w, https:\/\/www.hugorodriguez.com\/blog\/wp-content\/uploads\/2018\/10\/Espacio-color-Epson-V-750-AISM-opacos-80x80.png 80w, https:\/\/www.hugorodriguez.com\/blog\/wp-content\/uploads\/2018\/10\/Espacio-color-Epson-V-750-AISM-opacos-36x36.png 36w, https:\/\/www.hugorodriguez.com\/blog\/wp-content\/uploads\/2018\/10\/Espacio-color-Epson-V-750-AISM-opacos.png 655w\" sizes=\"auto, (max-width: 500px) 100vw, 500px\" \/><\/a><p id=\"caption-attachment-6888\" class=\"wp-caption-text\">Espacio de color del esc\u00e1ner (grande) vs sRGB (peque\u00f1o).<\/p><\/div>\n<p>Pero el V-750 est\u00e1 claro que puede escanear copias en papel y diapositivas sin ning\u00fan problema, y tambi\u00e9n copias de plotter con m\u00ednimas p\u00e9rdidas de color. Al menos si lo tienes bien calibrado y usas Silverfast.<\/p>\n<p>Una vez terminados de calibrar todos los dispositivos, y ya de vuelta en Barcelona, he comenzado a elaborar un informe detallado de los trabajos que he realizado en el archivo, detallando que calibraciones se han hecho y qu\u00e9 resultados han dado. En el informe tambi\u00e9n se explica c\u00f3mo puede un investigador comprobar la fidelidad de una imagen en particular cuando acceda al archivo de im\u00e1genes.<\/p>\n<p>&nbsp;<\/p>\n<h3 style=\"text-align: center\">\u00bfGestionas un archivo y necesitas ayuda con la digitalizaci\u00f3n o el color?<\/h3>\n<p>Quiz\u00e1s in interen mis servicios de calibraci\u00f3n de esc\u00e1ner, c\u00e1mara o de asesoramiento de color:<\/p>\n<p><a href=\"http:\/\/www.perfilesdecolor.com\"><img loading=\"lazy\" decoding=\"async\" class=\"aligncenter wp-image-3867 size-full\" src=\"http:\/\/www.hugorodriguez.com\/blog\/wp-content\/uploads\/2016\/11\/Calibrando-la-camara-03_resize.jpg\" alt=\"calibrando la camara 03 reproduccion obras arte\" width=\"600\" height=\"381\" srcset=\"https:\/\/www.hugorodriguez.com\/blog\/wp-content\/uploads\/2016\/11\/Calibrando-la-camara-03_resize.jpg 600w, https:\/\/www.hugorodriguez.com\/blog\/wp-content\/uploads\/2016\/11\/Calibrando-la-camara-03_resize-450x286.jpg 450w, https:\/\/www.hugorodriguez.com\/blog\/wp-content\/uploads\/2016\/11\/Calibrando-la-camara-03_resize-250x158.jpg 250w, https:\/\/www.hugorodriguez.com\/blog\/wp-content\/uploads\/2016\/11\/Calibrando-la-camara-03_resize-500x317.jpg 500w\" sizes=\"auto, (max-width: 600px) 100vw, 600px\" \/><\/a><\/p>\n","protected":false},"excerpt":{"rendered":"<p>En julio\u00a0fui a Menorca a trabajar en el AISM (Arxiu de Imatge y So de Menorca) para hacer una revisi\u00f3n del flujo de trabajo y calibrar diversos dispositivos.\u00a0Uno de los objetivos del AISM es digitalizar fotograf\u00edas antiguas de la isla y mantener el archivo fotogr\u00e1fico m\u00e1s importante de Menorca. El archivo es del Consell insular, [&hellip;]<\/p>\n","protected":false},"author":1,"featured_media":6899,"parent":2652,"menu_order":0,"comment_status":"open","ping_status":"closed","template":"","meta":{"footnotes":""},"class_list":["post-6878","page","type-page","status-publish","has-post-thumbnail","hentry"],"_links":{"self":[{"href":"https:\/\/www.hugorodriguez.com\/blog\/wp-json\/wp\/v2\/pages\/6878","targetHints":{"allow":["GET"]}}],"collection":[{"href":"https:\/\/www.hugorodriguez.com\/blog\/wp-json\/wp\/v2\/pages"}],"about":[{"href":"https:\/\/www.hugorodriguez.com\/blog\/wp-json\/wp\/v2\/types\/page"}],"author":[{"embeddable":true,"href":"https:\/\/www.hugorodriguez.com\/blog\/wp-json\/wp\/v2\/users\/1"}],"replies":[{"embeddable":true,"href":"https:\/\/www.hugorodriguez.com\/blog\/wp-json\/wp\/v2\/comments?post=6878"}],"version-history":[{"count":5,"href":"https:\/\/www.hugorodriguez.com\/blog\/wp-json\/wp\/v2\/pages\/6878\/revisions"}],"predecessor-version":[{"id":7734,"href":"https:\/\/www.hugorodriguez.com\/blog\/wp-json\/wp\/v2\/pages\/6878\/revisions\/7734"}],"up":[{"embeddable":true,"href":"https:\/\/www.hugorodriguez.com\/blog\/wp-json\/wp\/v2\/pages\/2652"}],"wp:featuredmedia":[{"embeddable":true,"href":"https:\/\/www.hugorodriguez.com\/blog\/wp-json\/wp\/v2\/media\/6899"}],"wp:attachment":[{"href":"https:\/\/www.hugorodriguez.com\/blog\/wp-json\/wp\/v2\/media?parent=6878"}],"curies":[{"name":"wp","href":"https:\/\/api.w.org\/{rel}","templated":true}]}}