{"id":3944,"date":"2016-11-30T10:17:15","date_gmt":"2016-11-30T09:17:15","guid":{"rendered":"http:\/\/www.hugorodriguez.com\/blog\/?page_id=3944"},"modified":"2020-01-08T21:00:05","modified_gmt":"2020-01-08T19:00:05","slug":"coleccion-bitpixel","status":"publish","type":"page","link":"https:\/\/www.hugorodriguez.com\/blog\/coleccion-bitpixel\/","title":{"rendered":"COLECCI\u00d3N BIT&#038;P\u00cdXEL"},"content":{"rendered":"<p>Con esta colecci\u00f3n aprender\u00e1s desde los conceptos b\u00e1sicos de la fotograf\u00eda digital hasta c\u00f3mo calibrar tu monitor, c\u00f3mo sacar el mejor partido a tu c\u00e1mara, c\u00f3mo exponer bien en digital, c\u00f3mo revelar RAW, etc. Pero no olvida el ordenador, elemento imprescindible del fot\u00f3grafo digital. Por eso aborda aspectos que otras obras ignoran, aportando soluciones a los principales problemas t\u00e9cnicos que se plantean a todo aqu\u00e9l que quiere saber m\u00e1s sobre fotograf\u00eda digital.<\/p>\n<h2 style=\"text-align: center;\">T\u00edtulos publicados<\/h2>\n<div  class='flex_column av-9bg4p4-e5b66dc8266febdc65aabae2429c136b av_one_third  avia-builder-el-0  el_before_av_one_third  avia-builder-el-first  first flex_column_div  '     ><p><a href=\"http:\/\/www.hugorodriguez.com\/blog\/coleccion-bitpixel\/captura-digital-y-revelado-de-raw-2a-edicion\/\"><img loading=\"lazy\" decoding=\"async\" class=\"aligncenter wp-image-3954 size-full\" src=\"http:\/\/www.hugorodriguez.com\/blog\/wp-content\/uploads\/2016\/11\/Portada-L05-Captura-digital-y-RAW-2a-Ed_315v.jpg\" alt=\"portada captura digital y raw 2a edicion\" width=\"225\" height=\"315\" srcset=\"https:\/\/www.hugorodriguez.com\/blog\/wp-content\/uploads\/2016\/11\/Portada-L05-Captura-digital-y-RAW-2a-Ed_315v.jpg 225w, https:\/\/www.hugorodriguez.com\/blog\/wp-content\/uploads\/2016\/11\/Portada-L05-Captura-digital-y-RAW-2a-Ed_315v-178x250.jpg 178w\" sizes=\"auto, (max-width: 225px) 100vw, 225px\" \/><\/a><\/p><\/div>\n<div  class='flex_column av-7blyug-0963a7e528af73c85d5d6a8107ad94b1 av_one_third  avia-builder-el-1  el_after_av_one_third  el_before_av_one_third  flex_column_div  '     ><p><a href=\"http:\/\/www.hugorodriguez.com\/blog\/calibrar-el-monitor-3a-edicion\/\"><img loading=\"lazy\" decoding=\"async\" class=\"aligncenter wp-image-3951 size-full\" src=\"http:\/\/www.hugorodriguez.com\/blog\/wp-content\/uploads\/2016\/11\/portada_L04_3a_ed_315.jpg\" alt=\"portada calibrar el monitor\" width=\"224\" height=\"315\" srcset=\"https:\/\/www.hugorodriguez.com\/blog\/wp-content\/uploads\/2016\/11\/portada_L04_3a_ed_315.jpg 224w, https:\/\/www.hugorodriguez.com\/blog\/wp-content\/uploads\/2016\/11\/portada_L04_3a_ed_315-177x250.jpg 177w\" sizes=\"auto, (max-width: 224px) 100vw, 224px\" \/><\/a><\/p><\/div>\n<div  class='flex_column av-5xlzgo-abcba4cdbf2231e59a0fc08a55c7ecc6 av_one_third  avia-builder-el-2  el_after_av_one_third  el_before_av_one_half  flex_column_div  '     ><p><a href=\"https:\/\/www.hugorodriguez.com\/blog\/coleccion-bitpixel\/guia-completa-de-la-imagen-digital-5a-edicion\/\"><img loading=\"lazy\" decoding=\"async\" class=\"aligncenter wp-image-13952 size-full\" src=\"https:\/\/www.hugorodriguez.com\/blog\/wp-content\/uploads\/2020\/01\/Portada-L01-5a-edicio-315px-sRGB.jpg\" alt=\"\" width=\"225\" height=\"315\" srcset=\"https:\/\/www.hugorodriguez.com\/blog\/wp-content\/uploads\/2020\/01\/Portada-L01-5a-edicio-315px-sRGB.jpg 225w, https:\/\/www.hugorodriguez.com\/blog\/wp-content\/uploads\/2020\/01\/Portada-L01-5a-edicio-315px-sRGB-57x80.jpg 57w\" sizes=\"auto, (max-width: 225px) 100vw, 225px\" \/><\/a><\/p><\/div>\n<div  class='flex_column av-3n1lag-7a9322649062ab9f0184aa76be8884b0 av_one_half  avia-builder-el-3  el_after_av_one_third  el_before_av_one_half  first flex_column_div  column-top-margin'     ><p><a href=\"http:\/\/www.hugorodriguez.com\/blog\/wp-content\/uploads\/2016\/11\/portada_libro_03.jpg\"><img loading=\"lazy\" decoding=\"async\" class=\"aligncenter size-full wp-image-3953\" src=\"http:\/\/www.hugorodriguez.com\/blog\/wp-content\/uploads\/2016\/11\/portada_libro_03.jpg\" alt=\"portada particiones y backups\" width=\"224\" height=\"315\" srcset=\"https:\/\/www.hugorodriguez.com\/blog\/wp-content\/uploads\/2016\/11\/portada_libro_03.jpg 224w, https:\/\/www.hugorodriguez.com\/blog\/wp-content\/uploads\/2016\/11\/portada_libro_03-177x250.jpg 177w\" sizes=\"auto, (max-width: 224px) 100vw, 224px\" \/><\/a><\/p><\/div>\n<div  class='flex_column av-25jsl4-150477c5806fbcf6ffda152754c04468 av_one_half  avia-builder-el-4  el_after_av_one_half  avia-builder-el-last  flex_column_div  column-top-margin'     ><p><a href=\"http:\/\/www.hugorodriguez.com\/blog\/wp-content\/uploads\/2016\/11\/portada_libro_02.jpg\"><img loading=\"lazy\" decoding=\"async\" class=\"aligncenter size-full wp-image-3952\" src=\"http:\/\/www.hugorodriguez.com\/blog\/wp-content\/uploads\/2016\/11\/portada_libro_02.jpg\" alt=\"portada (re)instalar windows\" width=\"224\" height=\"315\" srcset=\"https:\/\/www.hugorodriguez.com\/blog\/wp-content\/uploads\/2016\/11\/portada_libro_02.jpg 224w, https:\/\/www.hugorodriguez.com\/blog\/wp-content\/uploads\/2016\/11\/portada_libro_02-177x250.jpg 177w\" sizes=\"auto, (max-width: 224px) 100vw, 224px\" \/><\/a><\/p><\/div>\n<p>&nbsp;<\/p>\n<p>&nbsp;<\/p>\n<h2 style=\"text-align: center;\">\u00bfD\u00f3nde se puede comprar?<\/h2>\n<p style=\"text-align: left;\">Puedes comprar cualquiera de los libros, as\u00ed como packs, a trav\u00e9s de internet, mediante una pasarela de pago segura, y en librer\u00edas especializadas, as\u00ed como en las mejores y mas grandes tiendas de fotograf\u00eda.<\/p>\n<p>Puedes pagar usando tu tarjeta de cr\u00e9dito o una cuenta de Paypal. Una vez recibido el pago, en unas 48 horas recibir\u00e1s el libro c\u00f3modamente en casa.<\/p>\n<p>&nbsp;<\/p>\n<h2 style=\"text-align: center;\">\u00bfPor qu\u00e9 estos libros?<\/h2>\n<div id=\"attachment_3947\" style=\"width: 277px\" class=\"wp-caption aligncenter\"><a href=\"http:\/\/www.hugorodriguez.com\/blog\/wp-content\/uploads\/2016\/11\/revisando-pruebas01.jpg\"><img loading=\"lazy\" decoding=\"async\" aria-describedby=\"caption-attachment-3947\" class=\"wp-image-3947 size-full\" src=\"http:\/\/www.hugorodriguez.com\/blog\/wp-content\/uploads\/2016\/11\/revisando-pruebas01.jpg\" alt=\"revisando-pruebas01\" width=\"267\" height=\"400\" srcset=\"https:\/\/www.hugorodriguez.com\/blog\/wp-content\/uploads\/2016\/11\/revisando-pruebas01.jpg 267w, https:\/\/www.hugorodriguez.com\/blog\/wp-content\/uploads\/2016\/11\/revisando-pruebas01-166x250.jpg 166w\" sizes=\"auto, (max-width: 267px) 100vw, 267px\" \/><\/a><p id=\"caption-attachment-3947\" class=\"wp-caption-text\">Aqu\u00ed me veis revisando las pruebas de impresi\u00f3n reci\u00e9n llegadas de la imprenta, con una lupa de precisi\u00f3n.<\/p><\/div>\n<p>Esta colecci\u00f3n tiene una curiosa historia. En 2004 comenc\u00e9 a escribir un libro sobre la captura digital y el formato RAW. Al cabo de unos meses escribiendo me d\u00ed cuenta que dedicaba muchas a explicar temas b\u00e1sicos, como la resoluci\u00f3n, la profundidad de color o la compresi\u00f3n. Esto me obligaba a detener la explicaci\u00f3n principal y desviarme durante unas cuantas p\u00e1ginas para poder explicar cada uno de estos conceptos y poder regresar al tema principal m\u00e1s adelante.<\/p>\n<p>Llegado un momento, me plante\u00e9 una cuesti\u00f3n fundamental: \u00bfqu\u00e9 es mejor? \u00bfescribir un libro de tropecientas p\u00e1ginas, de las cuales un tercio tratan sobre el tema principal y el resto sobre temas b\u00e1sicos que se salen de lo principal o separar los temas en libros distintos?<\/p>\n<p>&nbsp;<\/p>\n<h2 style=\"text-align: center;\">\u00bfPor qu\u00e9 no son libros grandes?<\/h2>\n<p>Escribir un gran libro tiene la ventaja de que puede reunir mucha informaci\u00f3n pero, en cambio, tiene varias desventajas:<\/p>\n<ul>\n<li>Est\u00e1 demostrado con estudios llevados a cabo por editoriales que <strong>el comprador rara vez se lee entero un libro de este tipo<\/strong>. \u00bfTe has le\u00eddo todos los que tienes?<\/li>\n<li><strong>Desperdicia muchas p\u00e1ginas en explicar conceptos b\u00e1sicos<\/strong>. Esos que quiz\u00e1s ya conoces y estas un poco cansado de ver en todos los libros.<\/li>\n<li><strong>El contenido interesante<\/strong> (el que anuncia el t\u00edtulo) <strong>empieza muy hacia el final del libro<\/strong>. Precisamente por culpa del punto anterior.<\/li>\n<li><strong>No suele profundizar lo suficiente en los temas<\/strong>, precisamente porque durante la creaci\u00f3n hay que estar constantemente pendiente de que no aumente mucho el n\u00famero de p\u00e1ginas (por culpa de los puntos anteriores).<\/li>\n<li>Para ser un libro eminentemente pr\u00e1ctico de consulta frente al ordenador, <strong>es inc\u00f3modo de manejar, por lo grande y grueso<\/strong>.<\/li>\n<li>Es <strong>pesado e inc\u00f3modo para leer en cualquier lugar<\/strong> (bus, metro&#8230;).<\/li>\n<li>Es <strong>m\u00e1s caro<\/strong>.<\/li>\n<li>Es <strong>m\u00e1s dif\u00edcil de actualizar<\/strong>.<\/li>\n<\/ul>\n<div id=\"attachment_3946\" style=\"width: 277px\" class=\"wp-caption aligncenter\"><a href=\"http:\/\/www.hugorodriguez.com\/blog\/wp-content\/uploads\/2016\/11\/presentacion-libros-123-iefc.jpg\"><img loading=\"lazy\" decoding=\"async\" aria-describedby=\"caption-attachment-3946\" class=\"size-full wp-image-3946\" src=\"http:\/\/www.hugorodriguez.com\/blog\/wp-content\/uploads\/2016\/11\/presentacion-libros-123-iefc.jpg\" alt=\"Albert Mas\u00f3 y yo en la presentaci\u00f3n de los tres primeros libros de la colecci\u00f3n. (junio de 2005) Foto: Berta Obiols.\" width=\"267\" height=\"200\" srcset=\"https:\/\/www.hugorodriguez.com\/blog\/wp-content\/uploads\/2016\/11\/presentacion-libros-123-iefc.jpg 267w, https:\/\/www.hugorodriguez.com\/blog\/wp-content\/uploads\/2016\/11\/presentacion-libros-123-iefc-250x187.jpg 250w\" sizes=\"auto, (max-width: 267px) 100vw, 267px\" \/><\/a><p id=\"caption-attachment-3946\" class=\"wp-caption-text\">Albert Mas\u00f3 y yo en la presentaci\u00f3n de los tres primeros libros de la colecci\u00f3n.<br \/>(junio de 2005) Foto: Berta Obiols.<\/p><\/div>\n<p>En cambio, segmentar la informaci\u00f3n y hacer peque\u00f1os libros tiene muchas ventajas:<\/p>\n<ul>\n<li>Al ser peque\u00f1o <strong>es un libro que apetece leer<\/strong>. A algunas grandes editoriales les da igual si el lector se lee el libro o no; lo importante es que lo compre. <strong>Para mi lo principal es que el comprador disfrute ley\u00e9ndoselo entero y aprenda todo lo posible<\/strong>.<\/li>\n<li><strong>Frente al ordenador es muy manejable<\/strong>.<\/li>\n<li>Es <strong>c\u00f3modo de llevar y leer en cualquier lugar<\/strong> (bus, metro&#8230;). Y eso sin contar cu\u00e1nto lo agradecer\u00e1 tu espalda&#8230;<\/li>\n<li><strong>No desperdicia p\u00e1ginas en temas b\u00e1sicos<\/strong> (precisamente porque para eso ya esta el primer t\u00edtulo de la colecci\u00f3n, que trata en exclusiva esos temas).<\/li>\n<li><strong>El contenido interesante empieza ya en las primeras p\u00e1ginas<\/strong> (gracias a no tener que desperdiciar nada en los temas b\u00e1sicos).<\/li>\n<li><strong>Profundiza m\u00e1s en los temas<\/strong>, al no tener el problema de tener que contener constantemente el n\u00famero de p\u00e1ginas en su creaci\u00f3n (por culpa de dedicar muchas p\u00e1ginas a explicar lo b\u00e1sico).<\/li>\n<li><strong>Maquetaci\u00f3n m\u00e1s sencilla<\/strong>, lo que facilita leerlo sin interrupciones, porque la maquetaci\u00f3n es, sencillamente, lineal. Tan simple como que s\u00f3lo hay una columna y <strong>la imagen ilustrativa siempre est\u00e1 despu\u00e9s del p\u00e1rrafo que la menciona<\/strong>. Se acab\u00f3 tener que buscar la fig. 3.17.1 varias p\u00e1ginas m\u00e1s adelante o m\u00e1s atr\u00e1s.<\/li>\n<li>Es <strong>barato<\/strong>.<\/li>\n<li>Es <strong>m\u00e1s f\u00e1cil de actualizar<\/strong>.<\/li>\n<li><strong>Encaja mejor con el formato eBook<\/strong> (algo que tengo previsto realizar en un futuro cercano), al tener un tama\u00f1o similar al de las pantallas de los lectores de libros electr\u00f3nicos, especialmente la del iPad.<\/li>\n<\/ul>\n<h2><\/h2>\n<h2 style=\"text-align: center;\">\u00bfQu\u00e9 tiene de especial esta colecci\u00f3n?<\/h2>\n<p>Adem\u00e1s, en el caso de esta colecci\u00f3n, he tratado de aportar ventajas adicionales:<\/p>\n<ul>\n<li><strong>Control total<\/strong> del proceso de creaci\u00f3n: gracias al buen entendimiento con la editorial Marcombo, accedieron a dejar que yo me encargase de TODOS los aspectos de su creaci\u00f3n: dise\u00f1o de plantilla, portada, maquetaci\u00f3n, calidad de impresi\u00f3n&#8230;<\/li>\n<li>El dise\u00f1o de los libros se ha hecho con <strong>un objetivo principal: que los libros sean muy f\u00e1ciles y amenos de leer<\/strong>. Por ejemplo, usando una tipograf\u00eda moderna y de f\u00e1cil lectura, m\u00e1rgenes amplios para poder sujetar el libro tanto por los lados como por abajo sin que los dedos tapen el texto, ausencia de \u00ab&#8230;.\u00bb en las p\u00e1ginas de sumario e \u00edindice de contenidos, para conseguir una vista m\u00e1s limpia, exenta de elementos superfluos, etc&#8230;<\/li>\n<li><strong>Efecto lupa<\/strong>: todas las capturas de pantalla han sido preparadas para que el texto de los botones o men\u00fas tenga el mismo tama\u00f1o que el texto principal. Olv\u00eddate de la lupa para tener que averiguar qu\u00e9 dice aqu\u00e9l men\u00fa o ese texto de all\u00e1.<\/li>\n<li><strong>Gr\u00e1ficos de alta calidad<\/strong>: todos los gr\u00e1ficos y esquemas son de factura propia, no han sido copiados de ning\u00fan sitio. Adem\u00e1s, han sido creados usando datos reales (normalmente se construyen gr\u00e1ficos ficticios muy acentuados que permitan apreciar las diferencias, pero no el hacerse una idea clara de las magnitudes reales) y dise\u00f1ados teniendo en mente el tama\u00f1o final al que deb\u00edan de aparecer, sin estar supeditados al tama\u00f1o de maqueta.<\/li>\n<li><strong>Bajo \u00edndice de errores<\/strong>: Todos los libros han sido revisados por correctores especializados con amplios conocimientos de fotograf\u00eda. Principalmente, por <a href=\"http:\/\/www.albertmaso.com\" target=\"_blank\" rel=\"noopener\">Albert Mas\u00f3<\/a>, fot\u00f3grafo asesor de National Geographic, con ampl\u00edsima experiencia escribiendo (cerca de 200 art\u00edculos y varios libros). <strong>Captura digital y revelado de RAW<\/strong>, por ejemplo, fu\u00e9 revisado por 6 fot\u00f3grafos de perfil comprendido entre el profesional y el aficionado avanzado. Adem\u00e1s, todos los datos num\u00e9ricos han sido comprobados personalmente para asegurar su veracidad.<\/li>\n<li><strong>Impresi\u00f3n de alta calidad<\/strong>: Escatimar gastos en la imprenta con un producto de alta calidad en el que se han invertido cientos de horas (de hecho, probablemente sean entre uno y dos millares), ser\u00eda un error. Por eso, se ha confiado en RGM gr\u00e1ficas, una imprenta de Bilbao que tiene la certificaci\u00f3n ISO 12.647 Fogra 39L (la \u00faltima disponible), con el fin de garantizar que la calidad de impresi\u00f3n es razonablemente alta que, sin llegar a la que tienen los mejores libros de arte, es claramente superior a la de muchos otros libros de t\u00e9cnica fotogr\u00e1fica.<\/li>\n<li><strong>Maquetaci\u00f3n propia<\/strong>: quiz\u00e1s esto sea lo m\u00e1s particular de estos libros. La maquetaci\u00f3n de los mismos la he llevado a cabo yo mismo siguiendo las reglas establecidas por el estudio de dise\u00f1o La japonesa, lo que me ha permitido conseguir mayor calidad en las im\u00e1genes, al evitar un recurso habitual de los maquetistas: ir ajustando el tama\u00f1o de las im\u00e1genes en funci\u00f3n del espacio disponible en cada p\u00e1gina, lo que sacrifica la visibilidad de la imagen y el poder apreciar sus detalles. S\u00f3lo el propio autor sabe si la imagen se puede reducir, ampliar o recortar o si es preferible no tocarla y cambiar el texto, \u00bfno?.<\/li>\n<\/ul>\n<div id=\"attachment_3945\" style=\"width: 277px\" class=\"wp-caption aligncenter\"><a href=\"http:\/\/www.hugorodriguez.com\/blog\/wp-content\/uploads\/2016\/11\/presentacion-libro-4.jpg\"><img loading=\"lazy\" decoding=\"async\" aria-describedby=\"caption-attachment-3945\" class=\"size-full wp-image-3945\" src=\"http:\/\/www.hugorodriguez.com\/blog\/wp-content\/uploads\/2016\/11\/presentacion-libro-4.jpg\" alt=\"De nuevo, Albert Mas\u00f3 y yo en la presentaci\u00f3n del cuarto libro: Calibrar el monitor. (diciembre de 2006) Foto: Miquel Gonz\u00e1lez.\" width=\"267\" height=\"178\" srcset=\"https:\/\/www.hugorodriguez.com\/blog\/wp-content\/uploads\/2016\/11\/presentacion-libro-4.jpg 267w, https:\/\/www.hugorodriguez.com\/blog\/wp-content\/uploads\/2016\/11\/presentacion-libro-4-250x166.jpg 250w\" sizes=\"auto, (max-width: 267px) 100vw, 267px\" \/><\/a><p id=\"caption-attachment-3945\" class=\"wp-caption-text\">De nuevo, Albert Mas\u00f3 y yo en la presentaci\u00f3n del cuarto libro: Calibrar el monitor.<br \/>(diciembre de 2006) Foto: Miquel Gonz\u00e1lez.<\/p><\/div>\n<p><strong>Pero, \u00bfy las desventajas? \u00bfacaso no tiene?<\/strong> En mi caso particular, la desventaja ha significado tener que esperar unos cuantos a\u00f1os hasta poder lanzar el libro que inicialmente quer\u00eda escribir: <strong>Captura digital y revelado de RAW<\/strong>. Para ello, antes he necesitado publicar cuatro, que incluyen dos fundamentales: uno sobre los <strong>Conceptos b\u00e1sicos de la imagen digital<\/strong> y otro sobre la <strong>Calibraci\u00f3n del monitor<\/strong> (para revelar un RAW adecuadamente es imprescindible tener calibrado el monitor, \u00bfno?).<\/p>\n<p>Pero ahora, por fin, 7 a\u00f1os despu\u00e9s, he podido terminar el libro m\u00e1s importante de la colecci\u00f3n, culpable -de hecho- del nacimiento de la misma.<\/p>\n<p>En <strong>Captura digital y revelado de RAW<\/strong> hago multitud de referencias a los otros libros de la colecci\u00f3n al tocar temas b\u00e1sicos, y gracias a no tener que dedicar ni una sola p\u00e1gina a explicarlos, he podido profundizar bastante m\u00e1s, y todo ello manteniendo un tama\u00f1o peque\u00f1o y m\u00e1s f\u00e1cil de leer gracias a la maquetaci\u00f3n lineal. Y encima, mucho m\u00e1s barato.<\/p>\n<p>&nbsp;<\/p>\n<h2 style=\"text-align: center;\">Agradecimientos<\/h2>\n<p>Quiero aprovechar para dar las gracias a los laboratorios <a href=\"http:\/\/www.egm.es\/\" target=\"_blank\" rel=\"noopener\">EGM <\/a>y su gerente Enric Galve, que amablemente me ha dejado usar sus sofisticados equipos para poder crear el perfil de color de la imprenta, que se utiliz\u00f3 en las primeras tiradas (hasta que con la 2\u00aa edici\u00f3n del primer libro, obtuvieron la certificaci\u00f3n ISO).<br \/>\nTambi\u00e9n he de agradecer al equipo de <a href=\"http:\/\/www.casanovafoto.com\/\" target=\"_blank\" rel=\"noopener\">Casanova<\/a> y, en especial, a Cesc y Eduard por los escaneos con el impresionante Imacon 848, que me han permitido comparar la pel\u00edcula con el digital y extraer valiosa informaci\u00f3n para poder aportarla luego en el primer libro.<\/p>\n<p>No pod\u00eda olvidarme de la ayuda inestimable de mi buen amigo <a href=\"http:\/\/www.albertmaso.com\" target=\"_blank\" rel=\"noopener\">Albert Mas\u00f3<\/a> y toda la ayuda brindada para comenzar este proyecto de gran envergadura y sus correcciones de gran calidad. Sin \u00e9l, me hubiera sido mucho m\u00e1s dif\u00edcil llevar esto adelante, y los libros estar\u00edan plagados de erratas.<\/p>\n","protected":false},"excerpt":{"rendered":"<p>Con esta colecci\u00f3n aprender\u00e1s desde los conceptos b\u00e1sicos de la fotograf\u00eda digital hasta c\u00f3mo calibrar tu monitor, c\u00f3mo sacar el mejor partido a tu c\u00e1mara, c\u00f3mo exponer bien en digital, c\u00f3mo revelar RAW, etc. Pero no olvida el ordenador, elemento imprescindible del fot\u00f3grafo digital. Por eso aborda aspectos que otras obras ignoran, aportando soluciones a [&hellip;]<\/p>\n","protected":false},"author":1,"featured_media":0,"parent":0,"menu_order":0,"comment_status":"open","ping_status":"closed","template":"","meta":{"footnotes":""},"class_list":["post-3944","page","type-page","status-publish","hentry"],"_links":{"self":[{"href":"https:\/\/www.hugorodriguez.com\/blog\/wp-json\/wp\/v2\/pages\/3944","targetHints":{"allow":["GET"]}}],"collection":[{"href":"https:\/\/www.hugorodriguez.com\/blog\/wp-json\/wp\/v2\/pages"}],"about":[{"href":"https:\/\/www.hugorodriguez.com\/blog\/wp-json\/wp\/v2\/types\/page"}],"author":[{"embeddable":true,"href":"https:\/\/www.hugorodriguez.com\/blog\/wp-json\/wp\/v2\/users\/1"}],"replies":[{"embeddable":true,"href":"https:\/\/www.hugorodriguez.com\/blog\/wp-json\/wp\/v2\/comments?post=3944"}],"version-history":[{"count":5,"href":"https:\/\/www.hugorodriguez.com\/blog\/wp-json\/wp\/v2\/pages\/3944\/revisions"}],"predecessor-version":[{"id":3970,"href":"https:\/\/www.hugorodriguez.com\/blog\/wp-json\/wp\/v2\/pages\/3944\/revisions\/3970"}],"wp:attachment":[{"href":"https:\/\/www.hugorodriguez.com\/blog\/wp-json\/wp\/v2\/media?parent=3944"}],"curies":[{"name":"wp","href":"https:\/\/api.w.org\/{rel}","templated":true}]}}