{"id":2464,"date":"2015-05-11T21:44:32","date_gmt":"2015-05-11T20:44:32","guid":{"rendered":"http:\/\/www.hugorodriguez.com\/blog\/?page_id=2464"},"modified":"2019-04-02T12:54:43","modified_gmt":"2019-04-02T10:54:43","slug":"calibracion-integral-fotografia-dental","status":"publish","type":"page","link":"https:\/\/www.hugorodriguez.com\/blog\/servicios-de-gestion-de-color\/calibracion-integral-fotografia-dental\/","title":{"rendered":"Calibraci\u00f3n integral fotograf\u00eda dental"},"content":{"rendered":"<h3>Si eres un profesional de la odontolog\u00eda y necesitas una gran fidelidad de color para tus trabajos, creo que te interesa este servicio&#8230;<\/h3>\n<p><img loading=\"lazy\" decoding=\"async\" class=\"aligncenter size-full wp-image-2275\" src=\"http:\/\/www.hugorodriguez.com\/blog\/wp-content\/uploads\/2015\/02\/Fotografia-de-piezas-y-muestra-dental.jpg\" alt=\"Fotografia de piezas y muestra dental\" width=\"800\" height=\"469\" srcset=\"https:\/\/www.hugorodriguez.com\/blog\/wp-content\/uploads\/2015\/02\/Fotografia-de-piezas-y-muestra-dental.jpg 800w, https:\/\/www.hugorodriguez.com\/blog\/wp-content\/uploads\/2015\/02\/Fotografia-de-piezas-y-muestra-dental-450x264.jpg 450w, https:\/\/www.hugorodriguez.com\/blog\/wp-content\/uploads\/2015\/02\/Fotografia-de-piezas-y-muestra-dental-500x293.jpg 500w, https:\/\/www.hugorodriguez.com\/blog\/wp-content\/uploads\/2015\/02\/Fotografia-de-piezas-y-muestra-dental-705x413.jpg 705w\" sizes=\"auto, (max-width: 800px) 100vw, 800px\" \/>FOTO: \u00a9 Doctora Rosa Pulgar Encinas<\/p>\n<h2 style=\"text-align: center;\">\u00bfPara qu\u00e9 sirve?<\/h2>\n<p>Gracias a\u00a0esta calibraci\u00f3n conseguir\u00e1s capturar el color de las piezas dentales en tus fotograf\u00edas con gran fidelidad de color, facilitando el trabajo al prot\u00e9sico para que pueda crear las nuevas piezas con un color exactamente igual al original.<\/p>\n<p>&nbsp;<\/p>\n<h2 style=\"text-align: center;\">\u00bfSe nota la diferencia?<\/h2>\n<p>\u00a1Y tanto! Como suele decirse, una imagen vale m\u00e1s que mil palabras.<\/p>\n<p>Gracias a que las c\u00e1maras modernas pueden tomar las fotos en un formato llamado RAW, que almacena toda la informaci\u00f3n captada por el sensor con la m\u00e1xima calidad, y a que es posible capturar simult\u00e1neamente (incluso el mismo disparo) en JPEG y en RAW, se puede ver una comparaci\u00f3n directa entre ambos formatos.<\/p>\n<p>Por otra parte, el formato RAW es como un \u00abnegativo digital\u00bb que debe \u00abrevelarse\u00bb en el ordenador para extraerle todo el jugo. Para ello pueden usarse programas gen\u00e9ricos (como el propio de la c\u00e1mara), pero para conseguir una fidelidad de color realmente alta es recomendable\u00a0usar programas de categor\u00eda profesional, como CaptureOne. Este ejemplo\u00a0muestra la diferencia entre la captura directa en JPEG en c\u00e1mara, la foto revelada\u00a0con Photoshop\u00a0y la misma foto procesada con una calibraci\u00f3n a la medida (en Capture One).<\/p>\n<p>En ning\u00fan\u00a0caso se ha retocado intencionadamente la imagen para que una parezca peor o la otra mejor.\u00a0El \u00fanico cambio es la calibraci\u00f3n; los ajustes con id\u00e9nticos.<\/p>\n<div  class='tabcontainer av-m7t4ts-61c49de6f1da23312a681662c3c90043 top_tab  avia-builder-el-0  el_before_av_button  avia-builder-el-first '>\n<section class='av_tab_section av_tab_section av-k1kk80-40604aea996eab32bae7700f2789954b'  itemscope=\"itemscope\" itemtype=\"https:\/\/schema.org\/CreativeWork\" ><div id='tab-id-1-tab' class='tab' role='tab' aria-selected=\"false\" tabindex=\"0\" data-fake-id='#tab-id-1' aria-controls='tab-id-1-content'  itemprop=\"headline\" >JPEG directo c\u00e1mara<\/div><div id='tab-id-1-content' class='tab_content' role='tabpanel' aria-labelledby='tab-id-1-tab' aria-hidden=\"true\"><div class='tab_inner_content invers-color'  itemprop=\"text\" ><p><img loading=\"lazy\" decoding=\"async\" class=\"aligncenter wp-image-2280\" src=\"http:\/\/www.hugorodriguez.com\/blog\/wp-content\/uploads\/2015\/02\/Canon-700D-JPG.jpg\" alt=\"Foto dental 700D - Dentadura - JPG directo\" width=\"600\" height=\"351\" srcset=\"https:\/\/www.hugorodriguez.com\/blog\/wp-content\/uploads\/2015\/02\/Canon-700D-JPG.jpg 800w, https:\/\/www.hugorodriguez.com\/blog\/wp-content\/uploads\/2015\/02\/Canon-700D-JPG-450x263.jpg 450w, https:\/\/www.hugorodriguez.com\/blog\/wp-content\/uploads\/2015\/02\/Canon-700D-JPG-500x292.jpg 500w, https:\/\/www.hugorodriguez.com\/blog\/wp-content\/uploads\/2015\/02\/Canon-700D-JPG-705x412.jpg 705w\" sizes=\"auto, (max-width: 600px) 100vw, 600px\" \/><\/p>\n<p>Respuesta de color del JPEG directo de c\u00e1mara &#8211; \u00a9 Doctora Rosa Pulgar Encinas<\/p>\n<\/div><\/div><\/section>\n<section class='av_tab_section av_tab_section av-iq98s0-c846900cff87dec37e1dffd0822c5ff3'  itemscope=\"itemscope\" itemtype=\"https:\/\/schema.org\/CreativeWork\" ><div id='tab-id-2-tab' class='tab' role='tab' aria-selected=\"false\" tabindex=\"0\" data-fake-id='#tab-id-2' aria-controls='tab-id-2-content'  itemprop=\"headline\" >Revelado RAW est\u00e1ndar<\/div><div id='tab-id-2-content' class='tab_content' role='tabpanel' aria-labelledby='tab-id-2-tab' aria-hidden=\"true\"><div class='tab_inner_content invers-color'  itemprop=\"text\" ><p><img loading=\"lazy\" decoding=\"async\" class=\"aligncenter wp-image-2284\" src=\"http:\/\/www.hugorodriguez.com\/blog\/wp-content\/uploads\/2015\/02\/Canon-700D-ACR.jpg\" alt=\"Dentadura 700D - revelado RAW est\u00e1ndar\" width=\"600\" height=\"351\" srcset=\"https:\/\/www.hugorodriguez.com\/blog\/wp-content\/uploads\/2015\/02\/Canon-700D-ACR.jpg 800w, https:\/\/www.hugorodriguez.com\/blog\/wp-content\/uploads\/2015\/02\/Canon-700D-ACR-450x263.jpg 450w, https:\/\/www.hugorodriguez.com\/blog\/wp-content\/uploads\/2015\/02\/Canon-700D-ACR-500x292.jpg 500w, https:\/\/www.hugorodriguez.com\/blog\/wp-content\/uploads\/2015\/02\/Canon-700D-ACR-705x412.jpg 705w\" sizes=\"auto, (max-width: 600px) 100vw, 600px\" \/><\/p>\n<p>Respuesta de color por defecto en Camera RAW CC \/ Lightroom 5\u00a0&#8211; \u00a9 Doctora Rosa Pulgar Encinas<\/p>\n<\/div><\/div><\/section>\n<section class='av_tab_section av_tab_section av-gy82o0-2dfecd2551decb5b068da1d16caccb8d'  itemscope=\"itemscope\" itemtype=\"https:\/\/schema.org\/CreativeWork\" ><div id='tab-id-3-tab' class='tab active_tab' role='tab' aria-selected=\"true\" tabindex=\"0\" data-fake-id='#tab-id-3' aria-controls='tab-id-3-content'  itemprop=\"headline\" >C\u00e1mara calibrada<\/div><div id='tab-id-3-content' class='tab_content active_tab_content' role='tabpanel' aria-labelledby='tab-id-3-tab' aria-hidden=\"false\"><div class='tab_inner_content invers-color'  itemprop=\"text\" ><p><img loading=\"lazy\" decoding=\"async\" class=\"aligncenter wp-image-2279\" src=\"http:\/\/www.hugorodriguez.com\/blog\/wp-content\/uploads\/2015\/02\/Canon-700D-C1v7-CALIBRADO.jpg\" alt=\"Dentadura - Canon 700D CaptureOne v7 calibrada\" width=\"600\" height=\"351\" srcset=\"https:\/\/www.hugorodriguez.com\/blog\/wp-content\/uploads\/2015\/02\/Canon-700D-C1v7-CALIBRADO.jpg 800w, https:\/\/www.hugorodriguez.com\/blog\/wp-content\/uploads\/2015\/02\/Canon-700D-C1v7-CALIBRADO-450x263.jpg 450w, https:\/\/www.hugorodriguez.com\/blog\/wp-content\/uploads\/2015\/02\/Canon-700D-C1v7-CALIBRADO-500x292.jpg 500w, https:\/\/www.hugorodriguez.com\/blog\/wp-content\/uploads\/2015\/02\/Canon-700D-C1v7-CALIBRADO-705x412.jpg 705w\" sizes=\"auto, (max-width: 600px) 100vw, 600px\" \/><\/p>\n<p>Respuesta de color una vez calibrada\u00a0&#8211; \u00a9 Doctora Rosa Pulgar Encinas<\/p>\n<\/div><\/div><\/section>\n<\/div>\n<p>&nbsp;<\/p>\n<h2 style=\"text-align: center;\">\u00bfEn qu\u00e9 consiste?<\/h2>\n<p>Lo que se hace con este proceso es fotografiar una carta de color especial en unas condiciones muy controladas, para poder registrar y analizar con gran precisi\u00f3n la respuesta de la c\u00e1mara a los diferentes colores. Solo as\u00ed se puede crear una correcci\u00f3n a la medida para ella.<\/p>\n<p><img loading=\"lazy\" decoding=\"async\" class=\"aligncenter wp-image-2259\" src=\"http:\/\/www.hugorodriguez.com\/blog\/wp-content\/uploads\/2015\/02\/Polar-eyes-05-C1v7.jpg\" alt=\"\" width=\"600\" height=\"400\" srcset=\"https:\/\/www.hugorodriguez.com\/blog\/wp-content\/uploads\/2015\/02\/Polar-eyes-05-C1v7.jpg 800w, https:\/\/www.hugorodriguez.com\/blog\/wp-content\/uploads\/2015\/02\/Polar-eyes-05-C1v7-450x300.jpg 450w, https:\/\/www.hugorodriguez.com\/blog\/wp-content\/uploads\/2015\/02\/Polar-eyes-05-C1v7-500x333.jpg 500w, https:\/\/www.hugorodriguez.com\/blog\/wp-content\/uploads\/2015\/02\/Polar-eyes-05-C1v7-705x469.jpg 705w\" sizes=\"auto, (max-width: 600px) 100vw, 600px\" \/><\/p>\n<p>Posteriormente se genera un ajuste personalizado para tu c\u00e1mara para usarlo con el software que uses para procesar tus fotos. Con \u00e9l conseguir\u00e1s una fidelidad de color muy alta; muy superior a la que se consigue de serie.<\/p>\n<p>&nbsp;<\/p>\n<h2 style=\"text-align: center;\">\u00bfQu\u00e9\u00a0incluye?<\/h2>\n<p>El servicio incluye lo siguiente:<\/p>\n<ul>\n<li>Asesoramiento en caso de tener que comprar equipo fotogr\u00e1fico.<\/li>\n<li>Calibraci\u00f3n de la c\u00e1mara para captura en RAW, usando carta de color de precisi\u00f3n IT8.<\/li>\n<li>Compatible con luz de doble polarizaci\u00f3n (tipo Polar Eyes).<\/li>\n<li>Certificado de fidelidad de color conseguida.<\/li>\n<li>Instalaci\u00f3n y configuraci\u00f3n de CaptureOne 8 o CameraRAW (con Photoshop)*.<\/li>\n<li>Configuraci\u00f3n de un sistema de disparo r\u00e1pido\u00a0<em>tethered<\/em> (con cable)**.<\/li>\n<li>Ajuste completo del equipo para \u00f3ptima calidad y productividad (c\u00e1mara &amp;\u00a0flash)***.<\/li>\n<li>Instrucciones resumidas de disparo en PDF para consulta r\u00e1pida.<\/li>\n<li>4h de asesoramiento telef\u00f3nico\/videoconferencia posterior a la calibraci\u00f3n.<\/li>\n<\/ul>\n<p>*: La instalaci\u00f3n es remota (via Internet). En caso de preferir presencial, consultar. No incluye la licencia.<br \/>\n**: Consultar compatibilidad.<br \/>\n***: El ajuste se hace cuando el cliente env\u00eda el equipo para calibrar. Se devuelve ajustado.\u00a0En caso de preferir presencial,\u00a0consultar.<\/p>\n<p>&nbsp;<\/p>\n<div  class='avia-button-wrap av-1idcv4-7a6df0a8fa1ab452ba8e5d2f26556a14-wrap avia-button-center  avia-builder-el-1  el_after_av_tab_container  el_before_av_toggle_container '><a href='https:\/\/www.hugorodriguez.com\/blog\/servicios-de-gestion-de-color\/calibracion-integral-fotografia-dental\/solicitud-de-calibracion-dental\/'  class='avia-button av-1idcv4-7a6df0a8fa1ab452ba8e5d2f26556a14 av-link-btn avia-icon_select-no avia-size-large avia-position-center avia-color-orange'   aria-label=\"SOLICITAR CALIBRACI\u00d3N\"><span class='avia_iconbox_title' >SOLICITAR CALIBRACI\u00d3N<\/span><\/a><\/div>\n<p>&nbsp;<\/p>\n<div  class='togglecontainer av-dombjk-223efe1de91a11a5d19a054c9b36bd99  avia-builder-el-2  el_after_av_button  el_before_av_hr  toggle_close_all' >\n<section class='av_toggle_section av-cn7vbk-ab2b67fb2c59f93e37caf31bd37122a4'  itemscope=\"itemscope\" itemtype=\"https:\/\/schema.org\/CreativeWork\" ><div role=\"tablist\" class=\"single_toggle\" data-tags=\"{Todo} \"  ><p id='toggle-toggle-id-1' data-fake-id='#toggle-id-1' class='toggler  av-title-above '  itemprop=\"headline\"  role='tab' tabindex='0' aria-controls='toggle-id-1' data-slide-speed=\"200\" data-title=\"\u00bfQU\u00c9 NECESITO PARA SOLICITARLO?\" data-title-open=\"\" data-aria_collapsed=\"Click to expand: \u00bfQU\u00c9 NECESITO PARA SOLICITARLO?\" data-aria_expanded=\"Click to collapse: \u00bfQU\u00c9 NECESITO PARA SOLICITARLO?\">\u00bfQU\u00c9 NECESITO PARA SOLICITARLO?<span class=\"toggle_icon\"><span class=\"vert_icon\"><\/span><span class=\"hor_icon\"><\/span><\/span><\/p><div id='toggle-id-1' aria-labelledby='toggle-toggle-id-1' role='region' class='toggle_wrap  av-title-above'  ><div class='toggle_content invers-color '  itemprop=\"text\" ><p>Es bien sencillo: basta con que me indiques qu\u00e9 equipo fotogr\u00e1fico\u00a0tienes y nos ponemos manos a la obra. Luego basta con que me env\u00edes -v\u00eda transportista y convenientemente protegida- tu c\u00e1mara para que yo pueda calibrar el equipo\u00a0en mi estudio. Eso s\u00ed, has de tener en cuenta lo siguiente:<\/p>\n<ul>\n<li>Necesitare que\u00a0<strong>me mandes el cuerpo de c\u00e1mara con la \u00f3ptica que usas (que supongo ser\u00e1 para fotograf\u00eda macro)<\/strong>.<\/li>\n<li>Deber\u00e1s incluir tambi\u00e9n los <strong>flashes<\/strong>, los <strong>filtros polarizadores y placas grises<\/strong> para colocar sobre la lengua.<\/li>\n<li><strong>No olvides<\/strong>, eso s\u00ed,\u00a0<strong>incluir la bater\u00eda y el cargador<\/strong> (si es el Nikon MH-25 no hace falta que lo incluyas). Tambi\u00e9n puedes incluir el muestrario de piezas si quieres que haga una comprobaci\u00f3n.<\/li>\n<\/ul>\n<p>Aunque tratar\u00e9 la c\u00e1mara con la m\u00e1xima delicadeza, el env\u00edo del cuerpo y la responsabilidad del correcto embalado correr\u00e1 de tu cuenta. Para la devoluci\u00f3n, utilizar\u00e9 el mismo embalaje en el que reciba la c\u00e1mara, salvo que la calidad del mismo sea insuficiente. Recomiendo solicitar un seguro durante el env\u00edo para evitar posibles sustos a posteriori, y recomiendo usar las propia caja original de la c\u00e1mara, envuelta de burbujas, dentro de una caja de cart\u00f3n suficientemente resistente.<\/p>\n<\/div><\/div><\/div><\/section>\n<section class='av_toggle_section av-b2wh7k-e0be7710a56a381b1a165122099ac1fd'  itemscope=\"itemscope\" itemtype=\"https:\/\/schema.org\/CreativeWork\" ><div role=\"tablist\" class=\"single_toggle\" data-tags=\"{Todo} \"  ><p id='toggle-toggle-id-2' data-fake-id='#toggle-id-2' class='toggler  av-title-above '  itemprop=\"headline\"  role='tab' tabindex='0' aria-controls='toggle-id-2' data-slide-speed=\"200\" data-title=\"\u00bfRECIBIR\u00c9 INFORMACI\u00d3N DETALLADA SOBRE LA CALIDAD DE MI C\u00c1MARA?\" data-title-open=\"\" data-aria_collapsed=\"Click to expand: \u00bfRECIBIR\u00c9 INFORMACI\u00d3N DETALLADA SOBRE LA CALIDAD DE MI C\u00c1MARA?\" data-aria_expanded=\"Click to collapse: \u00bfRECIBIR\u00c9 INFORMACI\u00d3N DETALLADA SOBRE LA CALIDAD DE MI C\u00c1MARA?\">\u00bfRECIBIR\u00c9 INFORMACI\u00d3N DETALLADA SOBRE LA CALIDAD DE MI C\u00c1MARA?<span class=\"toggle_icon\"><span class=\"vert_icon\"><\/span><span class=\"hor_icon\"><\/span><\/span><\/p><div id='toggle-id-2' aria-labelledby='toggle-toggle-id-2' role='region' class='toggle_wrap  av-title-above'  ><div class='toggle_content invers-color '  itemprop=\"text\" ><p>Por supuesto. Una vez tenga\u00a0la c\u00e1mara analizar\u00e9 la\u00a0fidelidad de la respuesta crom\u00e1tica despu\u00e9s de la calibrada, y podr\u00e1s ver qu\u00e9 gama de color tiene y ver en un gr\u00e1fico parecido\u00a0\u00e9ste la fidelidad de la reproducci\u00f3n (alli aparece explicado c\u00f3mo se interpreta este gr\u00e1fico):<\/p>\n<p><a href=\"http:\/\/www.hugorodriguez.com\/blog\/wp-content\/uploads\/2014\/11\/Analisis-calibracion-Canon-7D.jpg\"><img loading=\"lazy\" decoding=\"async\" class=\"aligncenter size-medium wp-image-1539\" src=\"http:\/\/www.hugorodriguez.com\/blog\/wp-content\/uploads\/2014\/11\/Analisis-calibracion-Canon-7D-500x414.jpg\" alt=\"Analisis calibracion Canon 7D\" width=\"500\" height=\"414\" srcset=\"https:\/\/www.hugorodriguez.com\/blog\/wp-content\/uploads\/2014\/11\/Analisis-calibracion-Canon-7D-500x414.jpg 500w, https:\/\/www.hugorodriguez.com\/blog\/wp-content\/uploads\/2014\/11\/Analisis-calibracion-Canon-7D-450x373.jpg 450w, https:\/\/www.hugorodriguez.com\/blog\/wp-content\/uploads\/2014\/11\/Analisis-calibracion-Canon-7D-705x584.jpg 705w, https:\/\/www.hugorodriguez.com\/blog\/wp-content\/uploads\/2014\/11\/Analisis-calibracion-Canon-7D.jpg 769w\" sizes=\"auto, (max-width: 500px) 100vw, 500px\" \/><\/a><\/p>\n<p>El servicio incluye un\u00a0certificado\u00a0con datos concisos y gr\u00e1ficos donde poder ver exactamente c\u00f3mo responde esa c\u00e1mara. Ese documento te servir\u00e1 para ense\u00f1\u00e1rselo a tu prot\u00e9sico\u00a0si te pide m\u00e1s informaci\u00f3n sobre la calidad de tu equipo y de tus resultados.<\/p>\n<\/div><\/div><\/div><\/section> <section class='av_toggle_section av-99xfyo-9f4a3175068729bfa50a44f3d327e2d0'  itemscope=\"itemscope\" itemtype=\"https:\/\/schema.org\/CreativeWork\" ><div role=\"tablist\" class=\"single_toggle\" data-tags=\"{Todo} \"  ><p id='toggle-toggle-id-3' data-fake-id='#toggle-id-3' class='toggler  av-title-above '  itemprop=\"headline\"  role='tab' tabindex='0' aria-controls='toggle-id-3' data-slide-speed=\"200\" data-title=\"\u00bfCU\u00c1NTO TARDA?\" data-title-open=\"\" data-aria_collapsed=\"Click to expand: \u00bfCU\u00c1NTO TARDA?\" data-aria_expanded=\"Click to collapse: \u00bfCU\u00c1NTO TARDA?\">\u00bfCU\u00c1NTO TARDA?<span class=\"toggle_icon\"><span class=\"vert_icon\"><\/span><span class=\"hor_icon\"><\/span><\/span><\/p><div id='toggle-id-3' aria-labelledby='toggle-toggle-id-3' role='region' class='toggle_wrap  av-title-above'  ><div class='toggle_content invers-color '  itemprop=\"text\" ><p>El proceso suele ser bastante r\u00e1pido. Si no surgen problemas, en un par de d\u00edas est\u00e1 hecho. \u00a0Si me env\u00edas la c\u00e1mara, cuenta 24 horas para el env\u00edo y otras 24 para la devoluci\u00f3n, con lo que en cuatro\u00a0d\u00edas puedes tener la c\u00e1mara de vuelta con tu calibraci\u00f3n personalizada. Cuenta un d\u00eda m\u00e1s para instalar el software y poner todo el sistema a punto.<\/p>\n<\/div><\/div><\/div><\/section> <section class='av_toggle_section av-7u1avk-aff865334ef55c8aeae18d28f9277227'  itemscope=\"itemscope\" itemtype=\"https:\/\/schema.org\/CreativeWork\" ><div role=\"tablist\" class=\"single_toggle\" data-tags=\"{Todo} \"  ><p id='toggle-toggle-id-4' data-fake-id='#toggle-id-4' class='toggler  av-title-above '  itemprop=\"headline\"  role='tab' tabindex='0' aria-controls='toggle-id-4' data-slide-speed=\"200\" data-title=\"\u00bfCU\u00c1NTO CUESTA?\" data-title-open=\"\" data-aria_collapsed=\"Click to expand: \u00bfCU\u00c1NTO CUESTA?\" data-aria_expanded=\"Click to collapse: \u00bfCU\u00c1NTO CUESTA?\">\u00bfCU\u00c1NTO CUESTA?<span class=\"toggle_icon\"><span class=\"vert_icon\"><\/span><span class=\"hor_icon\"><\/span><\/span><\/p><div id='toggle-id-4' aria-labelledby='toggle-toggle-id-4' role='region' class='toggle_wrap  av-title-above'  ><div class='toggle_content invers-color '  itemprop=\"text\" ><p>El precio del servicio integral es de <strong>445 euros<\/strong>, e incluye todo lo que puedes ver m\u00e1s arriba (mira el apartado \u00ab\u00bfqu\u00e9 incluye?\u00bb). Tan solo queda excluido el precio de la licencia del software de revelado (y el captura con cable si fuera necesario), que hay que comprar aparte.<\/p>\n<p>Para el pago, puedes enviarme una transferencia bancaria o bien hacerlo a trav\u00e9s de Paypal.<\/p>\n<\/div><\/div><\/div><\/section> <section class='av_toggle_section av-5qh6hs-47ad4a60f455b3edd8e1166bc3df11ce'  itemscope=\"itemscope\" itemtype=\"https:\/\/schema.org\/CreativeWork\" ><div role=\"tablist\" class=\"single_toggle\" data-tags=\"{Todo} \"  ><p id='toggle-toggle-id-5' data-fake-id='#toggle-id-5' class='toggler  av-title-above '  itemprop=\"headline\"  role='tab' tabindex='0' aria-controls='toggle-id-5' data-slide-speed=\"200\" data-title=\"\u00bfES COMPLICADO UTILIZAR ESTA CALIBRACI\u00d3N?\" data-title-open=\"\" data-aria_collapsed=\"Click to expand: \u00bfES COMPLICADO UTILIZAR ESTA CALIBRACI\u00d3N?\" data-aria_expanded=\"Click to collapse: \u00bfES COMPLICADO UTILIZAR ESTA CALIBRACI\u00d3N?\">\u00bfES COMPLICADO UTILIZAR ESTA CALIBRACI\u00d3N?<span class=\"toggle_icon\"><span class=\"vert_icon\"><\/span><span class=\"hor_icon\"><\/span><\/span><\/p><div id='toggle-id-5' aria-labelledby='toggle-toggle-id-5' role='region' class='toggle_wrap  av-title-above'  ><div class='toggle_content invers-color '  itemprop=\"text\" ><p>Para nada. Una vez lo haya creado me encargar\u00e9 de dejarte configurado tu equipo para que puedas utilizarlo sin complicaciones. Te explicar\u00e9 c\u00f3mo utilizarlo, y te enviar\u00e9\u00a0instrucciones concisas acerca de c\u00f3mo dejo configurado tu programa de revelado para que a partir de entonces\u00a0puedas obtener fotos de gran fidelidad f\u00e1cilmente.<\/p>\n<\/div><\/div><\/div><\/section> <section class='av_toggle_section av-fmgtc-30ad18472f0f5303863f971121b5ad66'  itemscope=\"itemscope\" itemtype=\"https:\/\/schema.org\/CreativeWork\" ><div role=\"tablist\" class=\"single_toggle\" data-tags=\"{Todo} \"  ><p id='toggle-toggle-id-6' data-fake-id='#toggle-id-6' class='toggler  av-title-above '  itemprop=\"headline\"  role='tab' tabindex='0' aria-controls='toggle-id-6' data-slide-speed=\"200\" data-title=\"PREGUNTAS FRECUENTES (FAQ)\" data-title-open=\"\" data-aria_collapsed=\"Click to expand: PREGUNTAS FRECUENTES (FAQ)\" data-aria_expanded=\"Click to collapse: PREGUNTAS FRECUENTES (FAQ)\">PREGUNTAS FRECUENTES (FAQ)<span class=\"toggle_icon\"><span class=\"vert_icon\"><\/span><span class=\"hor_icon\"><\/span><\/span><\/p><div id='toggle-id-6' aria-labelledby='toggle-toggle-id-6' role='region' class='toggle_wrap  av-title-above'  ><div class='toggle_content invers-color '  itemprop=\"text\" ><p><strong>P<\/strong>: Me interesa el servicio, pero no tengo a\u00fan el equipo necesario ni he aprendido c\u00f3mo utilizarlo.<\/p>\n<p><strong>R<\/strong>:\u00a0<em>No hay problema. Me he dedicado desde 1.999 a impartir cursos de fotograf\u00eda, desde\u00a0temas b\u00e1sicos hasta los m\u00e1s avanzados y complejos (puedes ver una muestra de mis cursos en mi web). Yo puedo asesorarte en la compra y ense\u00f1arte a usarlo con clases on-line o presenciales si lo deseas.<\/em><\/p>\n<hr \/>\n<p><strong>P<\/strong>: No\u00a0tengo una licencia de Photoshop\/Lightroom\/CaptureOne. \u00bfTengo que comprarla yo?<\/p>\n<p><strong>R<\/strong>:\u00a0<em>No es necesario; yo puedo contactar directamente con el distribuidor e incluso conseguir\u00a0alg\u00fan peque\u00f1o descuento.<\/em><\/p>\n<hr \/>\n<p><strong>P<\/strong>: Ya tengo una licencia de Photoshop\/Lightroom\/CaptureOne. \u00bfPuedo utilizarla?<\/p>\n<p><strong>R<\/strong>:\u00a0<em>Por supuesto. Lo \u00fanico que se requiere es que reconozca los archivos RAW de tu c\u00e1mara. A nivel de fidelidad de color, CaptureOne puede proporcionar resultados superiores\u00a0(mira\u00a0<a title=\"Respuesta de color de Canon 5D Mark II antes y despu\u00e9s de calibrar\" href=\"http:\/\/www.hugorodriguez.com\/blog\/2014\/01\/gama-de-color-de-canon-5d-mark-ii\/\" target=\"_blank\">este post<\/a>\u00a0de mi blog).<\/em><\/p>\n<hr \/>\n<p><strong>P<\/strong>: Tenemos varias c\u00e1maras, todas iguales. \u00bfPodemos calibrar una y copiar los ajustes a las dem\u00e1s?<\/p>\n<p><strong>R<\/strong>:\u00a0<em>Estrictamente hablando, te dir\u00eda: \u201cs\u00ed que se puede\u201d. Pero puedo garantizarte\u00a0que no da el resultado esperado. Si quieres que todas ellas respondan bien e <span style=\"text-decoration: underline;\">iguales entre s\u00ed<\/span>, solo hay una forma: calibrarlas una a una.<\/em><\/p>\n<hr \/>\n<p><strong>P<\/strong>: La \u00f3ptica con la que hay que calibrar es distinta a la que usar\u00e9 habitualmente; \u00bfafecta eso al resultado?<\/p>\n<p><strong>R<\/strong>:\u00a0<em>En absoluto. Lo \u00fanico que puede cambiar es la dominante (que se corrige con un buen WB), pero no la respuesta colorim\u00e9trica.<\/em><\/p>\n<hr \/>\n<p><strong>P<\/strong>: Mi equipo fotogr\u00e1fico no est\u00e1 completo; me faltan algunos accesorios, \u00bfse puede calibrar?<\/p>\n<p><strong>R<\/strong>:\u00a0Mientras tengas la c\u00e1mara\u00a0y\u00a0la \u00f3ptica, se puede. Ahora bien, si no se hace con tus flashes y los filtros polarizadores, el resultado podr\u00eda variar ligeramente, con lo que conviene tener tambi\u00e9n estos componentes.<\/p>\n<hr \/>\n<p><strong>P<\/strong>: \u00bfQu\u00e9 ocurre el d\u00eda que cambie de programa de revelado de RAWs?<\/p>\n<p><strong>R<\/strong>:\u00a0<em>Aunque tus \u201cnegativos\u201d (los RAW) son los mismos, si empiezas a utilizar otro programa distinto para procesarlos o una versi\u00f3n m\u00e1s moderna del mismo, la respuesta de color ser\u00e1 distinta. Por ello, si quieres seguir disfrutando de la misma respuesta de color tendr\u00e1s que solicitar tus perfiles actualizados. Es muy sencillo, r\u00e1pido y econ\u00f3mico, puesto que no hace falta que env\u00edes tu c\u00e1mara. Yo recuperar\u00e9 tus RAW para generarte los nuevos perfiles y envi\u00e1rtelos por correo electr\u00f3nico.<\/em><\/p>\n<hr \/>\n<p><strong>P<\/strong>: \u00bfY si cambio de c\u00e1mara?<\/p>\n<p><strong>R<\/strong>:\u00a0<em>Felicidades entonces. Tu nueva c\u00e1mara seguramente tendr\u00e1 un sensor con una gama de color mayor, pero no podr\u00e1s disfrutar de la misma fidelidad\u00a0hasta que no la calibres, al igual que la antigua.<\/em><\/p>\n<hr \/>\n<p><strong>P<\/strong>:\u00a0Mi ordenador es antiguo\/muy limitado; \u00bfpodr\u00e9 utilizar todo esto?<\/p>\n<p><strong>R<\/strong>:\u00a0La calibraci\u00f3n no requiere gran potencia de c\u00e1lculo, pero es posible que CaptureOne 8 o Photoshop CC s\u00ed lo requieran. Podemos intentar llevarlo a cabo con versiones m\u00e1s antiguas, que consumen menos recursos. En todo caso, si optas por renovar el ordenador, tambi\u00e9n puedo asesorarte en ello.<\/p>\n<\/div><\/div><\/div><\/section><\/div>\n<div  class='hr av-30kvhs-fa173ef4927a162de17e5d0e2b947154 hr-default  avia-builder-el-3  el_after_av_toggle_container  avia-builder-el-last '><span class='hr-inner '><span class=\"hr-inner-style\"><\/span><\/span><\/div>\n<h2 style=\"text-align: center;\">\u00bfQuieres saber qu\u00e9 opinan los clientes?<\/h2>\n<p>Pues echa un vistazo a\u00a0lo que algunos de ellos\u00a0han\u00a0<a title=\"Opiniones de clientes\" href=\"http:\/\/www.hugorodriguez.com\/blog\/servicios-de-gestion-de-color\/testimonios\/\">comentado<\/a>.<\/p>\n<p>&nbsp;<\/p>\n<h3 style=\"text-align: right;\"><a title=\"Sobre nosotros\" href=\"http:\/\/www.hugorodriguez.com\/blog\/servicios-de-gestion-de-color\/sobre-nosotros\/\">Sobre nosotros<\/a><\/h3>\n","protected":false},"excerpt":{"rendered":"<p>Si eres un profesional de la odontolog\u00eda y necesitas una gran fidelidad de color para tus trabajos, creo que te interesa este servicio&#8230; FOTO: \u00a9 Doctora Rosa Pulgar Encinas \u00bfPara qu\u00e9 sirve? Gracias a\u00a0esta calibraci\u00f3n conseguir\u00e1s capturar el color de las piezas dentales en tus fotograf\u00edas con gran fidelidad de color, facilitando el trabajo al [&hellip;]<\/p>\n","protected":false},"author":1,"featured_media":0,"parent":1723,"menu_order":0,"comment_status":"open","ping_status":"closed","template":"template-blank.php","meta":{"footnotes":""},"class_list":["post-2464","page","type-page","status-publish","hentry"],"_links":{"self":[{"href":"https:\/\/www.hugorodriguez.com\/blog\/wp-json\/wp\/v2\/pages\/2464","targetHints":{"allow":["GET"]}}],"collection":[{"href":"https:\/\/www.hugorodriguez.com\/blog\/wp-json\/wp\/v2\/pages"}],"about":[{"href":"https:\/\/www.hugorodriguez.com\/blog\/wp-json\/wp\/v2\/types\/page"}],"author":[{"embeddable":true,"href":"https:\/\/www.hugorodriguez.com\/blog\/wp-json\/wp\/v2\/users\/1"}],"replies":[{"embeddable":true,"href":"https:\/\/www.hugorodriguez.com\/blog\/wp-json\/wp\/v2\/comments?post=2464"}],"version-history":[{"count":5,"href":"https:\/\/www.hugorodriguez.com\/blog\/wp-json\/wp\/v2\/pages\/2464\/revisions"}],"predecessor-version":[{"id":7932,"href":"https:\/\/www.hugorodriguez.com\/blog\/wp-json\/wp\/v2\/pages\/2464\/revisions\/7932"}],"up":[{"embeddable":true,"href":"https:\/\/www.hugorodriguez.com\/blog\/wp-json\/wp\/v2\/pages\/1723"}],"wp:attachment":[{"href":"https:\/\/www.hugorodriguez.com\/blog\/wp-json\/wp\/v2\/media?parent=2464"}],"curies":[{"name":"wp","href":"https:\/\/api.w.org\/{rel}","templated":true}]}}