{"id":2394,"date":"2015-04-23T21:34:55","date_gmt":"2015-04-23T20:34:55","guid":{"rendered":"http:\/\/www.hugorodriguez.com\/blog\/?page_id=2394"},"modified":"2023-05-15T10:50:17","modified_gmt":"2023-05-15T08:50:17","slug":"testimonios","status":"publish","type":"page","link":"https:\/\/www.hugorodriguez.com\/blog\/servicios-de-gestion-de-color\/testimonios\/","title":{"rendered":"Opiniones de clientes"},"content":{"rendered":"<section  class='av_textblock_section av-5gull6-bfe1b4c57d830098f8bb9ed82fdbc94e '   itemscope=\"itemscope\" itemtype=\"https:\/\/schema.org\/CreativeWork\" ><div class='avia_textblock'  itemprop=\"text\" ><p>En esta p\u00e1gina puedes leer opiniones que algunos clientes han querido compartir.<\/p>\n<\/div><\/section>\n<div  class='hr av-cqfe7u-9e50c1e359624c7a74656db731236825 hr-short  avia-builder-el-1  el_after_av_textblock  el_before_av_testimonials  hr-center'><span class='hr-inner '><span class=\"hr-inner-style\"><\/span><\/span><\/div>\n<div  class='avia-testimonial-wrapper av-a3i1iy-f84dc48e236f1c0ca16a3dbce64b7ef7 avia-grid-testimonials avia-grid-2-testimonials avia_animate_when_almost_visible' >\n<section class=\"avia-testimonial-row\"><div class='avia-testimonial av-av_testimonial_single-7e806a9ef445ee29fdd2afc32655f356 avia-testimonial-row-1 avia-first-testimonial flex_column no_margin av_one_half'><div class='avia-testimonial_inner'  itemscope=\"itemscope\" itemtype=\"https:\/\/schema.org\/CreativeWork\" ><div class='avia-testimonial-image'  itemprop=\"image\" ><img loading=\"lazy\" decoding=\"async\" width=\"180\" height=\"180\" src=\"https:\/\/www.hugorodriguez.com\/blog\/wp-content\/uploads\/2023\/05\/ramon-blendstuff_resize-180x180.jpg\" class=\"attachment-square size-square\" alt=\"\" srcset=\"https:\/\/www.hugorodriguez.com\/blog\/wp-content\/uploads\/2023\/05\/ramon-blendstuff_resize-180x180.jpg 180w, https:\/\/www.hugorodriguez.com\/blog\/wp-content\/uploads\/2023\/05\/ramon-blendstuff_resize-36x36.jpg 36w, https:\/\/www.hugorodriguez.com\/blog\/wp-content\/uploads\/2023\/05\/ramon-blendstuff_resize-100x100.jpg 100w\" sizes=\"auto, (max-width: 180px) 100vw, 180px\" \/><\/div><div class='avia-testimonial-content '><div class='avia-testimonial-markup-entry-content'  itemprop=\"text\" ><p><em>Hace ya varios a\u00f1os que sigo la web y el canal de Youtube de Hugo, y tengo que decir que para m\u00ed es todo un referente en el mundo de la imagen y gesti\u00f3n de color.<\/em><\/p>\n<p><em>Yo me dedico principalmente a la fotograf\u00eda moda\/comercial y siempre he tenido problemas al reproducir bien el color en ecommerce. Ahora, con la calibraci\u00f3n que ha hecho Hugo con mi c\u00e1mara, me van a ahorrar muchas horas de trabajo y lo agradezco. \u00a1Totalmente recomendable si tu meta es que tu trabajo sea fino fino!<\/em><\/p>\n<\/div><\/div><div class=\"avia-testimonial-meta\"><div class=\"avia-testimonial-arrow-wrap\"><div class=\"avia-arrow\"><\/div><\/div><div class='avia-testimonial-meta-mini'  itemprop=\"author\" itemscope=\"itemscope\" itemtype=\"https:\/\/schema.org\/Person\" ><strong  class='avia-testimonial-name'  itemprop=\"name\" >Ram\u00f3n Marqu\u00e9s<\/strong><span  class='avia-testimonial-subtitle '  itemprop=\"jobTitle\" >Fot\u00f3grafo en Blendstuff.com<\/span><span class='hidden avia-testimonial-markup-link'  itemprop=\"url\" >http:\/\/www.blendstuff.com<\/span><span class=\"avia-testimonial-subtitle-sep\">&ndash;<\/span><a class='avia-testimonial-link' href='http:\/\/www.blendstuff.com' target=\"_blank\" rel=\"noopener noreferrer\">Blendstuff estudio<\/a><\/div><\/div><\/div><\/div>\n<div class='avia-testimonial av-22f8gq-9c7a54e781e19a954bdc36c54d6f14af avia-testimonial-row-1 avia-last-testimonial flex_column no_margin av_one_half'><div class='avia-testimonial_inner'  itemscope=\"itemscope\" itemtype=\"https:\/\/schema.org\/CreativeWork\" ><div class='avia-testimonial-image'  itemprop=\"image\" ><img loading=\"lazy\" decoding=\"async\" width=\"180\" height=\"180\" src=\"https:\/\/www.hugorodriguez.com\/blog\/wp-content\/uploads\/2022\/01\/Selfi-180x180.jpg\" class=\"attachment-square size-square\" alt=\"\" srcset=\"https:\/\/www.hugorodriguez.com\/blog\/wp-content\/uploads\/2022\/01\/Selfi-180x180.jpg 180w, https:\/\/www.hugorodriguez.com\/blog\/wp-content\/uploads\/2022\/01\/Selfi-80x80.jpg 80w, https:\/\/www.hugorodriguez.com\/blog\/wp-content\/uploads\/2022\/01\/Selfi-500x500.jpg 500w, https:\/\/www.hugorodriguez.com\/blog\/wp-content\/uploads\/2022\/01\/Selfi-768x768.jpg 768w, https:\/\/www.hugorodriguez.com\/blog\/wp-content\/uploads\/2022\/01\/Selfi-1030x1030.jpg 1030w, https:\/\/www.hugorodriguez.com\/blog\/wp-content\/uploads\/2022\/01\/Selfi-36x36.jpg 36w, https:\/\/www.hugorodriguez.com\/blog\/wp-content\/uploads\/2022\/01\/Selfi-705x705.jpg 705w, https:\/\/www.hugorodriguez.com\/blog\/wp-content\/uploads\/2022\/01\/Selfi-100x100.jpg 100w, https:\/\/www.hugorodriguez.com\/blog\/wp-content\/uploads\/2022\/01\/Selfi-450x450.jpg 450w, https:\/\/www.hugorodriguez.com\/blog\/wp-content\/uploads\/2022\/01\/Selfi.jpg 1456w\" sizes=\"auto, (max-width: 180px) 100vw, 180px\" \/><\/div><div class='avia-testimonial-content '><div class='avia-testimonial-markup-entry-content'  itemprop=\"text\" ><p>Hac\u00eda tiempo que deseaba realizar la calibraci\u00f3n de mi c\u00e1mara Nikon D500, un amigo com\u00fan me recomend\u00f3 a Hugo y realmente ha sido un antes y un despu\u00e9s, estoy encantado con el perfil conseguido de forma inmejorable, la calidad \u00a0en las fotograf\u00edas ha dado un salto cualitativo ciertamente impensable. Ha sido un placer conocer a Hugo, hombre sencillo, afable, profesional y gran persona. MUCHAS GRACIAS!!.<\/p>\n<\/div><\/div><div class=\"avia-testimonial-meta\"><div class=\"avia-testimonial-arrow-wrap\"><div class=\"avia-arrow\"><\/div><\/div><div class='avia-testimonial-meta-mini'  itemprop=\"author\" itemscope=\"itemscope\" itemtype=\"https:\/\/schema.org\/Person\" ><strong  class='avia-testimonial-name'  itemprop=\"name\" >Jos\u00e9 Maria Font<\/strong><span  class='avia-testimonial-subtitle '  itemprop=\"jobTitle\" >Fotografo aficionado<\/span><\/div><\/div><\/div><\/div><\/section>\n<section class=\"avia-testimonial-row\"><div class='avia-testimonial av-2po7my-2a4519a8a1ce1377509f328347ff563f avia-testimonial-row-2 avia-first-testimonial flex_column no_margin av_one_half'><div class='avia-testimonial_inner'  itemscope=\"itemscope\" itemtype=\"https:\/\/schema.org\/CreativeWork\" ><div class='avia-testimonial-content '><div class='avia-testimonial-markup-entry-content'  itemprop=\"text\" ><p>Me dedico al dise\u00f1o de mobiliario y la infografia, he pasado mucho tiempo buscando un sistema de impresi\u00f3n que me permitiera entregar una prueba de color a mis clientes para ver sus trabajos con la seguridad de que en imprenta quedar\u00edan correctos, con la calibraci\u00f3n que me ha proporcionado Hugo, por fin tengo una prueba de color suficiente sin tener que hacer una inversi\u00f3n muy cuantiosa. Gracias Hugo<\/p>\n<\/div><\/div><div class=\"avia-testimonial-meta\"><div class=\"avia-testimonial-arrow-wrap\"><div class=\"avia-arrow\"><\/div><\/div><div class='avia-testimonial-meta-mini'  itemprop=\"author\" itemscope=\"itemscope\" itemtype=\"https:\/\/schema.org\/Person\" ><strong  class='avia-testimonial-name'  itemprop=\"name\" >Juan Miguel Murcia<\/strong><span  class='avia-testimonial-subtitle '  itemprop=\"jobTitle\" >Dise\u00f1o mobiliario e infograf\u00eda<\/span><\/div><\/div><\/div><\/div>\n<div class='avia-testimonial av-8j4xoq-db0a34a3e7814ea1f207518f84a5b973 avia-testimonial-row-2 avia-last-testimonial flex_column no_margin av_one_half'><div class='avia-testimonial_inner'  itemscope=\"itemscope\" itemtype=\"https:\/\/schema.org\/CreativeWork\" ><div class='avia-testimonial-image'  itemprop=\"image\" ><img loading=\"lazy\" decoding=\"async\" width=\"180\" height=\"180\" src=\"https:\/\/www.hugorodriguez.com\/blog\/wp-content\/uploads\/2015\/04\/Logo-poli-180x180.png\" class=\"attachment-square size-square\" alt=\"\" srcset=\"https:\/\/www.hugorodriguez.com\/blog\/wp-content\/uploads\/2015\/04\/Logo-poli-180x180.png 180w, https:\/\/www.hugorodriguez.com\/blog\/wp-content\/uploads\/2015\/04\/Logo-poli-100x100.png 100w, https:\/\/www.hugorodriguez.com\/blog\/wp-content\/uploads\/2015\/04\/Logo-poli-250x250.png 250w, https:\/\/www.hugorodriguez.com\/blog\/wp-content\/uploads\/2015\/04\/Logo-poli-36x36.png 36w\" sizes=\"auto, (max-width: 180px) 100vw, 180px\" \/><\/div><div class='avia-testimonial-content '><div class='avia-testimonial-markup-entry-content'  itemprop=\"text\" ><p><em>En mi peque\u00f1o laboratorio, PROYECTOS MULTIMEDIA, pasamos un d\u00eda poni\u00e9ndolo todo a punto. Los fot\u00f3grafos de AEFONA, por cierto muy cr\u00edticos, quedaron muy impresionados de las fotograf\u00edas \u00a0que expuse en el congreso. Mi mayor satisfacci\u00f3n es cuando mis clientes dicen \u00abesta es mi foto! gracias Poli!\u00bb. Y yo digo gracias Hugo, gran profesional y gran persona.<\/em><\/p>\n<\/div><\/div><div class=\"avia-testimonial-meta\"><div class=\"avia-testimonial-arrow-wrap\"><div class=\"avia-arrow\"><\/div><\/div><div class='avia-testimonial-meta-mini'  itemprop=\"author\" itemscope=\"itemscope\" itemtype=\"https:\/\/schema.org\/Person\" ><strong  class='avia-testimonial-name'  itemprop=\"name\" >Policarpo D\u00edaz<\/strong><span  class='avia-testimonial-subtitle '  itemprop=\"jobTitle\" >Director en Proyectos Multimedia<\/span><span class='hidden avia-testimonial-markup-link'  itemprop=\"url\" >http:\/\/www.facebook.com\/proyectosmultimediapoli<\/span><span class=\"avia-testimonial-subtitle-sep\">&ndash;<\/span><a class='avia-testimonial-link' href='http:\/\/www.facebook.com\/proyectosmultimediapoli' target=\"_blank\" rel=\"noopener noreferrer\">P&aacute;gina profesional en Facebook<\/a><\/div><\/div><\/div><\/div><\/section>\n<section class=\"avia-testimonial-row\"><div class='avia-testimonial av-6wt3ju-a9f53baeb2ee0b5efc3fb91c6cdb850e avia-testimonial-row-3 avia-first-testimonial flex_column no_margin av_one_half'><div class='avia-testimonial_inner'  itemscope=\"itemscope\" itemtype=\"https:\/\/schema.org\/CreativeWork\" ><div class='avia-testimonial-image'  itemprop=\"image\" ><img loading=\"lazy\" decoding=\"async\" width=\"170\" height=\"170\" src=\"https:\/\/www.hugorodriguez.com\/blog\/wp-content\/uploads\/2015\/04\/Logo-la-capsula.png\" class=\"attachment-square size-square\" alt=\"\" srcset=\"https:\/\/www.hugorodriguez.com\/blog\/wp-content\/uploads\/2015\/04\/Logo-la-capsula.png 170w, https:\/\/www.hugorodriguez.com\/blog\/wp-content\/uploads\/2015\/04\/Logo-la-capsula-100x100.png 100w, https:\/\/www.hugorodriguez.com\/blog\/wp-content\/uploads\/2015\/04\/Logo-la-capsula-36x36.png 36w\" sizes=\"auto, (max-width: 170px) 100vw, 170px\" \/><\/div><div class='avia-testimonial-content '><div class='avia-testimonial-markup-entry-content'  itemprop=\"text\" ><p><em>Excelente y recomendable experiencia de la formaci\u00f3n de Hugo Rodriguez sobre Gesti\u00f3n de Color y Perfilados en nuestra\u00a0empresa. \u00a0Muy buen profesional, con mucha facilidad para explicar y hacer entender todos los conceptos y casos pr\u00e1cticos.<\/em><\/p>\n<\/div><\/div><div class=\"avia-testimonial-meta\"><div class=\"avia-testimonial-arrow-wrap\"><div class=\"avia-arrow\"><\/div><\/div><div class='avia-testimonial-meta-mini'  itemprop=\"author\" itemscope=\"itemscope\" itemtype=\"https:\/\/schema.org\/Person\" ><strong  class='avia-testimonial-name'  itemprop=\"name\" >La Capsula<\/strong><span class='hidden avia-testimonial-markup-link'  itemprop=\"url\" >http:\/\/www.lacapsula.es<\/span><a class='avia-testimonial-link' href='http:\/\/www.lacapsula.es' target=\"_blank\" rel=\"noopener noreferrer\">P&aacute;gina web de La c&aacute;psula<\/a><\/div><\/div><\/div><\/div>\n<div class='avia-testimonial av-6911ne-de3dee457bece0dd3f8026ae33954e4d avia-testimonial-row-3 avia-last-testimonial flex_column no_margin av_one_half'><div class='avia-testimonial_inner'  itemscope=\"itemscope\" itemtype=\"https:\/\/schema.org\/CreativeWork\" ><div class='avia-testimonial-content '><div class='avia-testimonial-markup-entry-content'  itemprop=\"text\" ><p><em>He solicitado la calibraci\u00f3n de la impresora Epson R3000, debido a que no consegu\u00eda una impresi\u00f3n fiel a la imagen de pantalla. Despu\u00e9s de bucear por la web y probar multitud de drivers de impresi\u00f3n, encontr\u00e9 a Hugo, que me resolvi\u00f3 el problema en un par de d\u00edas y a un precio razonable. <\/em><\/p>\n<p><em>Resumiendo puedo decir que el servicio es satisfactorio y lo recomiendo. Gracias Hugo.<\/em><\/p>\n<\/div><\/div><div class=\"avia-testimonial-meta\"><div class=\"avia-testimonial-arrow-wrap\"><div class=\"avia-arrow\"><\/div><\/div><div class='avia-testimonial-meta-mini'  itemprop=\"author\" itemscope=\"itemscope\" itemtype=\"https:\/\/schema.org\/Person\" ><strong  class='avia-testimonial-name'  itemprop=\"name\" >Xabier Gerrikabeitia<\/strong><span  class='avia-testimonial-subtitle '  itemprop=\"jobTitle\" >Fot\u00f3grafo profesional<\/span><\/div><\/div><\/div><\/div><\/section>\n<section class=\"avia-testimonial-row\"><div class='avia-testimonial av-46cn8q-0a99dd6708d2986119de64799dff52e8 avia-testimonial-row-4 avia-first-testimonial flex_column no_margin av_one_half'><div class='avia-testimonial_inner'  itemscope=\"itemscope\" itemtype=\"https:\/\/schema.org\/CreativeWork\" ><div class='avia-testimonial-image'  itemprop=\"image\" ><img loading=\"lazy\" decoding=\"async\" width=\"180\" height=\"180\" src=\"https:\/\/www.hugorodriguez.com\/blog\/wp-content\/uploads\/2015\/04\/clemente_moraleda-180x180.jpg\" class=\"attachment-square size-square\" alt=\"\" srcset=\"https:\/\/www.hugorodriguez.com\/blog\/wp-content\/uploads\/2015\/04\/clemente_moraleda-180x180.jpg 180w, https:\/\/www.hugorodriguez.com\/blog\/wp-content\/uploads\/2015\/04\/clemente_moraleda-450x450.jpg 450w, https:\/\/www.hugorodriguez.com\/blog\/wp-content\/uploads\/2015\/04\/clemente_moraleda-100x100.jpg 100w, https:\/\/www.hugorodriguez.com\/blog\/wp-content\/uploads\/2015\/04\/clemente_moraleda-250x250.jpg 250w, https:\/\/www.hugorodriguez.com\/blog\/wp-content\/uploads\/2015\/04\/clemente_moraleda-500x500.jpg 500w, https:\/\/www.hugorodriguez.com\/blog\/wp-content\/uploads\/2015\/04\/clemente_moraleda-800x800.jpg 800w, https:\/\/www.hugorodriguez.com\/blog\/wp-content\/uploads\/2015\/04\/clemente_moraleda-36x36.jpg 36w, https:\/\/www.hugorodriguez.com\/blog\/wp-content\/uploads\/2015\/04\/clemente_moraleda-705x705.jpg 705w, https:\/\/www.hugorodriguez.com\/blog\/wp-content\/uploads\/2015\/04\/clemente_moraleda.jpg 900w\" sizes=\"auto, (max-width: 180px) 100vw, 180px\" \/><\/div><div class='avia-testimonial-content '><div class='avia-testimonial-markup-entry-content'  itemprop=\"text\" ><p><em>Adem\u00e1s de ser un apasionado de la fotograf\u00eda y del color, Hugo es un profesional eficiente y comprometido, e inspira confianza desde el primer segundo.<\/em><\/p>\n<\/div><\/div><div class=\"avia-testimonial-meta\"><div class=\"avia-testimonial-arrow-wrap\"><div class=\"avia-arrow\"><\/div><\/div><div class='avia-testimonial-meta-mini'  itemprop=\"author\" itemscope=\"itemscope\" itemtype=\"https:\/\/schema.org\/Person\" ><strong  class='avia-testimonial-name'  itemprop=\"name\" >Clemente Moraleda<\/strong><span  class='avia-testimonial-subtitle '  itemprop=\"jobTitle\" >Fot\u00f3grafo profesional<\/span><\/div><\/div><\/div><\/div>\n<div class='avia-testimonial av-24a3ve-af22bc9cc421783c69f814c2bdc7c875 avia-testimonial-row-4 avia-last-testimonial flex_column no_margin av_one_half'><div class='avia-testimonial_inner'  itemscope=\"itemscope\" itemtype=\"https:\/\/schema.org\/CreativeWork\" ><div class='avia-testimonial-content '><div class='avia-testimonial-markup-entry-content'  itemprop=\"text\" ><p><em>Cuando mis fotos ten\u00edan un aspecto impecable en la pantalla y las copias impresas no ten\u00edan nada que ver, daba igual donde las imprimiese, acud\u00ed a Hugo Rodriguez. Me llam\u00f3 la atenci\u00f3n su rapidez en la respuesta, su exquisito trato y la precisi\u00f3n en el diagn\u00f3stico de mi problema. Me env\u00edo unos ficheros y unas instrucciones para perfilar mi impresora. La consecuencia fueron unas copias cuya calidad me satisfizo plenamente. A partir de ese momento he decidido profundizar el la calibraci\u00f3n de los dispositivos y una vez m\u00e1s Hugo tiene valiosa informaci\u00f3n en sus libros y cursos. Gracias Hugo, los fot\u00f3grafos digitales estamos en deuda contigo.<\/em><\/p>\n<\/div><\/div><div class=\"avia-testimonial-meta\"><div class=\"avia-testimonial-arrow-wrap\"><div class=\"avia-arrow\"><\/div><\/div><div class='avia-testimonial-meta-mini'  itemprop=\"author\" itemscope=\"itemscope\" itemtype=\"https:\/\/schema.org\/Person\" ><strong  class='avia-testimonial-name'  itemprop=\"name\" >Jos\u00e9 B. Menendez Guerra<\/strong><span  class='avia-testimonial-subtitle '  itemprop=\"jobTitle\" >Fot\u00f3grafo profesional<\/span><\/div><\/div><\/div><\/div><\/section>\n<section class=\"avia-testimonial-row\"><div class='avia-testimonial av-4u8k16-da90d6b3746966f230eb93a225478ac4 avia-testimonial-row-5 avia-first-testimonial flex_column no_margin av_one_half'><div class='avia-testimonial_inner'  itemscope=\"itemscope\" itemtype=\"https:\/\/schema.org\/CreativeWork\" ><div class='avia-testimonial-content '><div class='avia-testimonial-markup-entry-content'  itemprop=\"text\" ><p>He contratado el servicio de perfilado de impresora. Ha sido un trabajo riguroso con un resultado impecable. Con el perfil que ha creado Hugo, el efecto es por primera vez, lo que veo en pantalla sale igual por la impresora. Adem\u00e1s, con unos consejos de impresi\u00f3n y de la situaci\u00f3n ideal del lugar de trabajo.<\/p>\n<\/div><\/div><div class=\"avia-testimonial-meta\"><div class=\"avia-testimonial-arrow-wrap\"><div class=\"avia-arrow\"><\/div><\/div><div class='avia-testimonial-meta-mini'  itemprop=\"author\" itemscope=\"itemscope\" itemtype=\"https:\/\/schema.org\/Person\" ><strong  class='avia-testimonial-name'  itemprop=\"name\" >Juan Hermoso<\/strong><span  class='avia-testimonial-subtitle '  itemprop=\"jobTitle\" >Fot\u00f3grafo<\/span><\/div><\/div><\/div><\/div>\n<\/section><\/div>\n<section  class='av_textblock_section av-2h3kiy-a533b467252b0c8be8d18347e023445a '   itemscope=\"itemscope\" itemtype=\"https:\/\/schema.org\/CreativeWork\" ><div class='avia_textblock'  itemprop=\"text\" ><h3 style=\"text-align: right;\"><a title=\"Sobre nosotros\" href=\"http:\/\/www.hugorodriguez.com\/blog\/servicios-de-gestion-de-color\/sobre-nosotros\/\">Sobre nosotros<\/a><\/h3>\n<\/div><\/section>\n","protected":false},"excerpt":{"rendered":"","protected":false},"author":1,"featured_media":0,"parent":1723,"menu_order":0,"comment_status":"open","ping_status":"closed","template":"","meta":{"footnotes":""},"class_list":["post-2394","page","type-page","status-publish","hentry"],"_links":{"self":[{"href":"https:\/\/www.hugorodriguez.com\/blog\/wp-json\/wp\/v2\/pages\/2394","targetHints":{"allow":["GET"]}}],"collection":[{"href":"https:\/\/www.hugorodriguez.com\/blog\/wp-json\/wp\/v2\/pages"}],"about":[{"href":"https:\/\/www.hugorodriguez.com\/blog\/wp-json\/wp\/v2\/types\/page"}],"author":[{"embeddable":true,"href":"https:\/\/www.hugorodriguez.com\/blog\/wp-json\/wp\/v2\/users\/1"}],"replies":[{"embeddable":true,"href":"https:\/\/www.hugorodriguez.com\/blog\/wp-json\/wp\/v2\/comments?post=2394"}],"version-history":[{"count":5,"href":"https:\/\/www.hugorodriguez.com\/blog\/wp-json\/wp\/v2\/pages\/2394\/revisions"}],"predecessor-version":[{"id":25919,"href":"https:\/\/www.hugorodriguez.com\/blog\/wp-json\/wp\/v2\/pages\/2394\/revisions\/25919"}],"up":[{"embeddable":true,"href":"https:\/\/www.hugorodriguez.com\/blog\/wp-json\/wp\/v2\/pages\/1723"}],"wp:attachment":[{"href":"https:\/\/www.hugorodriguez.com\/blog\/wp-json\/wp\/v2\/media?parent=2394"}],"curies":[{"name":"wp","href":"https:\/\/api.w.org\/{rel}","templated":true}]}}