{"id":21298,"date":"2022-06-06T16:54:16","date_gmt":"2022-06-06T14:54:16","guid":{"rendered":"https:\/\/www.hugorodriguez.com\/blog\/?page_id=21298"},"modified":"2024-08-13T16:39:30","modified_gmt":"2024-08-13T14:39:30","slug":"panoramicas-360","status":"publish","type":"page","link":"https:\/\/www.hugorodriguez.com\/blog\/porfolio\/panoramicas-360\/","title":{"rendered":"PANOR\u00c1MICAS 360\u00ba"},"content":{"rendered":"\n<style type=\"text\/css\" data-created_by=\"avia_inline_auto\" id=\"style-css-av-34b50eq-00233a9698dfe370311f838da45c6841\">\n.flex_column.av-34b50eq-00233a9698dfe370311f838da45c6841{\nborder-radius:0px 0px 0px 0px;\npadding:0px 0px 0px 0px;\n}\n<\/style>\n<div  class='flex_column av-34b50eq-00233a9698dfe370311f838da45c6841 av_one_third  avia-builder-el-0  el_before_av_one_third  avia-builder-el-first  first flex_column_div av-zero-column-padding  '     ><style type=\"text\/css\" data-created_by=\"avia_inline_auto\" id=\"style-css-av-l42urgce-74a8f6b6777ab5a76b047a37c18895d4\">\n.avia-image-container.av-l42urgce-74a8f6b6777ab5a76b047a37c18895d4 img.avia_image{\nbox-shadow:none;\n}\n.avia-image-container.av-l42urgce-74a8f6b6777ab5a76b047a37c18895d4 .av-image-caption-overlay-center{\ncolor:#ffffff;\n}\n<\/style>\n<div  class='avia-image-container av-l42urgce-74a8f6b6777ab5a76b047a37c18895d4 av-styling- av-hover-grow av-img-linked avia-align-center  avia-builder-el-1  avia-builder-el-no-sibling '   itemprop=\"image\" itemscope=\"itemscope\" itemtype=\"https:\/\/schema.org\/ImageObject\" ><div class=\"avia-image-container-inner\"><div class=\"avia-image-overlay-wrap\"><a href=\"https:\/\/www.hugorodriguez.com\/fotos\/panos\/plaza_catedral_zaragoza_a\/zaragoza-c.html\" class='avia_image '  target=\"_blank\"  rel=\"noopener noreferrer\" aria-label='Plaza Catedral Zaragoza C III SNS'><img decoding=\"async\" fetchpriority=\"high\" class='wp-image-21306 avia-img-lazy-loading-not-21306 avia_image ' src=\"https:\/\/www.hugorodriguez.com\/blog\/wp-content\/uploads\/2022\/06\/Plaza-Catedral-Zaragoza-C-III-SNS.jpg\" alt='' title='Plaza Catedral Zaragoza C III SNS'  height=\"125\" width=\"250\"  itemprop=\"thumbnailUrl\" srcset=\"https:\/\/www.hugorodriguez.com\/blog\/wp-content\/uploads\/2022\/06\/Plaza-Catedral-Zaragoza-C-III-SNS.jpg 250w, https:\/\/www.hugorodriguez.com\/blog\/wp-content\/uploads\/2022\/06\/Plaza-Catedral-Zaragoza-C-III-SNS-80x40.jpg 80w\" sizes=\"(max-width: 250px) 100vw, 250px\" \/><\/a><\/div><\/div><\/div><\/div>\n\n<style type=\"text\/css\" data-created_by=\"avia_inline_auto\" id=\"style-css-av-2ph11ma-660838fb97b8be294458d229904f2336\">\n.flex_column.av-2ph11ma-660838fb97b8be294458d229904f2336{\nborder-radius:0px 0px 0px 0px;\npadding:0px 0px 0px 0px;\n}\n<\/style>\n<div  class='flex_column av-2ph11ma-660838fb97b8be294458d229904f2336 av_one_third  avia-builder-el-2  el_after_av_one_third  el_before_av_one_third  flex_column_div av-zero-column-padding  '     ><style type=\"text\/css\" data-created_by=\"avia_inline_auto\" id=\"style-css-av-1vyaasy-5520b89b74dc6d2e51a4da735782480f\">\n.avia-image-container.av-1vyaasy-5520b89b74dc6d2e51a4da735782480f img.avia_image{\nbox-shadow:none;\n}\n.avia-image-container.av-1vyaasy-5520b89b74dc6d2e51a4da735782480f .av-image-caption-overlay-center{\ncolor:#ffffff;\n}\n<\/style>\n<div  class='avia-image-container av-1vyaasy-5520b89b74dc6d2e51a4da735782480f av-styling- av-hover-grow av-img-linked avia-align-center  avia-builder-el-3  avia-builder-el-no-sibling '   itemprop=\"image\" itemscope=\"itemscope\" itemtype=\"https:\/\/schema.org\/ImageObject\" ><div class=\"avia-image-container-inner\"><div class=\"avia-image-overlay-wrap\"><a href=\"https:\/\/www.hugorodriguez.com\/fotos\/panos\/rio_orense_b\/ourense-rio_b.html\" class='avia_image '  target=\"_blank\"  rel=\"noopener noreferrer\" aria-label='Pano rio Orense B'><img decoding=\"async\" fetchpriority=\"high\" class='wp-image-21310 avia-img-lazy-loading-not-21310 avia_image ' src=\"https:\/\/www.hugorodriguez.com\/blog\/wp-content\/uploads\/2022\/06\/Pano-rio-Orense-B.jpg\" alt='' title='Pano rio Orense B'  height=\"125\" width=\"250\"  itemprop=\"thumbnailUrl\" srcset=\"https:\/\/www.hugorodriguez.com\/blog\/wp-content\/uploads\/2022\/06\/Pano-rio-Orense-B.jpg 250w, https:\/\/www.hugorodriguez.com\/blog\/wp-content\/uploads\/2022\/06\/Pano-rio-Orense-B-80x40.jpg 80w\" sizes=\"(max-width: 250px) 100vw, 250px\" \/><\/a><\/div><\/div><\/div><\/div>\n\n<style type=\"text\/css\" data-created_by=\"avia_inline_auto\" id=\"style-css-av-1pp20nm-062d7bec464f04ec288f3b2322ad2ad9\">\n.flex_column.av-1pp20nm-062d7bec464f04ec288f3b2322ad2ad9{\nborder-radius:0px 0px 0px 0px;\npadding:0px 0px 0px 0px;\n}\n<\/style>\n<div  class='flex_column av-1pp20nm-062d7bec464f04ec288f3b2322ad2ad9 av_one_third  avia-builder-el-4  el_after_av_one_third  el_before_av_hr  flex_column_div av-zero-column-padding  '     ><style type=\"text\/css\" data-created_by=\"avia_inline_auto\" id=\"style-css-av-1agjd0y-97ec10dba5a550f9103d8a6ebfa812ae\">\n.avia-image-container.av-1agjd0y-97ec10dba5a550f9103d8a6ebfa812ae img.avia_image{\nbox-shadow:none;\n}\n.avia-image-container.av-1agjd0y-97ec10dba5a550f9103d8a6ebfa812ae .av-image-caption-overlay-center{\ncolor:#ffffff;\n}\n<\/style>\n<div  class='avia-image-container av-1agjd0y-97ec10dba5a550f9103d8a6ebfa812ae av-styling- av-hover-grow av-img-linked avia-align-center  avia-builder-el-5  avia-builder-el-no-sibling '   itemprop=\"image\" itemscope=\"itemscope\" itemtype=\"https:\/\/schema.org\/ImageObject\" ><div class=\"avia-image-container-inner\"><div class=\"avia-image-overlay-wrap\"><a href=\"https:\/\/www.hugorodriguez.com\/fotos\/panos\/plaza_catedral_zaragoza_d\/zaragoza-catedral_d.html\" class='avia_image '  target=\"_blank\"  rel=\"noopener noreferrer\" aria-label='Pano plaza Catedral Zaragoza D SNS 3 Firma'><img decoding=\"async\" fetchpriority=\"high\" class='wp-image-21311 avia-img-lazy-loading-not-21311 avia_image ' src=\"https:\/\/www.hugorodriguez.com\/blog\/wp-content\/uploads\/2022\/06\/Pano-plaza-Catedral-Zaragoza-D-SNS-3-Firma.jpg\" alt='' title='Pano plaza Catedral Zaragoza D SNS 3 Firma'  height=\"125\" width=\"250\"  itemprop=\"thumbnailUrl\" srcset=\"https:\/\/www.hugorodriguez.com\/blog\/wp-content\/uploads\/2022\/06\/Pano-plaza-Catedral-Zaragoza-D-SNS-3-Firma.jpg 250w, https:\/\/www.hugorodriguez.com\/blog\/wp-content\/uploads\/2022\/06\/Pano-plaza-Catedral-Zaragoza-D-SNS-3-Firma-80x40.jpg 80w\" sizes=\"(max-width: 250px) 100vw, 250px\" \/><\/a><\/div><\/div><\/div><\/div>\n<div  class='hr av-upi4he-f02846f46e57962446d3570cd6777ff1 hr-default  avia-builder-el-6  el_after_av_one_third  el_before_av_one_third '><span class='hr-inner '><span class=\"hr-inner-style\"><\/span><\/span><\/div>\n\n<style type=\"text\/css\" data-created_by=\"avia_inline_auto\" id=\"style-css-av-1oymdea-767104c9092346d4c5ec06ed1aeace6c\">\n.flex_column.av-1oymdea-767104c9092346d4c5ec06ed1aeace6c{\nborder-radius:0px 0px 0px 0px;\npadding:0px 0px 0px 0px;\n}\n<\/style>\n<div  class='flex_column av-1oymdea-767104c9092346d4c5ec06ed1aeace6c av_one_third  avia-builder-el-7  el_after_av_hr  el_before_av_one_third  first flex_column_div av-zero-column-padding  '     ><style type=\"text\/css\" data-created_by=\"avia_inline_auto\" id=\"style-css-av-l42vsrrg-aaac0818d567525cecd47af5c976b2a7\">\n.avia-image-container.av-l42vsrrg-aaac0818d567525cecd47af5c976b2a7 img.avia_image{\nbox-shadow:none;\n}\n.avia-image-container.av-l42vsrrg-aaac0818d567525cecd47af5c976b2a7 .av-image-caption-overlay-center{\ncolor:#ffffff;\n}\n<\/style>\n<div  class='avia-image-container av-l42vsrrg-aaac0818d567525cecd47af5c976b2a7 av-styling- av-hover-grow av-img-linked avia-align-center  avia-builder-el-8  avia-builder-el-no-sibling '   itemprop=\"image\" itemscope=\"itemscope\" itemtype=\"https:\/\/schema.org\/ImageObject\" ><div class=\"avia-image-container-inner\"><div class=\"avia-image-overlay-wrap\"><a href=\"https:\/\/www.hugorodriguez.com\/fotos\/panos\/playa_zumaia\/playa-zumaia_d.html\" class='avia_image '  target=\"_blank\"  rel=\"noopener noreferrer\" aria-label='Pano playa Zumaia D'><img decoding=\"async\" fetchpriority=\"high\" class='wp-image-21316 avia-img-lazy-loading-not-21316 avia_image ' src=\"https:\/\/www.hugorodriguez.com\/blog\/wp-content\/uploads\/2022\/06\/Pano-playa-Zumaia-D-SNS-II.jpg\" alt='' title='Pano playa Zumaia D'  height=\"125\" width=\"250\"  itemprop=\"thumbnailUrl\" srcset=\"https:\/\/www.hugorodriguez.com\/blog\/wp-content\/uploads\/2022\/06\/Pano-playa-Zumaia-D-SNS-II.jpg 250w, https:\/\/www.hugorodriguez.com\/blog\/wp-content\/uploads\/2022\/06\/Pano-playa-Zumaia-D-SNS-II-80x40.jpg 80w\" sizes=\"(max-width: 250px) 100vw, 250px\" \/><\/a><\/div><\/div><\/div><\/div>\n\n<style type=\"text\/css\" data-created_by=\"avia_inline_auto\" id=\"style-css-av-14vczpu-e45b741adcd8f83e3f5d2f0fca70cfa2\">\n.flex_column.av-14vczpu-e45b741adcd8f83e3f5d2f0fca70cfa2{\nborder-radius:0px 0px 0px 0px;\npadding:0px 0px 0px 0px;\n}\n<\/style>\n<div  class='flex_column av-14vczpu-e45b741adcd8f83e3f5d2f0fca70cfa2 av_one_third  avia-builder-el-9  el_after_av_one_third  el_before_av_one_third  flex_column_div av-zero-column-padding  '     ><style type=\"text\/css\" data-created_by=\"avia_inline_auto\" id=\"style-css-av-l42vw3dw-20b668d79342ca45e791907be58c5f9d\">\n.avia-image-container.av-l42vw3dw-20b668d79342ca45e791907be58c5f9d img.avia_image{\nbox-shadow:none;\n}\n.avia-image-container.av-l42vw3dw-20b668d79342ca45e791907be58c5f9d .av-image-caption-overlay-center{\ncolor:#ffffff;\n}\n<\/style>\n<div  class='avia-image-container av-l42vw3dw-20b668d79342ca45e791907be58c5f9d av-styling- av-hover-grow av-img-linked avia-align-center  avia-builder-el-10  avia-builder-el-no-sibling '   itemprop=\"image\" itemscope=\"itemscope\" itemtype=\"https:\/\/schema.org\/ImageObject\" ><div class=\"avia-image-container-inner\"><div class=\"avia-image-overlay-wrap\"><a href=\"https:\/\/www.hugorodriguez.com\/fotos\/panos\/hotel_delicias_escalera\/zaragoza-escalera_c.html\" class='avia_image '  target=\"_blank\"  rel=\"noopener noreferrer\" aria-label='Pano Hotel Plaza Delicias escalera C HRGB Pro D65 SNS'><img decoding=\"async\" fetchpriority=\"high\" class='wp-image-21314 avia-img-lazy-loading-not-21314 avia_image ' src=\"https:\/\/www.hugorodriguez.com\/blog\/wp-content\/uploads\/2022\/06\/Pano-Hotel-Plaza-Delicias-escalera-C-HRGB-Pro-D65-SNS.jpg\" alt='' title='Pano Hotel Plaza Delicias escalera C HRGB Pro D65 SNS'  height=\"125\" width=\"250\"  itemprop=\"thumbnailUrl\" srcset=\"https:\/\/www.hugorodriguez.com\/blog\/wp-content\/uploads\/2022\/06\/Pano-Hotel-Plaza-Delicias-escalera-C-HRGB-Pro-D65-SNS.jpg 250w, https:\/\/www.hugorodriguez.com\/blog\/wp-content\/uploads\/2022\/06\/Pano-Hotel-Plaza-Delicias-escalera-C-HRGB-Pro-D65-SNS-80x40.jpg 80w\" sizes=\"(max-width: 250px) 100vw, 250px\" \/><\/a><\/div><\/div><\/div><\/div>\n\n<style type=\"text\/css\" data-created_by=\"avia_inline_auto\" id=\"style-css-av-mpeguq-b828516e328c8c8fb94096cd5656e389\">\n.flex_column.av-mpeguq-b828516e328c8c8fb94096cd5656e389{\nborder-radius:0px 0px 0px 0px;\npadding:0px 0px 0px 0px;\n}\n<\/style>\n<div  class='flex_column av-mpeguq-b828516e328c8c8fb94096cd5656e389 av_one_third  avia-builder-el-11  el_after_av_one_third  el_before_av_hr  flex_column_div av-zero-column-padding  '     ><style type=\"text\/css\" data-created_by=\"avia_inline_auto\" id=\"style-css-av-l42vwfk7-26b4c64ee81041c5356bfb2eab8fdc30\">\n.avia-image-container.av-l42vwfk7-26b4c64ee81041c5356bfb2eab8fdc30 img.avia_image{\nbox-shadow:none;\n}\n.avia-image-container.av-l42vwfk7-26b4c64ee81041c5356bfb2eab8fdc30 .av-image-caption-overlay-center{\ncolor:#ffffff;\n}\n<\/style>\n<div  class='avia-image-container av-l42vwfk7-26b4c64ee81041c5356bfb2eab8fdc30 av-styling- av-hover-grow av-img-linked avia-align-center  avia-builder-el-12  avia-builder-el-no-sibling '   itemprop=\"image\" itemscope=\"itemscope\" itemtype=\"https:\/\/schema.org\/ImageObject\" ><div class=\"avia-image-container-inner\"><div class=\"avia-image-overlay-wrap\"><a href=\"https:\/\/www.hugorodriguez.com\/fotos\/panos\/mirador_las_palmas\/gran-canaria-mirador_b.html\" class='avia_image '  target=\"_blank\"  rel=\"noopener noreferrer\" aria-label='Pano mirador Las Palmas B v2 SNS'><img decoding=\"async\" fetchpriority=\"high\" class='wp-image-21315 avia-img-lazy-loading-not-21315 avia_image ' src=\"https:\/\/www.hugorodriguez.com\/blog\/wp-content\/uploads\/2022\/06\/Pano-mirador-Las-Palmas-B-v2-SNS.jpg\" alt='' title='Pano mirador Las Palmas B v2 SNS'  height=\"125\" width=\"250\"  itemprop=\"thumbnailUrl\" srcset=\"https:\/\/www.hugorodriguez.com\/blog\/wp-content\/uploads\/2022\/06\/Pano-mirador-Las-Palmas-B-v2-SNS.jpg 250w, https:\/\/www.hugorodriguez.com\/blog\/wp-content\/uploads\/2022\/06\/Pano-mirador-Las-Palmas-B-v2-SNS-80x40.jpg 80w\" sizes=\"(max-width: 250px) 100vw, 250px\" \/><\/a><\/div><\/div><\/div><\/div>\n<div  class='hr av-47ve5qq-cbd430e6d82f2062daee4aba41287d94 hr-default  avia-builder-el-13  el_after_av_one_third  el_before_av_one_third '><span class='hr-inner '><span class=\"hr-inner-style\"><\/span><\/span><\/div>\n\n<style type=\"text\/css\" data-created_by=\"avia_inline_auto\" id=\"style-css-av-42xm4ia-4e559610c9c88e5774283b71714eb63d\">\n.flex_column.av-42xm4ia-4e559610c9c88e5774283b71714eb63d{\nborder-radius:0px 0px 0px 0px;\npadding:0px 0px 0px 0px;\n}\n<\/style>\n<div  class='flex_column av-42xm4ia-4e559610c9c88e5774283b71714eb63d av_one_third  avia-builder-el-14  el_after_av_hr  el_before_av_one_third  first flex_column_div av-zero-column-padding  '     ><style type=\"text\/css\" data-created_by=\"avia_inline_auto\" id=\"style-css-av-l42x6j6k-743e2bb8bf60c7a535f6d14732adcaf1\">\n.avia-image-container.av-l42x6j6k-743e2bb8bf60c7a535f6d14732adcaf1 img.avia_image{\nbox-shadow:none;\n}\n.avia-image-container.av-l42x6j6k-743e2bb8bf60c7a535f6d14732adcaf1 .av-image-caption-overlay-center{\ncolor:#ffffff;\n}\n<\/style>\n<div  class='avia-image-container av-l42x6j6k-743e2bb8bf60c7a535f6d14732adcaf1 av-styling- av-hover-grow av-img-linked avia-align-center  avia-builder-el-15  avia-builder-el-no-sibling '   itemprop=\"image\" itemscope=\"itemscope\" itemtype=\"https:\/\/schema.org\/ImageObject\" ><div class=\"avia-image-container-inner\"><div class=\"avia-image-overlay-wrap\"><a href=\"https:\/\/www.hugorodriguez.com\/fotos\/panos\/menorca\/faro-cavalleria_c.html\" class='avia_image '  target=\"_blank\"  rel=\"noopener noreferrer\" aria-label='Pano Cap des faro de cavalleria C G SNS USM2'><img decoding=\"async\" fetchpriority=\"high\" class='wp-image-21319 avia-img-lazy-loading-not-21319 avia_image ' src=\"https:\/\/www.hugorodriguez.com\/blog\/wp-content\/uploads\/2022\/06\/Pano-Cap-des-faro-de-cavalleria-C-G-SNS-USM2.jpg\" alt='' title='Pano Cap des faro de cavalleria C G SNS USM2'  height=\"125\" width=\"250\"  itemprop=\"thumbnailUrl\" srcset=\"https:\/\/www.hugorodriguez.com\/blog\/wp-content\/uploads\/2022\/06\/Pano-Cap-des-faro-de-cavalleria-C-G-SNS-USM2.jpg 250w, https:\/\/www.hugorodriguez.com\/blog\/wp-content\/uploads\/2022\/06\/Pano-Cap-des-faro-de-cavalleria-C-G-SNS-USM2-80x40.jpg 80w\" sizes=\"(max-width: 250px) 100vw, 250px\" \/><\/a><\/div><\/div><\/div><\/div>\n\n<style type=\"text\/css\" data-created_by=\"avia_inline_auto\" id=\"style-css-av-3k8s5rm-768fd000525e3034d30a4f65a2365cc4\">\n.flex_column.av-3k8s5rm-768fd000525e3034d30a4f65a2365cc4{\nborder-radius:0px 0px 0px 0px;\npadding:0px 0px 0px 0px;\n}\n<\/style>\n<div  class='flex_column av-3k8s5rm-768fd000525e3034d30a4f65a2365cc4 av_one_third  avia-builder-el-16  el_after_av_one_third  el_before_av_one_third  flex_column_div av-zero-column-padding  '     ><style type=\"text\/css\" data-created_by=\"avia_inline_auto\" id=\"style-css-av-l42x7mi6-2495e30ccc3ddaa9fcb240937fb88a8b\">\n.avia-image-container.av-l42x7mi6-2495e30ccc3ddaa9fcb240937fb88a8b img.avia_image{\nbox-shadow:none;\n}\n.avia-image-container.av-l42x7mi6-2495e30ccc3ddaa9fcb240937fb88a8b .av-image-caption-overlay-center{\ncolor:#ffffff;\n}\n<\/style>\n<div  class='avia-image-container av-l42x7mi6-2495e30ccc3ddaa9fcb240937fb88a8b av-styling- av-hover-grow av-img-linked avia-align-center  avia-builder-el-17  avia-builder-el-no-sibling '   itemprop=\"image\" itemscope=\"itemscope\" itemtype=\"https:\/\/schema.org\/ImageObject\" ><div class=\"avia-image-container-inner\"><div class=\"avia-image-overlay-wrap\"><a href=\"https:\/\/www.hugorodriguez.com\/fotos\/panos\/menorca\/faro-cavalleria-muelle_c.html\" class='avia_image '  target=\"_blank\"  rel=\"noopener noreferrer\" aria-label='Pano Faro de Cavalleria C Muelle II HRGBPro SNS'><img decoding=\"async\" fetchpriority=\"high\" class='wp-image-21322 avia-img-lazy-loading-not-21322 avia_image ' src=\"https:\/\/www.hugorodriguez.com\/blog\/wp-content\/uploads\/2022\/06\/Pano-Faro-de-Cavalleria-C-Muelle-II-HRGBPro-SNS.jpg\" alt='' title='Pano Faro de Cavalleria C Muelle II HRGBPro SNS'  height=\"125\" width=\"250\"  itemprop=\"thumbnailUrl\" srcset=\"https:\/\/www.hugorodriguez.com\/blog\/wp-content\/uploads\/2022\/06\/Pano-Faro-de-Cavalleria-C-Muelle-II-HRGBPro-SNS.jpg 250w, https:\/\/www.hugorodriguez.com\/blog\/wp-content\/uploads\/2022\/06\/Pano-Faro-de-Cavalleria-C-Muelle-II-HRGBPro-SNS-80x40.jpg 80w\" sizes=\"(max-width: 250px) 100vw, 250px\" \/><\/a><\/div><\/div><\/div><\/div>\n\n<style type=\"text\/css\" data-created_by=\"avia_inline_auto\" id=\"style-css-av-2upn62a-787ca35bcf19035b24ef8e8b1d0866ac\">\n.flex_column.av-2upn62a-787ca35bcf19035b24ef8e8b1d0866ac{\nborder-radius:0px 0px 0px 0px;\npadding:0px 0px 0px 0px;\n}\n<\/style>\n<div  class='flex_column av-2upn62a-787ca35bcf19035b24ef8e8b1d0866ac av_one_third  avia-builder-el-18  el_after_av_one_third  el_before_av_hr  flex_column_div av-zero-column-padding  '     ><style type=\"text\/css\" data-created_by=\"avia_inline_auto\" id=\"style-css-av-l42xgbwy-1cef948650bdbe97dc7d7e0a9433de59\">\n.avia-image-container.av-l42xgbwy-1cef948650bdbe97dc7d7e0a9433de59 img.avia_image{\nbox-shadow:none;\n}\n.avia-image-container.av-l42xgbwy-1cef948650bdbe97dc7d7e0a9433de59 .av-image-caption-overlay-center{\ncolor:#ffffff;\n}\n<\/style>\n<div  class='avia-image-container av-l42xgbwy-1cef948650bdbe97dc7d7e0a9433de59 av-styling- av-hover-grow av-img-linked avia-align-center  avia-builder-el-19  avia-builder-el-no-sibling '   itemprop=\"image\" itemscope=\"itemscope\" itemtype=\"https:\/\/schema.org\/ImageObject\" ><div class=\"avia-image-container-inner\"><div class=\"avia-image-overlay-wrap\"><a href=\"https:\/\/www.hugorodriguez.com\/fotos\/panos\/cueva-xoroi\/cueva-xoroi.html\" class='avia_image '  target=\"_blank\"  rel=\"noopener noreferrer\" aria-label='Pano Cueva de En Xoroi I'><img decoding=\"async\" fetchpriority=\"high\" class='wp-image-21321 avia-img-lazy-loading-not-21321 avia_image ' src=\"https:\/\/www.hugorodriguez.com\/blog\/wp-content\/uploads\/2022\/06\/Pano-Cueva-de-En-Xoroi-I.jpg\" alt='' title='Pano Cueva de En Xoroi I'  height=\"125\" width=\"250\"  itemprop=\"thumbnailUrl\" srcset=\"https:\/\/www.hugorodriguez.com\/blog\/wp-content\/uploads\/2022\/06\/Pano-Cueva-de-En-Xoroi-I.jpg 250w, https:\/\/www.hugorodriguez.com\/blog\/wp-content\/uploads\/2022\/06\/Pano-Cueva-de-En-Xoroi-I-80x40.jpg 80w\" sizes=\"(max-width: 250px) 100vw, 250px\" \/><\/a><\/div><\/div><\/div><\/div><div  class='hr av-2r68elu-a17c553e318b9c4a247b74f6fa5efac3 hr-default  avia-builder-el-20  el_after_av_one_third  el_before_av_one_third '><span class='hr-inner '><span class=\"hr-inner-style\"><\/span><\/span><\/div><\/p>\n\n<style type=\"text\/css\" data-created_by=\"avia_inline_auto\" id=\"style-css-av-1zqszte-742fc8f2fa456dd9093b3815022130bd\">\n.flex_column.av-1zqszte-742fc8f2fa456dd9093b3815022130bd{\nborder-radius:0px 0px 0px 0px;\npadding:0px 0px 0px 0px;\n}\n<\/style>\n<div  class='flex_column av-1zqszte-742fc8f2fa456dd9093b3815022130bd av_one_third  avia-builder-el-21  el_after_av_hr  el_before_av_one_third  first flex_column_div av-zero-column-padding  '     ><style type=\"text\/css\" data-created_by=\"avia_inline_auto\" id=\"style-css-av-l42xskgs-2c0e39405b1caa766d138a0a91a3b42a\">\n.avia-image-container.av-l42xskgs-2c0e39405b1caa766d138a0a91a3b42a img.avia_image{\nbox-shadow:none;\n}\n.avia-image-container.av-l42xskgs-2c0e39405b1caa766d138a0a91a3b42a .av-image-caption-overlay-center{\ncolor:#ffffff;\n}\n<\/style>\n<div  class='avia-image-container av-l42xskgs-2c0e39405b1caa766d138a0a91a3b42a av-styling- av-hover-grow av-img-linked avia-align-center  avia-builder-el-22  avia-builder-el-no-sibling '   itemprop=\"image\" itemscope=\"itemscope\" itemtype=\"https:\/\/schema.org\/ImageObject\" ><div class=\"avia-image-container-inner\"><div class=\"avia-image-overlay-wrap\"><a href=\"https:\/\/www.hugorodriguez.com\/fotos\/panos\/menorca\/fornells-muelle_b.html\" class='avia_image '  target=\"_blank\"  rel=\"noopener noreferrer\" aria-label='Pano Fornells B SNS'><img decoding=\"async\" fetchpriority=\"high\" class='wp-image-21323 avia-img-lazy-loading-not-21323 avia_image ' src=\"https:\/\/www.hugorodriguez.com\/blog\/wp-content\/uploads\/2022\/06\/Pano-Fornells-B-SNS.jpg\" alt='' title='Pano Fornells B SNS'  height=\"125\" width=\"250\"  itemprop=\"thumbnailUrl\" srcset=\"https:\/\/www.hugorodriguez.com\/blog\/wp-content\/uploads\/2022\/06\/Pano-Fornells-B-SNS.jpg 250w, https:\/\/www.hugorodriguez.com\/blog\/wp-content\/uploads\/2022\/06\/Pano-Fornells-B-SNS-80x40.jpg 80w\" sizes=\"(max-width: 250px) 100vw, 250px\" \/><\/a><\/div><\/div><\/div><\/div>\n\n<style type=\"text\/css\" data-created_by=\"avia_inline_auto\" id=\"style-css-av-1gk40xe-a80a0094e29d72148a42384a2ce7d637\">\n.flex_column.av-1gk40xe-a80a0094e29d72148a42384a2ce7d637{\nborder-radius:0px 0px 0px 0px;\npadding:0px 0px 0px 0px;\n}\n<\/style>\n<div  class='flex_column av-1gk40xe-a80a0094e29d72148a42384a2ce7d637 av_one_third  avia-builder-el-23  el_after_av_one_third  el_before_av_one_third  flex_column_div av-zero-column-padding  '     ><style type=\"text\/css\" data-created_by=\"avia_inline_auto\" id=\"style-css-av-l42xvf1v-744751d5766d02fe3a2c164f88427c87\">\n.avia-image-container.av-l42xvf1v-744751d5766d02fe3a2c164f88427c87 img.avia_image{\nbox-shadow:none;\n}\n.avia-image-container.av-l42xvf1v-744751d5766d02fe3a2c164f88427c87 .av-image-caption-overlay-center{\ncolor:#ffffff;\n}\n<\/style>\n<div  class='avia-image-container av-l42xvf1v-744751d5766d02fe3a2c164f88427c87 av-styling- av-hover-grow av-img-linked avia-align-center  avia-builder-el-24  avia-builder-el-no-sibling '   itemprop=\"image\" itemscope=\"itemscope\" itemtype=\"https:\/\/schema.org\/ImageObject\" ><div class=\"avia-image-container-inner\"><div class=\"avia-image-overlay-wrap\"><a href=\"https:\/\/www.hugorodriguez.com\/fotos\/panos\/lanzarote\/lanzarote-aeropuerto_b.html\" class='avia_image '  target=\"_blank\"  rel=\"noopener noreferrer\" aria-label='Pano Aeropuerto Lanzarote B SNS'><img decoding=\"async\" fetchpriority=\"high\" class='wp-image-21324 avia-img-lazy-loading-not-21324 avia_image ' src=\"https:\/\/www.hugorodriguez.com\/blog\/wp-content\/uploads\/2022\/06\/Pano-Aeropuerto-Lanzarote-B-SNS.jpg\" alt='' title='Pano Aeropuerto Lanzarote B SNS'  height=\"125\" width=\"250\"  itemprop=\"thumbnailUrl\" srcset=\"https:\/\/www.hugorodriguez.com\/blog\/wp-content\/uploads\/2022\/06\/Pano-Aeropuerto-Lanzarote-B-SNS.jpg 250w, https:\/\/www.hugorodriguez.com\/blog\/wp-content\/uploads\/2022\/06\/Pano-Aeropuerto-Lanzarote-B-SNS-80x40.jpg 80w\" sizes=\"(max-width: 250px) 100vw, 250px\" \/><\/a><\/div><\/div><\/div><\/div>\n\n<style type=\"text\/css\" data-created_by=\"avia_inline_auto\" id=\"style-css-av-1716che-52f3112d7cd916eca7a6305d0d24ab4c\">\n.flex_column.av-1716che-52f3112d7cd916eca7a6305d0d24ab4c{\nborder-radius:0px 0px 0px 0px;\npadding:0px 0px 0px 0px;\n}\n<\/style>\n<div  class='flex_column av-1716che-52f3112d7cd916eca7a6305d0d24ab4c av_one_third  avia-builder-el-25  el_after_av_one_third  el_before_av_hr  flex_column_div av-zero-column-padding  '     ><style type=\"text\/css\" data-created_by=\"avia_inline_auto\" id=\"style-css-av-2krshe-7a09953ee87c672ef5ac96cfca4fe8a4\">\n.avia-image-container.av-2krshe-7a09953ee87c672ef5ac96cfca4fe8a4 img.avia_image{\nbox-shadow:none;\n}\n.avia-image-container.av-2krshe-7a09953ee87c672ef5ac96cfca4fe8a4 .av-image-caption-overlay-center{\ncolor:#ffffff;\n}\n<\/style>\n<div  class='avia-image-container av-2krshe-7a09953ee87c672ef5ac96cfca4fe8a4 av-styling- av-hover-grow av-img-linked avia-align-center  avia-builder-el-26  avia-builder-el-no-sibling '   itemprop=\"image\" itemscope=\"itemscope\" itemtype=\"https:\/\/schema.org\/ImageObject\" ><div class=\"avia-image-container-inner\"><div class=\"avia-image-overlay-wrap\"><a href=\"https:\/\/www.hugorodriguez.com\/fotos\/panos\/la-palma\/roque-muchachos_a.html\" class='avia_image '  target=\"_blank\"  rel=\"noopener noreferrer\" aria-label='Pano mirador Roque muchachos A'><img decoding=\"async\" fetchpriority=\"high\" class='wp-image-21328 avia-img-lazy-loading-not-21328 avia_image ' src=\"https:\/\/www.hugorodriguez.com\/blog\/wp-content\/uploads\/2022\/06\/Pano-mirador-Roque-muchachos-A.jpg\" alt='' title='Pano mirador Roque muchachos A'  height=\"125\" width=\"250\"  itemprop=\"thumbnailUrl\" srcset=\"https:\/\/www.hugorodriguez.com\/blog\/wp-content\/uploads\/2022\/06\/Pano-mirador-Roque-muchachos-A.jpg 250w, https:\/\/www.hugorodriguez.com\/blog\/wp-content\/uploads\/2022\/06\/Pano-mirador-Roque-muchachos-A-80x40.jpg 80w\" sizes=\"(max-width: 250px) 100vw, 250px\" \/><\/a><\/div><\/div><\/div><\/div>\n<div  class='hr av-4cmsusy-ebd6e7c16a03d75b0a84d848ae6c7ae1 hr-default  avia-builder-el-27  el_after_av_one_third  el_before_av_one_third '><span class='hr-inner '><span class=\"hr-inner-style\"><\/span><\/span><\/div>\n\n<style type=\"text\/css\" data-created_by=\"avia_inline_auto\" id=\"style-css-av-3r58cia-0ae7d08d767bc8c122326f6f0cc1483a\">\n.flex_column.av-3r58cia-0ae7d08d767bc8c122326f6f0cc1483a{\nborder-radius:0px 0px 0px 0px;\npadding:0px 0px 0px 0px;\n}\n<\/style>\n<div  class='flex_column av-3r58cia-0ae7d08d767bc8c122326f6f0cc1483a av_one_third  avia-builder-el-28  el_after_av_hr  el_before_av_one_third  first flex_column_div av-zero-column-padding  '     ><style type=\"text\/css\" data-created_by=\"avia_inline_auto\" id=\"style-css-av-l435v106-ff4aa03c38498ce7a9bf6104e514a690\">\n.avia-image-container.av-l435v106-ff4aa03c38498ce7a9bf6104e514a690 img.avia_image{\nbox-shadow:none;\n}\n.avia-image-container.av-l435v106-ff4aa03c38498ce7a9bf6104e514a690 .av-image-caption-overlay-center{\ncolor:#ffffff;\n}\n<\/style>\n<div  class='avia-image-container av-l435v106-ff4aa03c38498ce7a9bf6104e514a690 av-styling- av-hover-grow av-img-linked avia-align-center  avia-builder-el-29  avia-builder-el-no-sibling '   itemprop=\"image\" itemscope=\"itemscope\" itemtype=\"https:\/\/schema.org\/ImageObject\" ><div class=\"avia-image-container-inner\"><div class=\"avia-image-overlay-wrap\"><a href=\"https:\/\/www.hugorodriguez.com\/fotos\/panos\/mallorca\/mallorca-catedral_e.html\" class='avia_image '  target=\"_blank\"  rel=\"noopener noreferrer\" aria-label='Pano Catedral Mallorca E'><img decoding=\"async\" fetchpriority=\"high\" class='wp-image-21325 avia-img-lazy-loading-not-21325 avia_image ' src=\"https:\/\/www.hugorodriguez.com\/blog\/wp-content\/uploads\/2022\/06\/Pano-Catedral-Mallorca-E.jpg\" alt='' title='Pano Catedral Mallorca E'  height=\"125\" width=\"250\"  itemprop=\"thumbnailUrl\" srcset=\"https:\/\/www.hugorodriguez.com\/blog\/wp-content\/uploads\/2022\/06\/Pano-Catedral-Mallorca-E.jpg 250w, https:\/\/www.hugorodriguez.com\/blog\/wp-content\/uploads\/2022\/06\/Pano-Catedral-Mallorca-E-80x40.jpg 80w\" sizes=\"(max-width: 250px) 100vw, 250px\" \/><\/a><\/div><\/div><\/div><\/div>\n\n<style type=\"text\/css\" data-created_by=\"avia_inline_auto\" id=\"style-css-av-3a2xaj6-698ef73a0b8ba1d9eee661b32f81b18d\">\n.flex_column.av-3a2xaj6-698ef73a0b8ba1d9eee661b32f81b18d{\nborder-radius:0px 0px 0px 0px;\npadding:0px 0px 0px 0px;\n}\n<\/style>\n<div  class='flex_column av-3a2xaj6-698ef73a0b8ba1d9eee661b32f81b18d av_one_third  avia-builder-el-30  el_after_av_one_third  el_before_av_one_third  flex_column_div av-zero-column-padding  '     ><style type=\"text\/css\" data-created_by=\"avia_inline_auto\" id=\"style-css-av-l435zf2g-ab08a654dc721f63ec3c7e095c6d2e7e\">\n.avia-image-container.av-l435zf2g-ab08a654dc721f63ec3c7e095c6d2e7e img.avia_image{\nbox-shadow:none;\n}\n.avia-image-container.av-l435zf2g-ab08a654dc721f63ec3c7e095c6d2e7e .av-image-caption-overlay-center{\ncolor:#ffffff;\n}\n<\/style>\n<div  class='avia-image-container av-l435zf2g-ab08a654dc721f63ec3c7e095c6d2e7e av-styling- av-hover-grow av-img-linked avia-align-center  avia-builder-el-31  avia-builder-el-no-sibling '   itemprop=\"image\" itemscope=\"itemscope\" itemtype=\"https:\/\/schema.org\/ImageObject\" ><div class=\"avia-image-container-inner\"><div class=\"avia-image-overlay-wrap\"><a href=\"https:\/\/www.hugorodriguez.com\/fotos\/panos\/lanzarote\/lanzarote-hotel_o.html\" class='avia_image '  target=\"_blank\"  rel=\"noopener noreferrer\" aria-label='Pano Hotel Nautilus O'><img decoding=\"async\" fetchpriority=\"high\" class='wp-image-21327 avia-img-lazy-loading-not-21327 avia_image ' src=\"https:\/\/www.hugorodriguez.com\/blog\/wp-content\/uploads\/2022\/06\/Pano-Hotel-Nautilus-O.jpg\" alt='' title='Pano Hotel Nautilus O'  height=\"125\" width=\"250\"  itemprop=\"thumbnailUrl\" srcset=\"https:\/\/www.hugorodriguez.com\/blog\/wp-content\/uploads\/2022\/06\/Pano-Hotel-Nautilus-O.jpg 250w, https:\/\/www.hugorodriguez.com\/blog\/wp-content\/uploads\/2022\/06\/Pano-Hotel-Nautilus-O-80x40.jpg 80w\" sizes=\"(max-width: 250px) 100vw, 250px\" \/><\/a><\/div><\/div><\/div><\/div>\n\n<style type=\"text\/css\" data-created_by=\"avia_inline_auto\" id=\"style-css-av-2z2xw36-78ac174dcf849aedff2fc795f8263fc7\">\n.flex_column.av-2z2xw36-78ac174dcf849aedff2fc795f8263fc7{\nborder-radius:0px 0px 0px 0px;\npadding:0px 0px 0px 0px;\n}\n<\/style>\n<div  class='flex_column av-2z2xw36-78ac174dcf849aedff2fc795f8263fc7 av_one_third  avia-builder-el-32  el_after_av_one_third  el_before_av_hr  flex_column_div av-zero-column-padding  '     ><style type=\"text\/css\" data-created_by=\"avia_inline_auto\" id=\"style-css-av-l4362pay-9a7f8f9f93e3c756107152b6315c7424\">\n.avia-image-container.av-l4362pay-9a7f8f9f93e3c756107152b6315c7424 img.avia_image{\nbox-shadow:none;\n}\n.avia-image-container.av-l4362pay-9a7f8f9f93e3c756107152b6315c7424 .av-image-caption-overlay-center{\ncolor:#ffffff;\n}\n<\/style>\n<div  class='avia-image-container av-l4362pay-9a7f8f9f93e3c756107152b6315c7424 av-styling- av-hover-grow av-img-linked avia-align-center  avia-builder-el-33  avia-builder-el-no-sibling '   itemprop=\"image\" itemscope=\"itemscope\" itemtype=\"https:\/\/schema.org\/ImageObject\" ><div class=\"avia-image-container-inner\"><div class=\"avia-image-overlay-wrap\"><a href=\"https:\/\/www.hugorodriguez.com\/fotos\/panos\/lanzarote\/lanzarote-hotel_b.html\" class='avia_image '  target=\"_blank\"  rel=\"noopener noreferrer\" aria-label='Pano Nautilus B'><img decoding=\"async\" fetchpriority=\"high\" class='wp-image-21329 avia-img-lazy-loading-not-21329 avia_image ' src=\"https:\/\/www.hugorodriguez.com\/blog\/wp-content\/uploads\/2022\/06\/Pano-Nautilus-B.jpg\" alt='' title='Pano Nautilus B'  height=\"125\" width=\"250\"  itemprop=\"thumbnailUrl\" srcset=\"https:\/\/www.hugorodriguez.com\/blog\/wp-content\/uploads\/2022\/06\/Pano-Nautilus-B.jpg 250w, https:\/\/www.hugorodriguez.com\/blog\/wp-content\/uploads\/2022\/06\/Pano-Nautilus-B-80x40.jpg 80w\" sizes=\"(max-width: 250px) 100vw, 250px\" \/><\/a><\/div><\/div><\/div><\/div>\n<div  class='hr av-938aia-c813a1459f29be9b4c88e8b4593c0785 hr-default  avia-builder-el-34  el_after_av_one_third  el_before_av_one_third '><span class='hr-inner '><span class=\"hr-inner-style\"><\/span><\/span><\/div>\n\n<style type=\"text\/css\" data-created_by=\"avia_inline_auto\" id=\"style-css-av-285fmlu-8322883e1a4fef7a77f9d5a972eff97d\">\n.flex_column.av-285fmlu-8322883e1a4fef7a77f9d5a972eff97d{\nborder-radius:0px 0px 0px 0px;\npadding:0px 0px 0px 0px;\n}\n<\/style>\n<div  class='flex_column av-285fmlu-8322883e1a4fef7a77f9d5a972eff97d av_one_third  avia-builder-el-35  el_after_av_hr  el_before_av_one_third  first flex_column_div av-zero-column-padding  '     ><style type=\"text\/css\" data-created_by=\"avia_inline_auto\" id=\"style-css-av-l43676d0-6418cb49420cca46e0b52005b37f2500\">\n.avia-image-container.av-l43676d0-6418cb49420cca46e0b52005b37f2500 img.avia_image{\nbox-shadow:none;\n}\n.avia-image-container.av-l43676d0-6418cb49420cca46e0b52005b37f2500 .av-image-caption-overlay-center{\ncolor:#ffffff;\n}\n<\/style>\n<div  class='avia-image-container av-l43676d0-6418cb49420cca46e0b52005b37f2500 av-styling- av-hover-grow av-img-linked avia-align-center  avia-builder-el-36  avia-builder-el-no-sibling '   itemprop=\"image\" itemscope=\"itemscope\" itemtype=\"https:\/\/schema.org\/ImageObject\" ><div class=\"avia-image-container-inner\"><div class=\"avia-image-overlay-wrap\"><a href=\"https:\/\/www.hugorodriguez.com\/fotos\/panos\/mallorca\/mallorca-salines_f.html\" class='avia_image '  target=\"_blank\"  rel=\"noopener noreferrer\" aria-label='Pano Ses Salines F'><img decoding=\"async\" fetchpriority=\"high\" class='wp-image-21330 avia-img-lazy-loading-not-21330 avia_image ' src=\"https:\/\/www.hugorodriguez.com\/blog\/wp-content\/uploads\/2022\/06\/Pano-Ses-Salines-F.jpg\" alt='' title='Pano Ses Salines F'  height=\"125\" width=\"250\"  itemprop=\"thumbnailUrl\" srcset=\"https:\/\/www.hugorodriguez.com\/blog\/wp-content\/uploads\/2022\/06\/Pano-Ses-Salines-F.jpg 250w, https:\/\/www.hugorodriguez.com\/blog\/wp-content\/uploads\/2022\/06\/Pano-Ses-Salines-F-80x40.jpg 80w\" sizes=\"(max-width: 250px) 100vw, 250px\" \/><\/a><\/div><\/div><\/div><\/div>\n\n<style type=\"text\/css\" data-created_by=\"avia_inline_auto\" id=\"style-css-av-1hgx0cy-607314900d580b644fb351d26be0ae15\">\n.flex_column.av-1hgx0cy-607314900d580b644fb351d26be0ae15{\nborder-radius:0px 0px 0px 0px;\npadding:0px 0px 0px 0px;\n}\n<\/style>\n<div  class='flex_column av-1hgx0cy-607314900d580b644fb351d26be0ae15 av_one_third  avia-builder-el-37  el_after_av_one_third  el_before_av_one_third  flex_column_div av-zero-column-padding  '     ><style type=\"text\/css\" data-created_by=\"avia_inline_auto\" id=\"style-css-av-l436e492-c2811c7f894c26d65a05d5cd27cdd9c8\">\n.avia-image-container.av-l436e492-c2811c7f894c26d65a05d5cd27cdd9c8 img.avia_image{\nbox-shadow:none;\n}\n.avia-image-container.av-l436e492-c2811c7f894c26d65a05d5cd27cdd9c8 .av-image-caption-overlay-center{\ncolor:#ffffff;\n}\n<\/style>\n<div  class='avia-image-container av-l436e492-c2811c7f894c26d65a05d5cd27cdd9c8 av-styling- av-hover-grow av-img-linked avia-align-center  avia-builder-el-38  avia-builder-el-no-sibling '   itemprop=\"image\" itemscope=\"itemscope\" itemtype=\"https:\/\/schema.org\/ImageObject\" ><div class=\"avia-image-container-inner\"><div class=\"avia-image-overlay-wrap\"><a href=\"https:\/\/www.hugorodriguez.com\/fotos\/panos\/ourense\/ourense-hotel_a.html\" class='avia_image '  target=\"_blank\"  rel=\"noopener noreferrer\" aria-label='Pano hotel Ourense A'><img decoding=\"async\" fetchpriority=\"high\" class='wp-image-21336 avia-img-lazy-loading-not-21336 avia_image ' src=\"https:\/\/www.hugorodriguez.com\/blog\/wp-content\/uploads\/2022\/06\/Pano-hotel-Ourense-A.jpg\" alt='' title='Pano hotel Ourense A'  height=\"125\" width=\"250\"  itemprop=\"thumbnailUrl\" srcset=\"https:\/\/www.hugorodriguez.com\/blog\/wp-content\/uploads\/2022\/06\/Pano-hotel-Ourense-A.jpg 250w, https:\/\/www.hugorodriguez.com\/blog\/wp-content\/uploads\/2022\/06\/Pano-hotel-Ourense-A-80x40.jpg 80w\" sizes=\"(max-width: 250px) 100vw, 250px\" \/><\/a><\/div><\/div><\/div><\/div>\n\n<style type=\"text\/css\" data-created_by=\"avia_inline_auto\" id=\"style-css-av-14hwlg2-d5916884b674b5cac075d7396375f2bd\">\n.flex_column.av-14hwlg2-d5916884b674b5cac075d7396375f2bd{\nborder-radius:0px 0px 0px 0px;\npadding:0px 0px 0px 0px;\n}\n<\/style>\n<div  class='flex_column av-14hwlg2-d5916884b674b5cac075d7396375f2bd av_one_third  avia-builder-el-39  el_after_av_one_third  el_before_av_hr  flex_column_div av-zero-column-padding  '     ><style type=\"text\/css\" data-created_by=\"avia_inline_auto\" id=\"style-css-av-qwmkia-65f7c94fa87d917faf6fddcf0e5bf258\">\n.avia-image-container.av-qwmkia-65f7c94fa87d917faf6fddcf0e5bf258 img.avia_image{\nbox-shadow:none;\n}\n.avia-image-container.av-qwmkia-65f7c94fa87d917faf6fddcf0e5bf258 .av-image-caption-overlay-center{\ncolor:#ffffff;\n}\n<\/style>\n<div  class='avia-image-container av-qwmkia-65f7c94fa87d917faf6fddcf0e5bf258 av-styling- av-hover-grow av-img-linked avia-align-center  avia-builder-el-40  avia-builder-el-no-sibling '   itemprop=\"image\" itemscope=\"itemscope\" itemtype=\"https:\/\/schema.org\/ImageObject\" ><div class=\"avia-image-container-inner\"><div class=\"avia-image-overlay-wrap\"><a href=\"https:\/\/www.hugorodriguez.com\/fotos\/panos\/uruguay\/la-paloma_a.html\" class='avia_image '  target=\"_blank\"  rel=\"noopener noreferrer\" aria-label='La Paloma #1 Little planet, Uruguay'><img decoding=\"async\" fetchpriority=\"high\" class='wp-image-21355 avia-img-lazy-loading-not-21355 avia_image ' src=\"https:\/\/www.hugorodriguez.com\/blog\/wp-content\/uploads\/2022\/06\/Pano-La-Paloma-A.jpg\" alt='' title='La Paloma #1 Little planet, Uruguay'  height=\"125\" width=\"250\"  itemprop=\"thumbnailUrl\" srcset=\"https:\/\/www.hugorodriguez.com\/blog\/wp-content\/uploads\/2022\/06\/Pano-La-Paloma-A.jpg 250w, https:\/\/www.hugorodriguez.com\/blog\/wp-content\/uploads\/2022\/06\/Pano-La-Paloma-A-80x40.jpg 80w\" sizes=\"(max-width: 250px) 100vw, 250px\" \/><\/a><\/div><\/div><\/div><\/div>\n<div  class='hr av-938aia-c813a1459f29be9b4c88e8b4593c0785 hr-default  avia-builder-el-41  el_after_av_one_third  el_before_av_one_third '><span class='hr-inner '><span class=\"hr-inner-style\"><\/span><\/span><\/div>\n\n<style type=\"text\/css\" data-created_by=\"avia_inline_auto\" id=\"style-css-av-285fmlu-8322883e1a4fef7a77f9d5a972eff97d\">\n.flex_column.av-285fmlu-8322883e1a4fef7a77f9d5a972eff97d{\nborder-radius:0px 0px 0px 0px;\npadding:0px 0px 0px 0px;\n}\n<\/style>\n<div  class='flex_column av-285fmlu-8322883e1a4fef7a77f9d5a972eff97d av_one_third  avia-builder-el-42  el_after_av_hr  el_before_av_hr  first flex_column_div av-zero-column-padding  '     ><style type=\"text\/css\" data-created_by=\"avia_inline_auto\" id=\"style-css-av-l43676d0-191828c30c0077067643b72893d7759e\">\n.avia-image-container.av-l43676d0-191828c30c0077067643b72893d7759e img.avia_image{\nbox-shadow:none;\n}\n.avia-image-container.av-l43676d0-191828c30c0077067643b72893d7759e .av-image-caption-overlay-center{\ncolor:#ffffff;\n}\n<\/style>\n<div  class='avia-image-container av-l43676d0-191828c30c0077067643b72893d7759e av-styling- av-hover-grow av-img-linked avia-align-center  avia-builder-el-43  avia-builder-el-no-sibling '   itemprop=\"image\" itemscope=\"itemscope\" itemtype=\"https:\/\/schema.org\/ImageObject\" ><div class=\"avia-image-container-inner\"><div class=\"avia-image-overlay-wrap\"><a href=\"https:\/\/www.hugorodriguez.com\/fotos\/panos\/barcelona\/playa-prat_d.html\" class='avia_image '  target=\"_blank\"  rel=\"noopener noreferrer\" aria-label='Pano playa El Prat D SNS2'><img decoding=\"async\" fetchpriority=\"high\" class='wp-image-21360 avia-img-lazy-loading-not-21360 avia_image ' src=\"https:\/\/www.hugorodriguez.com\/blog\/wp-content\/uploads\/2022\/06\/Pano-playa-El-Prat-D-SNS2.jpg\" alt='' title='Pano playa El Prat D SNS2'  height=\"125\" width=\"250\"  itemprop=\"thumbnailUrl\" srcset=\"https:\/\/www.hugorodriguez.com\/blog\/wp-content\/uploads\/2022\/06\/Pano-playa-El-Prat-D-SNS2.jpg 250w, https:\/\/www.hugorodriguez.com\/blog\/wp-content\/uploads\/2022\/06\/Pano-playa-El-Prat-D-SNS2-80x40.jpg 80w\" sizes=\"(max-width: 250px) 100vw, 250px\" \/><\/a><\/div><\/div><\/div><\/div>\n<div  class='hr av-938aia-c813a1459f29be9b4c88e8b4593c0785 hr-default  avia-builder-el-44  el_after_av_one_third  el_before_av_one_full '><span class='hr-inner '><span class=\"hr-inner-style\"><\/span><\/span><\/div>\n\n<style type=\"text\/css\" data-created_by=\"avia_inline_auto\" id=\"style-css-av-rob84y-60b0643b8f428d1296c0926082e044a7\">\n.flex_column.av-rob84y-60b0643b8f428d1296c0926082e044a7{\nborder-radius:0px 0px 0px 0px;\npadding:0px 0px 0px 0px;\n}\n<\/style>\n<div  class='flex_column av-rob84y-60b0643b8f428d1296c0926082e044a7 av_one_full  avia-builder-el-45  el_after_av_hr  el_before_av_hr  first flex_column_div av-zero-column-padding  '     ><section  class='av_textblock_section av-lxc2t1it-7ec50ab30d00d9bc1313a0f6857434c9 '   itemscope=\"itemscope\" itemtype=\"https:\/\/schema.org\/CreativeWork\" ><div class='avia_textblock'  itemprop=\"text\" ><h3 style=\"text-align: center;\">\u00bfQUIERES DECORAR TU CASA\/DESPACHO CON UNA PANOR\u00c1MICA ESPECTACULAR?<\/h3>\n<p>Te presento <strong>PANORAMA PLANET<\/strong>, mi propia tienda de panor\u00e1micas impresas en ultra-alta calidad y a tama\u00f1os grandes.<\/p>\n<\/div><\/section><br \/>\n\n<style type=\"text\/css\" data-created_by=\"avia_inline_auto\" id=\"style-css-av-lxc2v483-309e72f8f132b0008e96c8f0b365b64c\">\n.avia-image-container.av-lxc2v483-309e72f8f132b0008e96c8f0b365b64c img.avia_image{\nbox-shadow:none;\n}\n.avia-image-container.av-lxc2v483-309e72f8f132b0008e96c8f0b365b64c .av-image-caption-overlay-center{\ncolor:#ffffff;\n}\n<\/style>\n<div  class='avia-image-container av-lxc2v483-309e72f8f132b0008e96c8f0b365b64c av-styling- av-hover-grow av-img-linked avia-align-center  avia-builder-el-47  el_after_av_textblock  avia-builder-el-last '   itemprop=\"image\" itemscope=\"itemscope\" itemtype=\"https:\/\/schema.org\/ImageObject\" ><div class=\"avia-image-container-inner\"><div class=\"avia-image-overlay-wrap\"><a href=\"https:\/\/www.panorama-planet.com\" class='avia_image '  aria-label='Easy-slider-Home-Panorama-Planet'><img decoding=\"async\" fetchpriority=\"high\" class='wp-image-27447 avia-img-lazy-loading-not-27447 avia_image ' src=\"https:\/\/www.hugorodriguez.com\/blog\/wp-content\/uploads\/2023\/12\/Easy-slider-Home-Panorama-Planet.jpg\" alt='' title='Easy-slider-Home-Panorama-Planet'  height=\"360\" width=\"1030\"  itemprop=\"thumbnailUrl\" srcset=\"https:\/\/www.hugorodriguez.com\/blog\/wp-content\/uploads\/2023\/12\/Easy-slider-Home-Panorama-Planet.jpg 1030w, https:\/\/www.hugorodriguez.com\/blog\/wp-content\/uploads\/2023\/12\/Easy-slider-Home-Panorama-Planet-80x28.jpg 80w, https:\/\/www.hugorodriguez.com\/blog\/wp-content\/uploads\/2023\/12\/Easy-slider-Home-Panorama-Planet-500x175.jpg 500w, https:\/\/www.hugorodriguez.com\/blog\/wp-content\/uploads\/2023\/12\/Easy-slider-Home-Panorama-Planet-768x268.jpg 768w, https:\/\/www.hugorodriguez.com\/blog\/wp-content\/uploads\/2023\/12\/Easy-slider-Home-Panorama-Planet-705x246.jpg 705w, https:\/\/www.hugorodriguez.com\/blog\/wp-content\/uploads\/2023\/12\/Easy-slider-Home-Panorama-Planet-450x157.jpg 450w\" sizes=\"(max-width: 1030px) 100vw, 1030px\" \/><\/a><\/div><\/div><\/div><\/p><\/div>\n<div  class='hr av-938aia-c813a1459f29be9b4c88e8b4593c0785 hr-default  avia-builder-el-48  el_after_av_one_full  el_before_av_textblock '><span class='hr-inner '><span class=\"hr-inner-style\"><\/span><\/span><\/div>\n<section  class='av_textblock_section av-l443tw1h-2c16300b857eafa14e96d6673bfc9788 '   itemscope=\"itemscope\" itemtype=\"https:\/\/schema.org\/CreativeWork\" ><div class='avia_textblock'  itemprop=\"text\" ><h3 class=\"titulo-curso\" style=\"text-align: center;\">La mayor vista de Barcelona existente<\/h3>\n<p>Y es que est\u00e1 tomada desde el punto con mejor vista de toda la ciudad, con alrededor de 300\u00ba de visi\u00f3n ininterrumpida y casi 160.000 p\u00edxeles de ancho. Es tan detallada que pueden verse las ventanas de las casas y la gente del centro, la central del Bes\u00f3s y, al mismo tiempo, el Palau Sant Jordi o las pistas del aeropuerto del Prat!<br \/>\nNo olvides pulsar el bot\u00f3n de pantalla completa para examinarla en detalle!<\/p>\n<p>Tambi\u00e9n puedes verla en la p\u00e1gina de\u00a0<a href=\"http:\/\/gigapan.org\/gigapans\/91617\/\" target=\"_top\">Gigapan<\/a>:<\/p>\n<\/div><\/section>\n\n<div  class='hr av-938aia-c813a1459f29be9b4c88e8b4593c0785 hr-default  avia-builder-el-51  el_after_av_codeblock  el_before_av_textblock '><span class='hr-inner '><span class=\"hr-inner-style\"><\/span><\/span><\/div>\n<section  class='av_textblock_section av-l443tw1h-2c16300b857eafa14e96d6673bfc9788 '   itemscope=\"itemscope\" itemtype=\"https:\/\/schema.org\/CreativeWork\" ><div class='avia_textblock'  itemprop=\"text\" ><h3 class=\"titulo-curso\" style=\"text-align: center;\">Vista de Barcelona de 5 Gigap\u00edxeles<\/h3>\n<p>Bueno, despu\u00e9s de unas cuantas horas de arduo trabajo, he podido finalizar la gigapanor\u00e1mica de BCN que tom\u00e9 desde las oficinas de Adobe en la torre Mapfre, sita en el puerto ol\u00edmpico.<br \/>\nAl final, han sido casi 5 Gigap\u00edxeles\u00a0(4.930 megap\u00edxeles en total) formados por una matriz de 27 columnas y 14 filas de disparos, todos con una D7100 y el 70-200.<\/p>\n<\/div><\/section>\n\n","protected":false},"excerpt":{"rendered":"","protected":false},"author":1,"featured_media":0,"parent":4022,"menu_order":0,"comment_status":"closed","ping_status":"closed","template":"","meta":{"footnotes":""},"class_list":["post-21298","page","type-page","status-publish","hentry"],"_links":{"self":[{"href":"https:\/\/www.hugorodriguez.com\/blog\/wp-json\/wp\/v2\/pages\/21298","targetHints":{"allow":["GET"]}}],"collection":[{"href":"https:\/\/www.hugorodriguez.com\/blog\/wp-json\/wp\/v2\/pages"}],"about":[{"href":"https:\/\/www.hugorodriguez.com\/blog\/wp-json\/wp\/v2\/types\/page"}],"author":[{"embeddable":true,"href":"https:\/\/www.hugorodriguez.com\/blog\/wp-json\/wp\/v2\/users\/1"}],"replies":[{"embeddable":true,"href":"https:\/\/www.hugorodriguez.com\/blog\/wp-json\/wp\/v2\/comments?post=21298"}],"version-history":[{"count":7,"href":"https:\/\/www.hugorodriguez.com\/blog\/wp-json\/wp\/v2\/pages\/21298\/revisions"}],"predecessor-version":[{"id":28719,"href":"https:\/\/www.hugorodriguez.com\/blog\/wp-json\/wp\/v2\/pages\/21298\/revisions\/28719"}],"up":[{"embeddable":true,"href":"https:\/\/www.hugorodriguez.com\/blog\/wp-json\/wp\/v2\/pages\/4022"}],"wp:attachment":[{"href":"https:\/\/www.hugorodriguez.com\/blog\/wp-json\/wp\/v2\/media?parent=21298"}],"curies":[{"name":"wp","href":"https:\/\/api.w.org\/{rel}","templated":true}]}}