{"id":11841,"date":"2019-10-03T18:46:15","date_gmt":"2019-10-03T16:46:15","guid":{"rendered":"https:\/\/www.hugorodriguez.com\/blog\/?page_id=11841"},"modified":"2019-10-04T12:57:08","modified_gmt":"2019-10-04T10:57:08","slug":"renovando-el-ordenador-para-fotografia-y-video","status":"publish","type":"page","link":"https:\/\/www.hugorodriguez.com\/blog\/renovando-el-ordenador-para-fotografia-y-video\/","title":{"rendered":"Renovando el ordenador para fotograf\u00eda y video."},"content":{"rendered":"<p>Despu\u00e9s de 5 a\u00f1os con mi PC, ha llegado el momento de cambiar por otro, y en este art\u00edculo os quiero explicar como ha sido el proceso de creaci\u00f3n del mismo.<\/p>\n<p>Creo que a estas alturas no hace falta decir que ser\u00e1 un ordenador para fotograf\u00eda, obviamente pero, ojo, tambi\u00e9n para video. Har\u00e1 tareas de ofim\u00e1tica y ocasionalmente alg\u00fan videojuego para mis hijos, pero esto \u00faltimo es algo totalmente secundario.<\/p>\n<div id=\"attachment_11901\" style=\"width: 393px\" class=\"wp-caption aligncenter\"><a href=\"https:\/\/www.hugorodriguez.com\/blog\/wp-content\/uploads\/2019\/09\/Componentes-nuevo-PC.jpg\"><img loading=\"lazy\" decoding=\"async\" aria-describedby=\"caption-attachment-11901\" class=\"size-medium wp-image-11901\" src=\"https:\/\/www.hugorodriguez.com\/blog\/wp-content\/uploads\/2019\/09\/Componentes-nuevo-PC-383x500.jpg\" alt=\"\" width=\"383\" height=\"500\" srcset=\"https:\/\/www.hugorodriguez.com\/blog\/wp-content\/uploads\/2019\/09\/Componentes-nuevo-PC-383x500.jpg 383w, https:\/\/www.hugorodriguez.com\/blog\/wp-content\/uploads\/2019\/09\/Componentes-nuevo-PC-61x80.jpg 61w, https:\/\/www.hugorodriguez.com\/blog\/wp-content\/uploads\/2019\/09\/Componentes-nuevo-PC-540x705.jpg 540w, https:\/\/www.hugorodriguez.com\/blog\/wp-content\/uploads\/2019\/09\/Componentes-nuevo-PC-450x588.jpg 450w, https:\/\/www.hugorodriguez.com\/blog\/wp-content\/uploads\/2019\/09\/Componentes-nuevo-PC.jpg 559w\" sizes=\"auto, (max-width: 383px) 100vw, 383px\" \/><\/a><p id=\"caption-attachment-11901\" class=\"wp-caption-text\">Todos los componentes para montar el nuevo ordenador.<\/p><\/div>\n<p>Hoy dia si quieres un ordenador realmente potente pero sin tener que gastar una barbaridad de dinero, tienes que especificar en qu\u00e9 aplicaciones concretamente vas a usarlo y cuanto rendimiento buscas. En mi caso, lo tengo claro: las aplicaciones que me interesan m\u00e1s son:<\/p>\n<ul>\n<li>Edici\u00f3n de video con Adobe Premiere CC, Camtasia y quiz\u00e1s, m\u00e1s adelante, con DaVinci. Siempre con video en Full HD y ocasionalmente 4K.<\/li>\n<li>Revelado de RAWs con Capture One Pro<\/li>\n<li>Montaje de panor\u00e1micas con PTGui Pro<\/li>\n<li>Catalogaci\u00f3n con Lightroom Classic<\/li>\n<li>Navegaci\u00f3n y organizaci\u00f3n de fotos con ACDSee Pro.<\/li>\n<li>Ajustes con Photoshop ocasionalmente<\/li>\n<li>Creaci\u00f3n de tours virtuales con Panotour Pro<\/li>\n<li>Documentos con Office<\/li>\n<li>M\u00e1quinas virtuales con Windows XP<\/li>\n<li>Navegaci\u00f3n p\u00e1ginas web\u2026<\/li>\n<\/ul>\n<p>En todas estas tareas hay que diferenciar claramente entre las que requieren una potencia gr\u00e1fica alta (revelado de RAWs y edici\u00f3n de video), las que requieren un uso intensivo de disco duro, las que necesitan mucha potencia de c\u00e1lculo pura y dura y las que no requieren especial potencia. En ese sentido, si clasifico estas aplicaciones que yo uso seg\u00fan lo que necesitan, tendr\u00eda la siguiente tabla:<\/p>\n<table>\n<tbody>\n<tr>\n<td>\n<p style=\"text-align: center;\"><strong>Aplicaci\u00f3n<\/strong><\/p>\n<\/td>\n<td style=\"text-align: center;\"><strong>Velocidad<br \/>\ndisco duro<\/strong><\/td>\n<td style=\"text-align: center;\"><strong>Potencia<br \/>\nde c\u00e1lculo<br \/>\n(CPU)<\/strong><\/td>\n<td style=\"text-align: center;\">\n<p style=\"text-align: center;\"><strong>Potencia<br \/>\ngr\u00e1fica<br \/>\n(OpenCL\/CUDA)<\/strong><\/p>\n<\/td>\n<td>\n<p style=\"text-align: center;\"><strong>Potencia<br \/>\nvisualizaci\u00f3n<br \/>\n(OpenGL)<\/strong><\/p>\n<\/td>\n<\/tr>\n<tr>\n<td>\n<p style=\"text-align: right;\"><strong>Premiere<\/strong><\/p>\n<\/td>\n<td style=\"text-align: center;\">Alta<\/td>\n<td style=\"text-align: center;\">Muy alta<\/td>\n<td style=\"text-align: center;\">Muy alta<\/td>\n<td style=\"text-align: center;\">No<\/td>\n<\/tr>\n<tr>\n<td>\n<p style=\"text-align: right;\"><strong>Capture One<\/strong><\/p>\n<\/td>\n<td style=\"text-align: center;\">Media-alta<\/td>\n<td style=\"text-align: center;\">Alta<\/td>\n<td style=\"text-align: center;\">Alta<\/td>\n<td>\n<p style=\"text-align: center;\">No<\/p>\n<\/td>\n<\/tr>\n<tr>\n<td>\n<p style=\"text-align: right;\"><strong>Lightroom<\/strong><\/p>\n<\/td>\n<td>\n<p style=\"text-align: center;\">Media-alta<\/p>\n<\/td>\n<td style=\"text-align: center;\">Alta<\/td>\n<td style=\"text-align: center;\">Media<\/td>\n<td>\n<p style=\"text-align: center;\">Media<\/p>\n<\/td>\n<\/tr>\n<tr>\n<td>\n<p style=\"text-align: right;\"><strong>Photoshop<\/strong><\/p>\n<\/td>\n<td>\n<p style=\"text-align: center;\">Media-alta<\/p>\n<\/td>\n<td style=\"text-align: center;\">Media<\/td>\n<td style=\"text-align: center;\">Baja-media<\/td>\n<td>\n<p style=\"text-align: center;\">Baja<\/p>\n<\/td>\n<\/tr>\n<tr>\n<td>\n<p style=\"text-align: right;\"><strong>PTGui<\/strong><\/p>\n<\/td>\n<td>\n<p style=\"text-align: center;\">Alta<\/p>\n<\/td>\n<td style=\"text-align: center;\">Media<\/td>\n<td style=\"text-align: center;\">Alta<\/td>\n<td>\n<p style=\"text-align: center;\">No<\/p>\n<\/td>\n<\/tr>\n<tr>\n<td>\n<p style=\"text-align: right;\"><strong>Panotour<\/strong><\/p>\n<\/td>\n<td>\n<p style=\"text-align: center;\">Baja<\/p>\n<\/td>\n<td style=\"text-align: center;\">Media<\/td>\n<td style=\"text-align: center;\">Baja<\/td>\n<td>\n<p style=\"text-align: center;\">No<\/p>\n<\/td>\n<\/tr>\n<tr>\n<td>\n<p style=\"text-align: right;\"><strong>ACDSee Pro<\/strong><\/p>\n<\/td>\n<td>\n<p style=\"text-align: center;\">Media-alta<\/p>\n<\/td>\n<td style=\"text-align: center;\">Media<\/td>\n<td style=\"text-align: center;\">No<\/td>\n<td>\n<p style=\"text-align: center;\">No<\/p>\n<\/td>\n<\/tr>\n<tr>\n<td style=\"text-align: center;\">\n<p style=\"text-align: right;\"><strong>Office 2013<\/strong><\/p>\n<\/td>\n<td style=\"text-align: center;\">Media<\/td>\n<td>\n<p style=\"text-align: center;\">Baja<\/p>\n<\/td>\n<td>\n<p style=\"text-align: center;\">No<\/p>\n<\/td>\n<td>\n<p style=\"text-align: center;\">No<\/p>\n<\/td>\n<\/tr>\n<\/tbody>\n<\/table>\n<p>&nbsp;<\/p>\n<p>Como puedes ver, las aplicaciones m\u00e1s exigentes son Premiere y CaptureOne. Ambas requieren gran potencia de c\u00e1lculo en la CPU, gran potencia gr\u00e1fica, especialmente OpenCL, y un disco duro muy r\u00e1pido. PTGui tambi\u00e9n requiere bastante potencia, especialmente OpenCL y velocidad de disco. El resto ya son medianamente exigentes. Incluso Photoshop, que puede volverse muy exigente con el disco duro, en mi caso no lo es mucho porque lo uso poco y no creo docenas de capas en ficheros gigantes como hacen los retocadores.<\/p>\n<p>Asi pues, lo que m\u00e1s me interesa en cuanto al rendimiento es que:<\/p>\n<ul>\n<li>Tenga una <strong>velocidad de lectura y escritura en disco muy r\u00e1pida<\/strong>. Esto es importante para que todo vaya r\u00e1pido: desde arrancar el ordenador, abrir un programa, una serie de im\u00e1genes o editar un video. No necesito una gran capacidad; con alrededor de 6 TB voy m\u00e1s que bien servido.<\/li>\n<li>Tenga un <strong>rendimiento muy alto en OpenCL<\/strong> (muy importante para CaptureOne, Premiere, Camtasia y PTGui, los programas de altos requerimientos que m\u00e1s utilizo)<\/li>\n<li>Tenga una <strong>CPU muy r\u00e1pida<\/strong> aunque no necesito muchos n\u00facleos. En este sentido, prefiero que tenga una velocidad de reloj alta y relativamente pocos n\u00facleos (importante para aplicaciones no optimizadas para m\u00faltiples n\u00facleos, como Office, el navegador o Photoshop).<\/li>\n<li>Una <strong>memoria RAM muy, muy r\u00e1pida<\/strong> (para un aumento de rendimiento en general).<\/li>\n<\/ul>\n<p>Aparte del rendimiento, para mi es fundamental que sea un ordenador que:<\/p>\n<ul>\n<li>Tenga una <strong>fiabilidad a prueba de bombas<\/strong>. Si tengo que escoger entre rendimiento y fiabilidad, escojo esta \u00faltima sin dudarlo un segundo. El rendimiento siempre debe venir despu\u00e9s de la fiabilidad.<\/li>\n<li>Sea <strong>muy silencioso<\/strong>, ya que voy a grabar videos con \u00e9l encendido y al lado.<\/li>\n<li>Tenga <strong>mucho espacio interior<\/strong> para ampliar con m\u00e1s discos duros o tarjetas de expansi\u00f3n (tarjeta de sonido, tarjeta RAID, etc\u2026)<\/li>\n<li>Puestos a pedir, que <strong>el espacio interior sea flexible<\/strong> y permita a\u00f1adir tarjetas grandes o gruesas sin problemas. Tambi\u00e9n, que permita que los cables pasen por sitios que dejen el espacio interior bastante despejado.<\/li>\n<\/ul>\n<p>&nbsp;<\/p>\n<h3 style=\"text-align: center;\">La caja<\/h3>\n<p>La caja escogida es una <strong>Fractal Design Define R5<\/strong>. Es una caja grande de altas prestaciones, muy bien equipada y flexible.<\/p>\n<p><a href=\"https:\/\/www.hugorodriguez.com\/blog\/wp-content\/uploads\/2019\/09\/Define-R5-Black_4.jpg\"><img loading=\"lazy\" decoding=\"async\" class=\"aligncenter size-medium wp-image-11932\" src=\"https:\/\/www.hugorodriguez.com\/blog\/wp-content\/uploads\/2019\/09\/Define-R5-Black_4-395x500.jpg\" alt=\"\" width=\"395\" height=\"500\" srcset=\"https:\/\/www.hugorodriguez.com\/blog\/wp-content\/uploads\/2019\/09\/Define-R5-Black_4-395x500.jpg 395w, https:\/\/www.hugorodriguez.com\/blog\/wp-content\/uploads\/2019\/09\/Define-R5-Black_4-63x80.jpg 63w, https:\/\/www.hugorodriguez.com\/blog\/wp-content\/uploads\/2019\/09\/Define-R5-Black_4-450x570.jpg 450w, https:\/\/www.hugorodriguez.com\/blog\/wp-content\/uploads\/2019\/09\/Define-R5-Black_4.jpg 553w\" sizes=\"auto, (max-width: 395px) 100vw, 395px\" \/><\/a><\/p>\n<p><a href=\"https:\/\/www.hugorodriguez.com\/blog\/wp-content\/uploads\/2019\/09\/Define-R5-Black_15.jpg\"><img loading=\"lazy\" decoding=\"async\" class=\"aligncenter size-medium wp-image-11933\" src=\"https:\/\/www.hugorodriguez.com\/blog\/wp-content\/uploads\/2019\/09\/Define-R5-Black_15-500x483.jpg\" alt=\"\" width=\"500\" height=\"483\" srcset=\"https:\/\/www.hugorodriguez.com\/blog\/wp-content\/uploads\/2019\/09\/Define-R5-Black_15-500x483.jpg 500w, https:\/\/www.hugorodriguez.com\/blog\/wp-content\/uploads\/2019\/09\/Define-R5-Black_15-80x77.jpg 80w, https:\/\/www.hugorodriguez.com\/blog\/wp-content\/uploads\/2019\/09\/Define-R5-Black_15-36x36.jpg 36w, https:\/\/www.hugorodriguez.com\/blog\/wp-content\/uploads\/2019\/09\/Define-R5-Black_15-450x435.jpg 450w, https:\/\/www.hugorodriguez.com\/blog\/wp-content\/uploads\/2019\/09\/Define-R5-Black_15.jpg 700w\" sizes=\"auto, (max-width: 500px) 100vw, 500px\" \/><\/a><\/p>\n<p>Esta caja tiene varios aspectos muy destacables:<\/p>\n<ul>\n<li>Unas aperturas que permiten llevar el cableado escondido por la parte de atr\u00e1s, dejando muy limpio el montaje.<\/li>\n<li>Un hueco para discos duros muy grande y configurable, con hasta 9 HDDs.<\/li>\n<li>Los discos se insertan y extraen muy r\u00e1pidamente. Van montados sobre amortiguadores de goma, lo que reduce el ruido y las vibraciones, y alarga la vida del disco.<\/li>\n<li>Un sistema de ventilaci\u00f3n muy bien implementado, con rejillas amplias para retener el polvo (extra\u00edbles y lavables) y dos grandes ventiladores que recogen el aire por delante y lo sacan por detr\u00e1s.<\/li>\n<li>Toda la caja est\u00e1 forrada de material <strong>aislante ac\u00fastico<\/strong>, que la hace muy silenciosa. Este es un factor clave y muy raro de encontrar en otras cajas.<\/li>\n<\/ul>\n<p>Por todo esto es una caja ideal para este cometido.<\/p>\n<div  class='avia-slideshow av-6zpf8td-4917477a3f8394fd2114970b01b75403 avia-slideshow-featured av_slideshow avia-slide-slider  avia-builder-el-0  el_before_av_tab_container  avia-builder-el-first  av-slideshow-ui av-control-default av-slideshow-autoplay av-loop-endless av-loop-manual-endless av-default-height-applied avia-slideshow-1' data-slideshow-options=\"{&quot;animation&quot;:&quot;slide&quot;,&quot;autoplay&quot;:true,&quot;loop_autoplay&quot;:&quot;endless&quot;,&quot;interval&quot;:5,&quot;loop_manual&quot;:&quot;manual-endless&quot;,&quot;autoplay_stopper&quot;:false,&quot;noNavigation&quot;:false,&quot;bg_slider&quot;:false,&quot;keep_padding&quot;:false,&quot;hoverpause&quot;:false,&quot;show_slide_delay&quot;:0}\"  itemprop=\"image\" itemscope=\"itemscope\" itemtype=\"https:\/\/schema.org\/ImageObject\" ><ul class='avia-slideshow-inner ' style='padding-bottom: 58.904109589041%;'><li  class='avia-slideshow-slide av-6zpf8td-4917477a3f8394fd2114970b01b75403__0  slide-1 slide-odd'><div data-rel='slideshow-1' class='avia-slide-wrap '   ><div class='av-slideshow-caption av-6zpf8td-4917477a3f8394fd2114970b01b75403__0 avia-caption'><div class=\"avia-inner-caption\"><div class='avia-caption-content '  itemprop=\"description\" ><p>Vista lateral de la caja<\/p>\n<\/div><\/div><\/div><img decoding=\"async\" fetchpriority=\"high\" class=\"wp-image-11888 avia-img-lazy-loading-not-11888\"  src=\"https:\/\/www.hugorodriguez.com\/blog\/wp-content\/uploads\/2019\/09\/Fractal-design-R5-01-730x430.jpg\" width=\"730\" height=\"430\" title='Fractal design R5 01' alt=''  itemprop=\"thumbnailUrl\"   \/><\/div><\/li><li  class='avia-slideshow-slide av-6zpf8td-4917477a3f8394fd2114970b01b75403__1  slide-2 slide-even'><div data-rel='slideshow-1' class='avia-slide-wrap '   ><div class='av-slideshow-caption av-6zpf8td-4917477a3f8394fd2114970b01b75403__1 avia-caption'><div class=\"avia-inner-caption\"><div class='avia-caption-content '  itemprop=\"description\" ><p>Detalle del frontal con los huecos para lectores de discos opticos y bahias para discos duros.<\/p>\n<\/div><\/div><\/div><img decoding=\"async\" fetchpriority=\"high\" class=\"wp-image-11890 avia-img-lazy-loading-not-11890\"  src=\"https:\/\/www.hugorodriguez.com\/blog\/wp-content\/uploads\/2019\/09\/Fractal-design-R5-03-548x430.jpg\" width=\"548\" height=\"430\" title='Fractal design R5 03' alt=''  itemprop=\"thumbnailUrl\"   \/><\/div><\/li><li  class='avia-slideshow-slide av-6zpf8td-4917477a3f8394fd2114970b01b75403__2  slide-3 slide-odd'><div data-rel='slideshow-1' class='avia-slide-wrap '   ><div class='av-slideshow-caption av-6zpf8td-4917477a3f8394fd2114970b01b75403__2 avia-caption'><div class=\"avia-inner-caption\"><div class='avia-caption-content '  itemprop=\"description\" ><p>Las bahias para HDDs permiten extracci\u00f3n rapida. Los discos van atornillados con silent blocks para amortiguar el ruido y vibraciones.<\/p>\n<\/div><\/div><\/div><img decoding=\"async\" fetchpriority=\"high\" class=\"wp-image-11891 avia-img-lazy-loading-not-11891\"  src=\"https:\/\/www.hugorodriguez.com\/blog\/wp-content\/uploads\/2019\/09\/Fractal-design-R5-04-548x430.jpg\" width=\"548\" height=\"430\" title='Fractal design R5 04' alt=''  itemprop=\"thumbnailUrl\"   \/><\/div><\/li><li  class='avia-slideshow-slide av-6zpf8td-4917477a3f8394fd2114970b01b75403__3  slide-4 slide-even'><div data-rel='slideshow-1' class='avia-slide-wrap '   ><div class='av-slideshow-caption av-6zpf8td-4917477a3f8394fd2114970b01b75403__3 avia-caption'><div class=\"avia-inner-caption\"><div class='avia-caption-content '  itemprop=\"description\" ><p>Detalle del interior de la tapa frontal, con aislante acustico.<\/p>\n<\/div><\/div><\/div><img decoding=\"async\" fetchpriority=\"high\" class=\"wp-image-11895 avia-img-lazy-loading-not-11895\"  src=\"https:\/\/www.hugorodriguez.com\/blog\/wp-content\/uploads\/2019\/09\/Fractal-design-R5-08-548x430.jpg\" width=\"548\" height=\"430\" title='Fractal design R5 08' alt=''  itemprop=\"thumbnailUrl\"   \/><\/div><\/li><li  class='avia-slideshow-slide av-6zpf8td-4917477a3f8394fd2114970b01b75403__4  slide-5 slide-odd'><div data-rel='slideshow-1' class='avia-slide-wrap '   ><div class='av-slideshow-caption av-6zpf8td-4917477a3f8394fd2114970b01b75403__4 avia-caption'><div class=\"avia-inner-caption\"><div class='avia-caption-content '  itemprop=\"description\" ><p>El frontal abierto<\/p>\n<\/div><\/div><\/div><img decoding=\"async\" fetchpriority=\"high\" class=\"wp-image-11893 avia-img-lazy-loading-not-11893\"  src=\"https:\/\/www.hugorodriguez.com\/blog\/wp-content\/uploads\/2019\/09\/Fractal-design-R5-06-548x430.jpg\" width=\"548\" height=\"430\" title='Fractal design R5 06' alt=''  itemprop=\"thumbnailUrl\"   \/><\/div><\/li><li  class='avia-slideshow-slide av-6zpf8td-4917477a3f8394fd2114970b01b75403__5  slide-6 slide-even'><div data-rel='slideshow-1' class='avia-slide-wrap '   ><div class='av-slideshow-caption av-6zpf8td-4917477a3f8394fd2114970b01b75403__5 avia-caption'><div class=\"avia-inner-caption\"><div class='avia-caption-content '  itemprop=\"description\" ><p>La rejilla anti-polvo del frontal oculta la entrada de aire y un gran ventilador, muy silencioso.<\/p>\n<\/div><\/div><\/div><img decoding=\"async\" fetchpriority=\"high\" class=\"wp-image-11894 avia-img-lazy-loading-not-11894\"  src=\"https:\/\/www.hugorodriguez.com\/blog\/wp-content\/uploads\/2019\/09\/Fractal-design-R5-07-548x430.jpg\" width=\"548\" height=\"430\" title='Fractal design R5 07' alt=''  itemprop=\"thumbnailUrl\"   \/><\/div><\/li><li  class='avia-slideshow-slide av-6zpf8td-4917477a3f8394fd2114970b01b75403__6  slide-7 slide-odd'><div data-rel='slideshow-1' class='avia-slide-wrap '   ><div class='av-slideshow-caption av-6zpf8td-4917477a3f8394fd2114970b01b75403__6 avia-caption'><div class=\"avia-inner-caption\"><div class='avia-caption-content '  itemprop=\"description\" ><p>La tapa lateral, forrada de aislante acustico en el interior.<\/p>\n<\/div><\/div><\/div><img decoding=\"async\" fetchpriority=\"high\" class=\"wp-image-11896 avia-img-lazy-loading-not-11896\"  src=\"https:\/\/www.hugorodriguez.com\/blog\/wp-content\/uploads\/2019\/09\/Fractal-design-R5-09-548x430.jpg\" width=\"548\" height=\"430\" title='Fractal design R5 09' alt=''  itemprop=\"thumbnailUrl\"   \/><\/div><\/li><li  class='avia-slideshow-slide av-6zpf8td-4917477a3f8394fd2114970b01b75403__7  slide-8 slide-even'><div data-rel='slideshow-1' class='avia-slide-wrap '   ><div class='av-slideshow-caption av-6zpf8td-4917477a3f8394fd2114970b01b75403__7 avia-caption'><div class=\"avia-inner-caption\"><div class='avia-caption-content '  itemprop=\"description\" ><p>Detalle de la tapa lateral.<\/p>\n<\/div><\/div><\/div><img decoding=\"async\" fetchpriority=\"high\" class=\"wp-image-11897 avia-img-lazy-loading-not-11897\"  src=\"https:\/\/www.hugorodriguez.com\/blog\/wp-content\/uploads\/2019\/09\/Fractal-design-R5-10-548x430.jpg\" width=\"548\" height=\"430\" title='Fractal design R5 10' alt=''  itemprop=\"thumbnailUrl\"   \/><\/div><\/li><li  class='avia-slideshow-slide av-6zpf8td-4917477a3f8394fd2114970b01b75403__8  slide-9 slide-odd'><div data-rel='slideshow-1' class='avia-slide-wrap '   ><div class='av-slideshow-caption av-6zpf8td-4917477a3f8394fd2114970b01b75403__8 avia-caption'><div class=\"avia-inner-caption\"><div class='avia-caption-content '  itemprop=\"description\" ><p>La parte trasera de la caja con un ventilador para la extraccion de calor.<\/p>\n<\/div><\/div><\/div><img decoding=\"async\" fetchpriority=\"high\" class=\"wp-image-11889 avia-img-lazy-loading-not-11889\"  src=\"https:\/\/www.hugorodriguez.com\/blog\/wp-content\/uploads\/2019\/09\/Fractal-design-R5-02-548x430.jpg\" width=\"548\" height=\"430\" title='Fractal design R5 02' alt=''  itemprop=\"thumbnailUrl\"   \/><\/div><\/li><li  class='avia-slideshow-slide av-6zpf8td-4917477a3f8394fd2114970b01b75403__9  slide-10 slide-even'><div data-rel='slideshow-1' class='avia-slide-wrap '   ><div class='av-slideshow-caption av-6zpf8td-4917477a3f8394fd2114970b01b75403__9 avia-caption'><div class=\"avia-inner-caption\"><div class='avia-caption-content '  itemprop=\"description\" ><p>Detalle del fondo de la caja, con ranuras para pasar los cables ocultos y dejar la instalacion lo m\u00e1s limpia posible.<\/p>\n<\/div><\/div><\/div><img decoding=\"async\" fetchpriority=\"high\" class=\"wp-image-11892 avia-img-lazy-loading-not-11892\"  src=\"https:\/\/www.hugorodriguez.com\/blog\/wp-content\/uploads\/2019\/09\/Fractal-design-R5-05-548x430.jpg\" width=\"548\" height=\"430\" title='Fractal design R5 05' alt=''  itemprop=\"thumbnailUrl\"   \/><\/div><\/li><li  class='avia-slideshow-slide av-6zpf8td-4917477a3f8394fd2114970b01b75403__10  slide-11 slide-odd'><div data-rel='slideshow-1' class='avia-slide-wrap '   ><div class='av-slideshow-caption av-6zpf8td-4917477a3f8394fd2114970b01b75403__10 avia-caption'><div class=\"avia-inner-caption\"><div class='avia-caption-content '  itemprop=\"description\" ><p>Rejilla anti-polvo de la base de la caja, por donde tambien toma aire.<\/p>\n<\/div><\/div><\/div><img decoding=\"async\" fetchpriority=\"high\" class=\"wp-image-11898 avia-img-lazy-loading-not-11898\"  src=\"https:\/\/www.hugorodriguez.com\/blog\/wp-content\/uploads\/2019\/09\/Fractal-design-R5-12-730x430.jpg\" width=\"730\" height=\"430\" title='Fractal design R5 12' alt=''  itemprop=\"thumbnailUrl\"   \/><\/div><\/li><\/ul><div class='avia-slideshow-arrows avia-slideshow-controls' ><a href='#prev' class='prev-slide  avia-svg-icon avia-font-svg_entypo-fontello' data-av_svg_icon='left-open-big' data-av_iconset='svg_entypo-fontello' tabindex='-1' title=\"Anterior\"><svg version=\"1.1\" xmlns=\"http:\/\/www.w3.org\/2000\/svg\" width=\"15\" height=\"32\" viewBox=\"0 0 15 32\" preserveAspectRatio=\"xMidYMid meet\" aria-labelledby='av-svg-title-1' aria-describedby='av-svg-desc-1' role=\"graphics-symbol\" aria-hidden=\"true\">\n<title id='av-svg-title-1'>Anterior<\/title>\n<desc id='av-svg-desc-1'>Anterior<\/desc>\n<path d=\"M14.464 27.84q0.832 0.832 0 1.536-0.832 0.832-1.536 0l-12.544-12.608q-0.768-0.768 0-1.6l12.544-12.608q0.704-0.832 1.536 0 0.832 0.704 0 1.536l-11.456 11.904z\"><\/path>\n<\/svg><span class='avia_hidden_link_text'>Anterior<\/span><\/a><a href='#next' class='next-slide  avia-svg-icon avia-font-svg_entypo-fontello' data-av_svg_icon='right-open-big' data-av_iconset='svg_entypo-fontello' tabindex='-1' title=\"Posterior\"><svg version=\"1.1\" xmlns=\"http:\/\/www.w3.org\/2000\/svg\" width=\"15\" height=\"32\" viewBox=\"0 0 15 32\" preserveAspectRatio=\"xMidYMid meet\" aria-labelledby='av-svg-title-2' aria-describedby='av-svg-desc-2' role=\"graphics-symbol\" aria-hidden=\"true\">\n<title id='av-svg-title-2'>Posterior<\/title>\n<desc id='av-svg-desc-2'>Posterior<\/desc>\n<path d=\"M0.416 27.84l11.456-11.84-11.456-11.904q-0.832-0.832 0-1.536 0.832-0.832 1.536 0l12.544 12.608q0.768 0.832 0 1.6l-12.544 12.608q-0.704 0.832-1.536 0-0.832-0.704 0-1.536z\"><\/path>\n<\/svg><span class='avia_hidden_link_text'>Posterior<\/span><\/a><\/div><div class='avia-slideshow-dots avia-slideshow-controls'><a href='#1' class='goto-slide active' >1<\/a><a href='#2' class='goto-slide ' >2<\/a><a href='#3' class='goto-slide ' >3<\/a><a href='#4' class='goto-slide ' >4<\/a><a href='#5' class='goto-slide ' >5<\/a><a href='#6' class='goto-slide ' >6<\/a><a href='#7' class='goto-slide ' >7<\/a><a href='#8' class='goto-slide ' >8<\/a><a href='#9' class='goto-slide ' >9<\/a><a href='#10' class='goto-slide ' >10<\/a><a href='#11' class='goto-slide ' >11<\/a><\/div><\/div>\n<p>Contin\u00faa en la p\u00e1gina 2&#8230;<br \/>\n<!--nextpage--><\/p>\n<h2 style=\"text-align: center;\">Los componentes<\/h2>\n<p>El primer requisito para escoger los componentes es que se puedan configurar como hackintosh llegado el caso. No es mi prioridad, pero s\u00ed que me parece muy interesante puesto que muchos clientes mios usan Mac y esto me permite emular lo que ellos tienen y facilitarme la resoluci\u00f3n de sus problemas.<\/p>\n<p>&nbsp;<\/p>\n<h3 style=\"text-align: center;\">Placa base<\/h3>\n<p>El primer componente para escoger un ordenador ha de ser el chipset Northbridge, que esencialmente es el coraz\u00f3n del mismo. Para los que no lo sepan, el northbridge es el chip que controla los componentes principales del ordenador: CPU, RAM y GPU. Es, adem\u00e1s, el principal responsable de las prestaciones del ordenador, principalmente por el ancho de banda de las comunicaciones que establece entre estos tres componentes, que son los que m\u00e1s informaci\u00f3n manejan cada segundo. Ten\u00eda claro que iba a continuar con CPUs de Intel, as\u00ed que el Z390 parec\u00eda la elecci\u00f3n ideal porque ofrece altas prestaciones en todos los sentidos.<\/p>\n<p>Asi pues, escog\u00ed una placa base Gigabyte, una marca que poco a poco se ha hecho un buen hueco entre los fans de estos hackintosh por su buena compatibilidad. No es algo que publiciten, pero en el mundillo, todos lo saben.<\/p>\n<p><a href=\"https:\/\/www.hugorodriguez.com\/blog\/wp-content\/uploads\/2019\/09\/placa-base-Gigabyte-Aorus-01.jpg\"><img loading=\"lazy\" decoding=\"async\" class=\"aligncenter size-medium wp-image-11918\" src=\"https:\/\/www.hugorodriguez.com\/blog\/wp-content\/uploads\/2019\/09\/placa-base-Gigabyte-Aorus-01-500x375.jpg\" alt=\"\" width=\"500\" height=\"375\" srcset=\"https:\/\/www.hugorodriguez.com\/blog\/wp-content\/uploads\/2019\/09\/placa-base-Gigabyte-Aorus-01-500x375.jpg 500w, https:\/\/www.hugorodriguez.com\/blog\/wp-content\/uploads\/2019\/09\/placa-base-Gigabyte-Aorus-01-80x60.jpg 80w, https:\/\/www.hugorodriguez.com\/blog\/wp-content\/uploads\/2019\/09\/placa-base-Gigabyte-Aorus-01-705x529.jpg 705w, https:\/\/www.hugorodriguez.com\/blog\/wp-content\/uploads\/2019\/09\/placa-base-Gigabyte-Aorus-01-450x338.jpg 450w, https:\/\/www.hugorodriguez.com\/blog\/wp-content\/uploads\/2019\/09\/placa-base-Gigabyte-Aorus-01.jpg 730w\" sizes=\"auto, (max-width: 500px) 100vw, 500px\" \/><\/a><\/p>\n<p>Yo uso Windows, pero a veces necesito entrar en OS X a mirar alguna cosa para algun cliente, asi que no me cuesta nada escoger una placa compatible en vez de otras.<\/p>\n<p>El modelo concreto es la <strong>Aorus Elite<\/strong>, que se considera una placa de gama alta. Es un modelo para <em>gamers<\/em> y aunque yo tengo intenci\u00f3n de usar juegos en absoluto, si rinde bien en videojuegos, tiene que rendir bien en multimedia. Tiene multitud de prestaciones interesantes y la calidad se presupone muy alta:<\/p>\n<ul>\n<li>Componentes de alta calidad<\/li>\n<li>Regulaci\u00f3n de voltajes de 12+1 fases para m\u00e1xima estabilidad.<\/li>\n<li>Pins de metal s\u00f3lido (no de chapa) en los conectores (m\u00e1s duraderos y fiables).<\/li>\n<li>Bah\u00edas PCI y bancos de memoria reforzados con metal.<\/li>\n<li>Soporte para memoria DD4 hasta 4.266Mhz (una velocidad astron\u00f3mica).<\/li>\n<li>Radiadores avanzados para refrigerar el chipset y hasta las unidades de almacenamiento M.2<\/li>\n<li>Tarjeta de sonido integrada con amplificadores Wima de categor\u00eda audiofilo (en teor\u00eda).<\/li>\n<\/ul>\n<p>Aparte, integra una gr\u00e1fica Intel sencilla, lucecitas LED (que no me interesan para nada) y unos buenos disipadores de calor sobre los chipsets. Tambi\u00e9n trae el sistema DualBIOS que va de maravilla y evita riesgos en el siempre delicado momento de actualizarla.<\/p>\n<p><a href=\"https:\/\/www.hugorodriguez.com\/blog\/wp-content\/uploads\/2019\/09\/placa-base-Gigabyte-Aorus-02.jpg\"><img loading=\"lazy\" decoding=\"async\" class=\"aligncenter size-medium wp-image-11919\" src=\"https:\/\/www.hugorodriguez.com\/blog\/wp-content\/uploads\/2019\/09\/placa-base-Gigabyte-Aorus-02-500x375.jpg\" alt=\"\" width=\"500\" height=\"375\" srcset=\"https:\/\/www.hugorodriguez.com\/blog\/wp-content\/uploads\/2019\/09\/placa-base-Gigabyte-Aorus-02-500x375.jpg 500w, https:\/\/www.hugorodriguez.com\/blog\/wp-content\/uploads\/2019\/09\/placa-base-Gigabyte-Aorus-02-80x60.jpg 80w, https:\/\/www.hugorodriguez.com\/blog\/wp-content\/uploads\/2019\/09\/placa-base-Gigabyte-Aorus-02-705x529.jpg 705w, https:\/\/www.hugorodriguez.com\/blog\/wp-content\/uploads\/2019\/09\/placa-base-Gigabyte-Aorus-02-450x338.jpg 450w, https:\/\/www.hugorodriguez.com\/blog\/wp-content\/uploads\/2019\/09\/placa-base-Gigabyte-Aorus-02.jpg 730w\" sizes=\"auto, (max-width: 500px) 100vw, 500px\" \/><\/a><\/p>\n<p>Los sockets de la GPU y la RAM vienen reforzados en metal, supongo que por si alg\u00fan bruto intenta forzarlos al sacar o por si en alguna manipulaci\u00f3n se rompen, aunque a mi no me ha pasado nunca&#8230;<\/p>\n<p>Trae un mont\u00f3n de conexiones para USB 2, 3 y hasta USB-C.<\/p>\n<p>Curiosamente el panel de conexiones traseras ya viene pegado a la placa (no se inserta en la caja).<\/p>\n<p>La pega es que no tiene ranuras PCI, con lo que no podr\u00e9 seguir usando mi ya veterana y querida tarjeta de sonido X-Fi Elite Pro, asi que veremos qu\u00e9 tal suena la integrada con sus condensadores WIMA. Sino, siempre tengo a mano un excelente DAC externo para cuando quiero escuchar m\u00fasica con buena calidad.<\/p>\n<p>S\u00ed, pod\u00eda haber optado por una placa de servidor y procesadores Xeon, pero mi experiencia con ellos hace a\u00f1os es que son mucho m\u00e1s caros, rinden menos por euro invertido y adem\u00e1s la memoria ECC que necesitan es tambi\u00e9n m\u00e1s cara y mucho m\u00e1s lenta. Descartados para lo que yo uso, aunque para renderizar 3D van muy bien.<\/p>\n<p>&nbsp;<\/p>\n<h3 style=\"text-align: center;\">El procesador<\/h3>\n<p>Para la mayor\u00eda de gente el procesador central (en adelante, CPU) suele ser uno de los componentes principales. Para mi no tanto, porque hoy dia la potencia que tienen es realmente alta y m\u00e1s que suficiente para la inmensa mayor\u00eda de tareas. Y para las m\u00e1s exigentes, es la GPU la que marca la diferencia. La CPU que he escogido es un <strong>Intel Core i7-8700 de 3,2 Ghz<\/strong>.<\/p>\n<p><a href=\"https:\/\/www.hugorodriguez.com\/blog\/wp-content\/uploads\/2019\/09\/Intel-i8700-01.jpg\"><img loading=\"lazy\" decoding=\"async\" class=\"aligncenter size-medium wp-image-11902\" src=\"https:\/\/www.hugorodriguez.com\/blog\/wp-content\/uploads\/2019\/09\/Intel-i8700-01-460x500.jpg\" alt=\"\" width=\"460\" height=\"500\" srcset=\"https:\/\/www.hugorodriguez.com\/blog\/wp-content\/uploads\/2019\/09\/Intel-i8700-01-460x500.jpg 460w, https:\/\/www.hugorodriguez.com\/blog\/wp-content\/uploads\/2019\/09\/Intel-i8700-01-74x80.jpg 74w, https:\/\/www.hugorodriguez.com\/blog\/wp-content\/uploads\/2019\/09\/Intel-i8700-01-649x705.jpg 649w, https:\/\/www.hugorodriguez.com\/blog\/wp-content\/uploads\/2019\/09\/Intel-i8700-01-450x489.jpg 450w, https:\/\/www.hugorodriguez.com\/blog\/wp-content\/uploads\/2019\/09\/Intel-i8700-01.jpg 650w\" sizes=\"auto, (max-width: 460px) 100vw, 460px\" \/><\/a><\/p>\n<p>Me plante\u00e9 la posibilidad de pasarme a AMD (y los us\u00e9 en el pasado), que ahora tiene unos procesadores con muy buenas cr\u00edticas, pero como no s\u00e9 qu\u00e9 tal rinden y si la compatibilidad es total con las aplicaciones m\u00e1s exigentes que uso, he preferido tirar a por lo conocido y 100% fiable: Intel.<\/p>\n<p>Este modelo tiene 6 n\u00facleos y una velocidad de 3,2 Ghz, pudiendo subir hasta 4,7 Ghz. Pod\u00eda haber escogido otra CPU con m\u00e1s n\u00facleos, pero en general para la mayor\u00eda de aplicaciones es mucho m\u00e1s interesante tener menos n\u00facleos a m\u00e1s velocidad, que lo contrario. Salvo en ese preciso momento en que pulsas el bot\u00f3n de \u201crevelar\u201d o de \u201crenderizar\u201d, el resto del tiempo interesa pocos n\u00facleos y r\u00e1pidos. \u00bfLa explicaci\u00f3n? La \u2013todav\u00eda- poca adaptaci\u00f3n para <em>multithread<\/em> de la mayor\u00eda de aplicaciones, en especial de las de ofim\u00e1tica.<\/p>\n<div id=\"attachment_11903\" style=\"width: 510px\" class=\"wp-caption aligncenter\"><a href=\"https:\/\/www.hugorodriguez.com\/blog\/wp-content\/uploads\/2019\/09\/Interior-caja-01.jpg\"><img loading=\"lazy\" decoding=\"async\" aria-describedby=\"caption-attachment-11903\" class=\"size-medium wp-image-11903\" src=\"https:\/\/www.hugorodriguez.com\/blog\/wp-content\/uploads\/2019\/09\/Interior-caja-01-500x375.jpg\" alt=\"\" width=\"500\" height=\"375\" srcset=\"https:\/\/www.hugorodriguez.com\/blog\/wp-content\/uploads\/2019\/09\/Interior-caja-01-500x375.jpg 500w, https:\/\/www.hugorodriguez.com\/blog\/wp-content\/uploads\/2019\/09\/Interior-caja-01-80x60.jpg 80w, https:\/\/www.hugorodriguez.com\/blog\/wp-content\/uploads\/2019\/09\/Interior-caja-01-705x529.jpg 705w, https:\/\/www.hugorodriguez.com\/blog\/wp-content\/uploads\/2019\/09\/Interior-caja-01-450x338.jpg 450w, https:\/\/www.hugorodriguez.com\/blog\/wp-content\/uploads\/2019\/09\/Interior-caja-01.jpg 730w\" sizes=\"auto, (max-width: 500px) 100vw, 500px\" \/><\/a><p id=\"caption-attachment-11903\" class=\"wp-caption-text\">El procesador ya instalado en la placa.<\/p><\/div>\n<p>\u00bfPor qu\u00e9 este modelo en concreto? Pues porque comparando precio y prestaciones de otros modelos similares, este parece ser uno de los que tiene la mejor relaci\u00f3n precio-rendimiento. Se puede ver en algunos benchmarks, como este de userbenchmark.com:<\/p>\n<p><a href=\"https:\/\/www.hugorodriguez.com\/blog\/wp-content\/uploads\/2019\/09\/Benchmarks-CPU.png\"><img loading=\"lazy\" decoding=\"async\" class=\"aligncenter wp-image-11845\" src=\"https:\/\/www.hugorodriguez.com\/blog\/wp-content\/uploads\/2019\/09\/Benchmarks-CPU.png\" alt=\"\" width=\"600\" height=\"329\" srcset=\"https:\/\/www.hugorodriguez.com\/blog\/wp-content\/uploads\/2019\/09\/Benchmarks-CPU.png 1178w, https:\/\/www.hugorodriguez.com\/blog\/wp-content\/uploads\/2019\/09\/Benchmarks-CPU-80x44.png 80w, https:\/\/www.hugorodriguez.com\/blog\/wp-content\/uploads\/2019\/09\/Benchmarks-CPU-500x274.png 500w, https:\/\/www.hugorodriguez.com\/blog\/wp-content\/uploads\/2019\/09\/Benchmarks-CPU-768x421.png 768w, https:\/\/www.hugorodriguez.com\/blog\/wp-content\/uploads\/2019\/09\/Benchmarks-CPU-1030x565.png 1030w, https:\/\/www.hugorodriguez.com\/blog\/wp-content\/uploads\/2019\/09\/Benchmarks-CPU-705x387.png 705w, https:\/\/www.hugorodriguez.com\/blog\/wp-content\/uploads\/2019\/09\/Benchmarks-CPU-450x247.png 450w\" sizes=\"auto, (max-width: 600px) 100vw, 600px\" \/><\/a><\/p>\n<p>Aqu\u00ed se puede ver que el Intel 8700 tiene un rendimiento del 108% (comparado con la referencia actual de la web) y un precio de 379\u20ac. Si comparamos otros procesadores vemos que el rendimiento baja bastante al bajar el precio. Asimismo, los modelos m\u00e1s potentes, suben mucho de precio. Este modelo tiene la mejor valoraci\u00f3n por los usuarios de esta popular web (nada menos que 279.000 muestras enviadas), lo que en principio me asegura que el rendimiento ser\u00e1 el mejor posible por cada euro invertido.<\/p>\n<p>Comparado con mi actual i7-4790K, que tiene un rendimiento de 85,8%, supone un aumento del 26%. No es mucho para 5 a\u00f1os, pero tampoco quer\u00eda gastarme un dineral en la CPU; no debo olvidar que el tiempo que realmente empleo a la semana en operaciones intensivas (revelar, renderizar\u2026) no llega a 2-3h. Pero claro, cuando toca, te gusta que no se eternice en terminar la tarea.<\/p>\n<p>Realmente pod\u00eda haberme quedado con mi i7-4790K que tiene exactamente la misma velocidad de reloj, pero ya que actualizo, pues no me importa pasar de 4 a 6 n\u00facleos, y ya veremos si se nota la mejora en el dia a dia\u2026<\/p>\n<p>[NOTA] Despu\u00e9s de varios meses de uso, os confirmo que la diferencia se nota, y bastante. Los dos n\u00facleos de m\u00e1s aportan un 50% m\u00e1s de capacidad de proceso y eso se nota claramente al renderizar video.<\/p>\n<p>Contin\u00faa en la p\u00e1gina 3&#8230;<br \/>\n<!--nextpage--><\/p>\n<h3 style=\"text-align: center;\">Refrigeraci\u00f3n de CPU<\/h3>\n<p>Otro tema importante. Yo vivo en Barcelona, donde t\u00edpicamente hace un clima bastante ben\u00e9volo y c\u00e1lido la mayor parte del a\u00f1o. En casa no tenemos calefacci\u00f3n, y muchos hogares aqu\u00ed no tienen, porque salvo de noviembre a febrero, generalmente el resto del a\u00f1o se est\u00e1 muy bien sin ella. A partir de mayo, y hasta octubre las temperaturas son altas, y en julio y agosto es un poco insoportable, especialmente sumado a la alta humedad.<\/p>\n<p>Por lo tanto, necesito un sistema que est\u00e9 bien refrigerado, al menos en momentos puntuales (justo cuando revelo RAWs o renderizo videos). El resto del tiempo no hago trabajar mucho ni a la CPU ni la GPU, aunque s\u00ed los discos duros. Afortunadamente, estos no generan tanto calor.<\/p>\n<p><a href=\"https:\/\/www.hugorodriguez.com\/blog\/wp-content\/uploads\/2019\/09\/Noctua-ventilador-01.jpg\"><img loading=\"lazy\" decoding=\"async\" class=\"aligncenter size-medium wp-image-11912\" src=\"https:\/\/www.hugorodriguez.com\/blog\/wp-content\/uploads\/2019\/09\/Noctua-ventilador-01-500x375.jpg\" alt=\"\" width=\"500\" height=\"375\" srcset=\"https:\/\/www.hugorodriguez.com\/blog\/wp-content\/uploads\/2019\/09\/Noctua-ventilador-01-500x375.jpg 500w, https:\/\/www.hugorodriguez.com\/blog\/wp-content\/uploads\/2019\/09\/Noctua-ventilador-01-80x60.jpg 80w, https:\/\/www.hugorodriguez.com\/blog\/wp-content\/uploads\/2019\/09\/Noctua-ventilador-01-705x529.jpg 705w, https:\/\/www.hugorodriguez.com\/blog\/wp-content\/uploads\/2019\/09\/Noctua-ventilador-01-450x338.jpg 450w, https:\/\/www.hugorodriguez.com\/blog\/wp-content\/uploads\/2019\/09\/Noctua-ventilador-01.jpg 730w\" sizes=\"auto, (max-width: 500px) 100vw, 500px\" \/><\/a><\/p>\n<p>No necesito un sistema de refrigeraci\u00f3n liquida porque como digo, no estoy todo el dia demandando a la CPU y GPU que trabajen al 100%, ni mucho menos. Adem\u00e1s, necesito que sea un sistema silencioso y que, de ser posible, si el ordenador est\u00e1 en reposo o haciendo tareas menores (mirando el correo, office\u2026) el sistema de refrigeraci\u00f3n se detenga en absoluto para ayudar a minimizar el ruido.<\/p>\n<p>Por todo ello ten\u00eda claro que continuar\u00eda con el <strong>ventilador Noctua NH-U12S<\/strong> que ten\u00eda mi antiguo ordenador, que es un ventilador gigante con un radiador de dimensiones similares.<\/p>\n<p><a href=\"https:\/\/www.hugorodriguez.com\/blog\/wp-content\/uploads\/2019\/09\/Noctua-ventilador-02.jpg\"><img loading=\"lazy\" decoding=\"async\" class=\"aligncenter size-medium wp-image-11913\" src=\"https:\/\/www.hugorodriguez.com\/blog\/wp-content\/uploads\/2019\/09\/Noctua-ventilador-02-422x500.jpg\" alt=\"\" width=\"422\" height=\"500\" srcset=\"https:\/\/www.hugorodriguez.com\/blog\/wp-content\/uploads\/2019\/09\/Noctua-ventilador-02-422x500.jpg 422w, https:\/\/www.hugorodriguez.com\/blog\/wp-content\/uploads\/2019\/09\/Noctua-ventilador-02-68x80.jpg 68w, https:\/\/www.hugorodriguez.com\/blog\/wp-content\/uploads\/2019\/09\/Noctua-ventilador-02-595x705.jpg 595w, https:\/\/www.hugorodriguez.com\/blog\/wp-content\/uploads\/2019\/09\/Noctua-ventilador-02-450x533.jpg 450w, https:\/\/www.hugorodriguez.com\/blog\/wp-content\/uploads\/2019\/09\/Noctua-ventilador-02.jpg 616w\" sizes=\"auto, (max-width: 422px) 100vw, 422px\" \/><\/a><\/p>\n<p>\u00bfQu\u00e9 ventajas tiene? Sencillo: al ser muy grande, es capaz de generar mucho flujo de aire incluso a bajas revoluciones. Por lo tanto haciendo tareas menores ser\u00e1 muy silencioso. De hecho, esta placa base (que es quien controla la velocidad del ventilador, ya que se adapta a la carga de trabajo de la CPU) tiene un sistema que lo detiene por completo cuando la carga de trabajo y la temperatura es baja. \u00bfSe puede pedir m\u00e1s?<\/p>\n<div id=\"attachment_11914\" style=\"width: 510px\" class=\"wp-caption aligncenter\"><a href=\"https:\/\/www.hugorodriguez.com\/blog\/wp-content\/uploads\/2019\/09\/Noctua-ventilador-03.jpg\"><img loading=\"lazy\" decoding=\"async\" aria-describedby=\"caption-attachment-11914\" class=\"size-medium wp-image-11914\" src=\"https:\/\/www.hugorodriguez.com\/blog\/wp-content\/uploads\/2019\/09\/Noctua-ventilador-03-500x355.jpg\" alt=\"\" width=\"500\" height=\"355\" srcset=\"https:\/\/www.hugorodriguez.com\/blog\/wp-content\/uploads\/2019\/09\/Noctua-ventilador-03-500x355.jpg 500w, https:\/\/www.hugorodriguez.com\/blog\/wp-content\/uploads\/2019\/09\/Noctua-ventilador-03-80x57.jpg 80w, https:\/\/www.hugorodriguez.com\/blog\/wp-content\/uploads\/2019\/09\/Noctua-ventilador-03-260x185.jpg 260w, https:\/\/www.hugorodriguez.com\/blog\/wp-content\/uploads\/2019\/09\/Noctua-ventilador-03-705x501.jpg 705w, https:\/\/www.hugorodriguez.com\/blog\/wp-content\/uploads\/2019\/09\/Noctua-ventilador-03-450x320.jpg 450w, https:\/\/www.hugorodriguez.com\/blog\/wp-content\/uploads\/2019\/09\/Noctua-ventilador-03.jpg 730w\" sizes=\"auto, (max-width: 500px) 100vw, 500px\" \/><\/a><p id=\"caption-attachment-11914\" class=\"wp-caption-text\">Aqui puedes ver la diferencia de tama\u00f1o entre el Noctua y el que viene de serie con la CPU.<\/p><\/div>\n<p>Por supuesto, si la carga de trabajo es m\u00e1xima y los 12 n\u00facleos se ponen a trabajar a tope, el ventilador sube y sube hasta lo necesario.<\/p>\n<p><a href=\"https:\/\/www.hugorodriguez.com\/blog\/wp-content\/uploads\/2019\/09\/Noctua-ventilador-04.jpg\"><img loading=\"lazy\" decoding=\"async\" class=\"aligncenter size-medium wp-image-11915\" src=\"https:\/\/www.hugorodriguez.com\/blog\/wp-content\/uploads\/2019\/09\/Noctua-ventilador-04-375x500.jpg\" alt=\"\" width=\"375\" height=\"500\" srcset=\"https:\/\/www.hugorodriguez.com\/blog\/wp-content\/uploads\/2019\/09\/Noctua-ventilador-04-375x500.jpg 375w, https:\/\/www.hugorodriguez.com\/blog\/wp-content\/uploads\/2019\/09\/Noctua-ventilador-04-60x80.jpg 60w, https:\/\/www.hugorodriguez.com\/blog\/wp-content\/uploads\/2019\/09\/Noctua-ventilador-04-529x705.jpg 529w, https:\/\/www.hugorodriguez.com\/blog\/wp-content\/uploads\/2019\/09\/Noctua-ventilador-04-450x599.jpg 450w, https:\/\/www.hugorodriguez.com\/blog\/wp-content\/uploads\/2019\/09\/Noctua-ventilador-04.jpg 548w\" sizes=\"auto, (max-width: 375px) 100vw, 375px\" \/><\/a><\/p>\n<p>Tan s\u00f3lo le puedo hacer una cr\u00edtica: tiene un peque\u00f1o fallo de dise\u00f1o y es que al acoplar el ventilador, el aire se puede escapar por un hueco un poco tosco, pero la soluci\u00f3n es tan f\u00e1cil como r\u00e1pida:<\/p>\n<div  class='tabcontainer av-1hsvmbl-ce8c386e789b88d2c34a0ec927ede63a top_tab  avia-builder-el-1  el_after_av_slideshow  avia-builder-el-last '>\n<section class='av_tab_section av_tab_section av-1czg1sx-60d6c60c11d4f3f993ec5a01e1460295'  itemscope=\"itemscope\" itemtype=\"https:\/\/schema.org\/CreativeWork\" ><div id='tab-id-1-tab' class='tab active_tab' role='tab' aria-selected=\"true\" tabindex=\"0\" data-fake-id='#tab-id-1' aria-controls='tab-id-1-content'  itemprop=\"headline\" >El problema<\/div><div id='tab-id-1-content' class='tab_content active_tab_content' role='tabpanel' aria-labelledby='tab-id-1-tab' aria-hidden=\"false\"><div class='tab_inner_content invers-color'  itemprop=\"text\" ><p><img loading=\"lazy\" decoding=\"async\" class=\"aligncenter wp-image-11916 size-full\" src=\"https:\/\/www.hugorodriguez.com\/blog\/wp-content\/uploads\/2019\/09\/Noctua-ventilador-05.jpg\" alt=\"\" width=\"730\" height=\"548\" srcset=\"https:\/\/www.hugorodriguez.com\/blog\/wp-content\/uploads\/2019\/09\/Noctua-ventilador-05.jpg 730w, https:\/\/www.hugorodriguez.com\/blog\/wp-content\/uploads\/2019\/09\/Noctua-ventilador-05-80x60.jpg 80w, https:\/\/www.hugorodriguez.com\/blog\/wp-content\/uploads\/2019\/09\/Noctua-ventilador-05-500x375.jpg 500w, https:\/\/www.hugorodriguez.com\/blog\/wp-content\/uploads\/2019\/09\/Noctua-ventilador-05-705x529.jpg 705w, https:\/\/www.hugorodriguez.com\/blog\/wp-content\/uploads\/2019\/09\/Noctua-ventilador-05-450x338.jpg 450w\" sizes=\"auto, (max-width: 730px) 100vw, 730px\" \/><\/p>\n<\/div><\/div><\/section>\n<section class='av_tab_section av_tab_section av-21yagx-db4ef6757262c7f43b715461b7787b95'  itemscope=\"itemscope\" itemtype=\"https:\/\/schema.org\/CreativeWork\" ><div id='tab-id-2-tab' class='tab' role='tab' aria-selected=\"false\" tabindex=\"0\" data-fake-id='#tab-id-2' aria-controls='tab-id-2-content'  itemprop=\"headline\" >La solucion<\/div><div id='tab-id-2-content' class='tab_content' role='tabpanel' aria-labelledby='tab-id-2-tab' aria-hidden=\"true\"><div class='tab_inner_content invers-color'  itemprop=\"text\" ><p><img loading=\"lazy\" decoding=\"async\" class=\"aligncenter size-full wp-image-11917\" src=\"https:\/\/www.hugorodriguez.com\/blog\/wp-content\/uploads\/2019\/09\/Noctua-ventilador-06.jpg\" alt=\"\" width=\"730\" height=\"548\" srcset=\"https:\/\/www.hugorodriguez.com\/blog\/wp-content\/uploads\/2019\/09\/Noctua-ventilador-06.jpg 730w, https:\/\/www.hugorodriguez.com\/blog\/wp-content\/uploads\/2019\/09\/Noctua-ventilador-06-80x60.jpg 80w, https:\/\/www.hugorodriguez.com\/blog\/wp-content\/uploads\/2019\/09\/Noctua-ventilador-06-500x375.jpg 500w, https:\/\/www.hugorodriguez.com\/blog\/wp-content\/uploads\/2019\/09\/Noctua-ventilador-06-705x529.jpg 705w, https:\/\/www.hugorodriguez.com\/blog\/wp-content\/uploads\/2019\/09\/Noctua-ventilador-06-450x338.jpg 450w\" sizes=\"auto, (max-width: 730px) 100vw, 730px\" \/><\/p>\n<\/div><\/div><\/section>\n<\/div>\n<p>&nbsp;<\/p>\n<h3 style=\"text-align: center;\">Memoria RAM<\/h3>\n<p>La mayor\u00eda de fot\u00f3grafos y videografos piensan que a la hora de configurar un ordenador, simplemente hay que ponerle \u201cmucha RAM\u201d y punto. Lo que no saben es que la velocidad de la RAM influye -y mucho- en el resultado final. S\u00ed, hay memoria RAM de diferentes velocidades, y se puede escoger entre un amplio rango de ellas y al ordenador no le pasa nada. Nada malo, se entiende.<\/p>\n<p>Una RAM m\u00e1s r\u00e1pida permite al procesador ejecutar todas sus operaciones a mayor velocidad, asi que es una inversi\u00f3n que se nota todo el tiempo.<\/p>\n<p>Evidentemente, la RAM barata corre a una velocidad est\u00e1ndar; si buscas bancos de memoria RAM de alta velocidad, sale m\u00e1s cara que la est\u00e1ndar. Y se calienta m\u00e1s.<\/p>\n<p><a href=\"https:\/\/www.hugorodriguez.com\/blog\/wp-content\/uploads\/2019\/09\/MEmoria-TridentZ-01.jpg\"><img loading=\"lazy\" decoding=\"async\" class=\"aligncenter size-medium wp-image-11909\" src=\"https:\/\/www.hugorodriguez.com\/blog\/wp-content\/uploads\/2019\/09\/MEmoria-TridentZ-01-500x375.jpg\" alt=\"\" width=\"500\" height=\"375\" srcset=\"https:\/\/www.hugorodriguez.com\/blog\/wp-content\/uploads\/2019\/09\/MEmoria-TridentZ-01-500x375.jpg 500w, https:\/\/www.hugorodriguez.com\/blog\/wp-content\/uploads\/2019\/09\/MEmoria-TridentZ-01-80x60.jpg 80w, https:\/\/www.hugorodriguez.com\/blog\/wp-content\/uploads\/2019\/09\/MEmoria-TridentZ-01-705x529.jpg 705w, https:\/\/www.hugorodriguez.com\/blog\/wp-content\/uploads\/2019\/09\/MEmoria-TridentZ-01-450x338.jpg 450w, https:\/\/www.hugorodriguez.com\/blog\/wp-content\/uploads\/2019\/09\/MEmoria-TridentZ-01.jpg 730w\" sizes=\"auto, (max-width: 500px) 100vw, 500px\" \/><\/a><\/p>\n<p>Escog\u00ed dos m\u00f3dulos <strong>Trident Z de 16GB de tipo DD4 a 3 Ghz<\/strong> (que son extremadamente r\u00e1pidos y no demasiado caros) de la marca G-Skill, conocida de sobras por los entusiastas por fabricar algunos de los mejores m\u00f3dulos. Total: 32GB. Para lo que yo hago voy sobrado con 16GB, pero en alguna ocasi\u00f3n he necesitado 20 y algo m\u00e1s, asi que opt\u00e9 por coger 32. Adem\u00e1s, si me da por grabar video a 4K, as\u00ed ya voy mejor preparado.<\/p>\n<p><a href=\"https:\/\/www.hugorodriguez.com\/blog\/wp-content\/uploads\/2019\/09\/MEmoria-TridentZ-02.jpg\"><img loading=\"lazy\" decoding=\"async\" class=\"aligncenter wp-image-11910 size-medium\" src=\"https:\/\/www.hugorodriguez.com\/blog\/wp-content\/uploads\/2019\/09\/MEmoria-TridentZ-02-500x375.jpg\" alt=\"\" width=\"500\" height=\"375\" srcset=\"https:\/\/www.hugorodriguez.com\/blog\/wp-content\/uploads\/2019\/09\/MEmoria-TridentZ-02-500x375.jpg 500w, https:\/\/www.hugorodriguez.com\/blog\/wp-content\/uploads\/2019\/09\/MEmoria-TridentZ-02-80x60.jpg 80w, https:\/\/www.hugorodriguez.com\/blog\/wp-content\/uploads\/2019\/09\/MEmoria-TridentZ-02-705x529.jpg 705w, https:\/\/www.hugorodriguez.com\/blog\/wp-content\/uploads\/2019\/09\/MEmoria-TridentZ-02-450x338.jpg 450w, https:\/\/www.hugorodriguez.com\/blog\/wp-content\/uploads\/2019\/09\/MEmoria-TridentZ-02.jpg 730w\" sizes=\"auto, (max-width: 500px) 100vw, 500px\" \/><\/a><\/p>\n<p>Traen disipadores de aluminio cepillado, muy bonitos por cierto (aunque eso no me sirve de nada ah\u00ed dentro de la caja).<\/p>\n<p><a href=\"https:\/\/www.hugorodriguez.com\/blog\/wp-content\/uploads\/2019\/09\/MEmoria-TridentZ-03.jpg\"><img loading=\"lazy\" decoding=\"async\" class=\"aligncenter wp-image-11911 size-medium\" src=\"https:\/\/www.hugorodriguez.com\/blog\/wp-content\/uploads\/2019\/09\/MEmoria-TridentZ-03-500x375.jpg\" alt=\"\" width=\"500\" height=\"375\" srcset=\"https:\/\/www.hugorodriguez.com\/blog\/wp-content\/uploads\/2019\/09\/MEmoria-TridentZ-03-500x375.jpg 500w, https:\/\/www.hugorodriguez.com\/blog\/wp-content\/uploads\/2019\/09\/MEmoria-TridentZ-03-80x60.jpg 80w, https:\/\/www.hugorodriguez.com\/blog\/wp-content\/uploads\/2019\/09\/MEmoria-TridentZ-03-705x529.jpg 705w, https:\/\/www.hugorodriguez.com\/blog\/wp-content\/uploads\/2019\/09\/MEmoria-TridentZ-03-450x338.jpg 450w, https:\/\/www.hugorodriguez.com\/blog\/wp-content\/uploads\/2019\/09\/MEmoria-TridentZ-03.jpg 730w\" sizes=\"auto, (max-width: 500px) 100vw, 500px\" \/><\/a><\/p>\n<p>Una de las primeras cosas que he de comprobar es que ambos m\u00f3dulos est\u00e1n perfectos y no dan ning\u00fan fallo, utilizando la utilidad MemTest (link), muy conocida por los inform\u00e1ticos. Asi que eso hice, dejando al programa trabajar durante varias horas a todo gas para verificar que no hab\u00eda ning\u00fan fallo.<\/p>\n<p>Contin\u00faa en la p\u00e1gina 4&#8230;<br \/>\n<!--nextpage--><\/p>\n<h3 style=\"text-align: center;\">Tarjeta gr\u00e1fica<\/h3>\n<p>Este ha sido, sin duda, uno de los componentes m\u00e1s dif\u00edciles de escoger.<\/p>\n<ul>\n<li>Y te preguntar\u00e1s: \u00bfporque?<\/li>\n<li>Pero si con poner una de 4GB de memoria ya es m\u00e1s que suficiente\u2026<\/li>\n<\/ul>\n<p>Otro error t\u00edpico de muchos fot\u00f3grafos\/vide\u00f3grafos: creer que la cantidad de memoria en la gr\u00e1fica lo es todo. Si es tu caso, siento decirte que no es as\u00ed. La memoria de la tarjeta gr\u00e1fica (en adelante, GPU) est\u00e1 destinada principalmente para las texturas de los elementos 3D en videojuegos. Est\u00e1 muy bien, pero es que yo no juego a videojuegos, ni tampoco hago modelado en 3D, con lo que de poco me sirve que tenga mucha \u2013o poca- RAM.<\/p>\n<p>En cambio, lo verdaderamente importante de la GPU es la potencia gr\u00e1fica de su procesador. Ah\u00ed es donde se ve si a la hora de revelar RAWs y renderizar videos realmente destaca. Y cada vez es m\u00e1s importante definir en d\u00f3nde exactamente quieres que rinda la tarjeta. Concretamente, en qu\u00e9 aplicaci\u00f3n. Las \u00fanicas dos aplicaciones exigentes que yo uso ahora mismo son Capture One y Premiere. De la primera me interesa el revelado concretamente (me refiero a cuando pulsas el bot\u00f3n, no mientras est\u00e1s ajustando los RAW, que no requiere tanta potencia), y de la segunda, tanto cuando est\u00e1s editando como cuando est\u00e1s renderizando.<\/p>\n<p>Tengo claro que Capture One necesita de un buen Open CL para rendir, y s\u00e9 que AMD sigue llevando la delantera sobre nVidia en ese campo. Asi lo demuestran los test de rendimiento (en adelante, benchmarks) de OpenCL. No he encontrado benchmarks concluyentes de Capture One, pero s\u00ed de OpenCL. All\u00ed se ve que aunque nVidia se ha puesto las pilas en los \u00faltimos tiempos (rend\u00eda muy mal en OpenCL hace no mucho), AMD parece que sigue llevando algo de ventaja.<\/p>\n<p>Otra cosa que ten\u00eda clara es que NO quiero una tarjeta que traiga por defecto overclocking, aunque sea poca cosa. Ya tuve problemas con mi tarjeta actual, una AMD R9 270X que s\u00ed tra\u00eda y no lo sab\u00eda. Hasta que lo averig\u00fc\u00e9 y lo correg\u00ed (me bast\u00f3 entrar en la configuraci\u00f3n y bajar la velocidad a la recomendada) tuve que sufrir una buena cantidad de pantallas azules que no supe descubrir de d\u00f3nde ven\u00edan, pero que siempre \u2013y \u00fanicamente- ocurr\u00edan al renderizar video.<\/p>\n<p><a href=\"https:\/\/www.hugorodriguez.com\/blog\/wp-content\/uploads\/2019\/09\/Tarjeta-grafica-AMD-Vega-56-01.jpg\"><img loading=\"lazy\" decoding=\"async\" class=\"aligncenter wp-image-11920 size-medium\" src=\"https:\/\/www.hugorodriguez.com\/blog\/wp-content\/uploads\/2019\/09\/Tarjeta-grafica-AMD-Vega-56-01-500x375.jpg\" alt=\"\" width=\"500\" height=\"375\" srcset=\"https:\/\/www.hugorodriguez.com\/blog\/wp-content\/uploads\/2019\/09\/Tarjeta-grafica-AMD-Vega-56-01-500x375.jpg 500w, https:\/\/www.hugorodriguez.com\/blog\/wp-content\/uploads\/2019\/09\/Tarjeta-grafica-AMD-Vega-56-01-80x60.jpg 80w, https:\/\/www.hugorodriguez.com\/blog\/wp-content\/uploads\/2019\/09\/Tarjeta-grafica-AMD-Vega-56-01-705x529.jpg 705w, https:\/\/www.hugorodriguez.com\/blog\/wp-content\/uploads\/2019\/09\/Tarjeta-grafica-AMD-Vega-56-01-450x338.jpg 450w, https:\/\/www.hugorodriguez.com\/blog\/wp-content\/uploads\/2019\/09\/Tarjeta-grafica-AMD-Vega-56-01.jpg 730w\" sizes=\"auto, (max-width: 500px) 100vw, 500px\" \/><\/a><\/p>\n<p>En relaci\u00f3n a Premiere encontr\u00e9 unos benchmarks que comparan muchas tarjetas con este programa y, aunque las nVidia ganaban al editar video con c\u00f3decs ProRes y con Avid, en H.264 y FullHD, que es lo que principalmente voy a hacer, ganaban las AMD. De todos modos, aqu\u00ed no hay nada seguro: ma\u00f1ana Adobe puede modificar alg\u00fan componente o c\u00f3dec del programay cambiar todo totalmente, en funci\u00f3n de c\u00f3mo de optimizado est\u00e9 para una u otra GPU. No hay nada absoluto.<\/p>\n<p><img loading=\"lazy\" decoding=\"async\" class=\"aligncenter size-medium wp-image-11921\" src=\"https:\/\/www.hugorodriguez.com\/blog\/wp-content\/uploads\/2019\/09\/Tarjeta-grafica-AMD-Vega-56-02-500x375.jpg\" alt=\"\" width=\"500\" height=\"375\" srcset=\"https:\/\/www.hugorodriguez.com\/blog\/wp-content\/uploads\/2019\/09\/Tarjeta-grafica-AMD-Vega-56-02-500x375.jpg 500w, https:\/\/www.hugorodriguez.com\/blog\/wp-content\/uploads\/2019\/09\/Tarjeta-grafica-AMD-Vega-56-02-80x60.jpg 80w, https:\/\/www.hugorodriguez.com\/blog\/wp-content\/uploads\/2019\/09\/Tarjeta-grafica-AMD-Vega-56-02-705x529.jpg 705w, https:\/\/www.hugorodriguez.com\/blog\/wp-content\/uploads\/2019\/09\/Tarjeta-grafica-AMD-Vega-56-02-450x338.jpg 450w, https:\/\/www.hugorodriguez.com\/blog\/wp-content\/uploads\/2019\/09\/Tarjeta-grafica-AMD-Vega-56-02.jpg 730w\" sizes=\"auto, (max-width: 500px) 100vw, 500px\" \/><\/p>\n<p>Mi presupuesto era de unos 300\u20ac para la tarjeta, asi que mis opciones eran:<\/p>\n<ul>\n<li>nVidia GTX 1060<\/li>\n<li>AMD Vega 56<\/li>\n<\/ul>\n<p>Y tambi\u00e9n alg\u00fan otro modelo reacondicionado del a\u00f1o pasado, pero principalmente estos dos. Despu\u00e9s de examinar los benchmarks, y no sin dudas, opt\u00e9 por la <strong>Vega 56<\/strong>. Muy potente y avanzada (supongo que preparada para avances en OpenCL que puedan implementarse en C1 y Premiere en un futuro cercano. Esta tarjeta sale por casi 400\u20ac, pero una oferta me permiti\u00f3 comprarla por 300\u20ac.<\/p>\n<p><a href=\"https:\/\/www.hugorodriguez.com\/blog\/wp-content\/uploads\/2019\/09\/Interior-caja-05.jpg\"><img loading=\"lazy\" decoding=\"async\" class=\"aligncenter size-medium wp-image-11907\" src=\"https:\/\/www.hugorodriguez.com\/blog\/wp-content\/uploads\/2019\/09\/Interior-caja-05-500x375.jpg\" alt=\"\" width=\"500\" height=\"375\" srcset=\"https:\/\/www.hugorodriguez.com\/blog\/wp-content\/uploads\/2019\/09\/Interior-caja-05-500x375.jpg 500w, https:\/\/www.hugorodriguez.com\/blog\/wp-content\/uploads\/2019\/09\/Interior-caja-05-80x60.jpg 80w, https:\/\/www.hugorodriguez.com\/blog\/wp-content\/uploads\/2019\/09\/Interior-caja-05-705x529.jpg 705w, https:\/\/www.hugorodriguez.com\/blog\/wp-content\/uploads\/2019\/09\/Interior-caja-05-450x338.jpg 450w, https:\/\/www.hugorodriguez.com\/blog\/wp-content\/uploads\/2019\/09\/Interior-caja-05.jpg 730w\" sizes=\"auto, (max-width: 500px) 100vw, 500px\" \/><\/a><\/p>\n<p>Bien, una cosa menos.<\/p>\n<p>&nbsp;<\/p>\n<h3 style=\"text-align: center;\">Discos duros<\/h3>\n<p>El tema de discos duros en mi caso es un poco complicado, por el sistema que me gusta usar. Para resumir dir\u00e9 que no he comprado nada\u2026 porque simplemente he reutilizado lo que ya ten\u00eda en mi ordenador anterior. Ahora te explico un poco como lo tengo.<\/p>\n<p>B\u00e1sicamente lo que yo quiero es:<\/p>\n<ul>\n<li>Que el sistema operativo (en adelante, SO) y los programas se abran a la velocidad del rayo (quien no, \u00bfverdad?).<\/li>\n<li>Que los documentos, im\u00e1genes y videos se abran y trabajen a la velocidad del rayo. Pues eso\u2026<\/li>\n<li>Tener mucho espacio de almacenamiento, aunque sin llegar a cantidades excesivas. 5 o 6 TB es m\u00e1s que suficiente para mi.<\/li>\n<li>Que estos 5 o 6 TB funcionen a muy alta velocidad, mucho m\u00e1s que la velocidad t\u00edpica de los discos normales.<\/li>\n<li>Que sea un sistema muy seguro, a prueba de fallos.<\/li>\n<li>Que pueda hacer backups muy f\u00e1cilmente.<\/li>\n<\/ul>\n<p>&nbsp;<\/p>\n<p>En mi caso, al no ser un fot\u00f3grafo al uso (me refiero a que yo no vivo de mis fotos, sino de mis cursos) no disparo mucho (de hecho, mas bien poco) y por lo tanto todas mis fotos caben en aproximadamente algo m\u00e1s de 1 TB. En cambio, s\u00ed que tengo mucha informaci\u00f3n generada en forma de im\u00e1genes que uso como recursos en mis cursos y art\u00edculos, asi como muchas fotos familiares y videos.<\/p>\n<p>Tengo mucha informaci\u00f3n almacenada (repositorios de programas antiguos, videos y pel\u00edculas, m\u00fasica\u2026) en discos externos.<\/p>\n<p>Por todo ello:<\/p>\n<ul>\n<li>Para el SO, los programas y los proyectos en los que estoy trabajando uso un SSD relativamente peque\u00f1o, de 250GB. Con ese espacio me llega y sobra para el SO y programas (unos 90 GB), y el resto lo destino a un espacio temporal donde copio aquello en lo que estoy trabajando, simplemente para disfrutar de una alt\u00edsima velocidad de lectura y escritura. Cuando termino, lo muevo a otro disco duro tradicional. Uso un<strong> Samsung 250 Pro<\/strong>, que tiene una velocidad de 550 MB\/s de lectura y escritura y que tiene un a\u00f1o ya. En el futuro, y si las unidades M.2 tienen precios bajos migrar\u00e9 a una de estas, porque ofrecen velocidades estratosf\u00e9ricas de casi 2GB\/s. De hecho mi port\u00e1til actual, un DELL Precision M7510 lleva una de estas que rinde hasta 1550 MB\/s.<\/li>\n<li>Para lo dem\u00e1s uso un sistema RAID 5 de 3 discos cl\u00e1sicos (no SSD, vaya) conectados a una <strong>tarjeta RAID PCI-X Highpoint rocketRAID 640L<\/strong>, que adem\u00e1s la reconoce el OS X sin necesidad de instalar nada. Hasta hace poco usaba la controladora integrada en la propia placa base del ordenador anterior, pero tuve la mala suerte de que un dia fall\u00f3 y aprend\u00ed la lecci\u00f3n (por la via dura): nunca, nunca, jam\u00e1s, uses un RAID con la controladora de la placa, porque si falla eventualmente cualquier elemento de la placa base, est\u00e1s perdido. Al usar una tarjeta externa, reduces mucho las probabilidades de fallo. Adem\u00e1s, si la placa base falla, basta con que piches la tarjeta en otra placa y puedes seguir con tus datos tranquilamente. Otra ventaja es que estas tarjetas llevan un procesador potente que gestiona el RAID mucho m\u00e1s \u00e1gilmente y sin sacrificar velocidad de otros elementos que tienen que pasar por el chipset Southbridge (como el sonido, los USB\u2026).<\/li>\n<li>Para aumentar la seguridad al m\u00e1ximo (y sobre todo despu\u00e9s de aprendida la lecci\u00f3n despu\u00e9s del fallo del RAID, que por cierto me cost\u00f3 900\u20ac recuperar) a\u00f1ado <strong>otro disco de 6TB<\/strong> \u00fanicamente para hacer backups diarios de todo lo que tengo tanto en el RAID como en la partici\u00f3n de temporal de INTERCAMBIO. Para no complicarme la vida, uso Acronis Backup para que me haga backups incrementales diariamente de los arhivos nuevos que haya creado o modificado ese dia. Es un sistema muy r\u00e1pido y c\u00f3modo.<\/li>\n<\/ul>\n<p>&nbsp;<\/p>\n<p>Por cierto: no compres discos Seagate Barracuda de 3TB, porque fallan m\u00e1s que una escopeta de feria. Tuve la mala suerte de comprar 3 hace dos a\u00f1os, precisamente para el RAID, y han ido cayendo uno a uno hasta fallar los 3 en menos de 2 a\u00f1os! Afortunadamente, el fabricante me los ha cambiando por otros iguales (que tambi\u00e9n han fallado en este tiempo), asi que al final les he pedido que me los sustituyan por otros de Western Digital, que no fallan.<\/p>\n<p>&nbsp;<\/p>\n<h3 style=\"text-align: center;\">Fuente de alimentaci\u00f3n<\/h3>\n<p>No se le suele prestar mucha atenci\u00f3n a la fuente de alimentaci\u00f3n, pero lo cierto es que este componente es bastante responsable de la estabilidad del sistema. Si te ocurre que cuando el sistema se pone a trabajar al m\u00e1ximo sufres cuelgues o incluso reinicios espont\u00e1neos, podr\u00eda ser que la fuente sea incapaz de entregar la potencia el\u00e9ctrica demandada, o que \u00e9sta sea inestable.<\/p>\n<div id=\"attachment_11899\" style=\"width: 510px\" class=\"wp-caption aligncenter\"><a href=\"https:\/\/www.hugorodriguez.com\/blog\/wp-content\/uploads\/2019\/09\/Fuente-alimentacion-Corsair-01.jpg\"><img loading=\"lazy\" decoding=\"async\" aria-describedby=\"caption-attachment-11899\" class=\"size-medium wp-image-11899\" src=\"https:\/\/www.hugorodriguez.com\/blog\/wp-content\/uploads\/2019\/09\/Fuente-alimentacion-Corsair-01-500x375.jpg\" alt=\"\" width=\"500\" height=\"375\" srcset=\"https:\/\/www.hugorodriguez.com\/blog\/wp-content\/uploads\/2019\/09\/Fuente-alimentacion-Corsair-01-500x375.jpg 500w, https:\/\/www.hugorodriguez.com\/blog\/wp-content\/uploads\/2019\/09\/Fuente-alimentacion-Corsair-01-80x60.jpg 80w, https:\/\/www.hugorodriguez.com\/blog\/wp-content\/uploads\/2019\/09\/Fuente-alimentacion-Corsair-01-705x529.jpg 705w, https:\/\/www.hugorodriguez.com\/blog\/wp-content\/uploads\/2019\/09\/Fuente-alimentacion-Corsair-01-450x338.jpg 450w, https:\/\/www.hugorodriguez.com\/blog\/wp-content\/uploads\/2019\/09\/Fuente-alimentacion-Corsair-01.jpg 730w\" sizes=\"auto, (max-width: 500px) 100vw, 500px\" \/><\/a><p id=\"caption-attachment-11899\" class=\"wp-caption-text\">La fuente. En realidad esta no es la fuente definitiva porque por un error compre esta que equivalente a la 650X, pero en formato peque\u00f1o. Enseguida la devolvi y ped\u00ed un cambio por la 650X.<\/p><\/div>\n<p>Por eso en una estaci\u00f3n de trabajo con aspiraciones serias, una buena fuente es muy importante. No s\u00f3lo que sea capaz de entregar la potencia requerida cuando todos los procesadores trabajan al 100%, sino adem\u00e1s que:<\/p>\n<ul>\n<li>Sea capaz de hacerlo durante mucho tiempo sin fatigarse<\/li>\n<li>Entregue la potencia de forma muy estable, incluso si hay fluctuaciones en la red el\u00e9ctrica<\/li>\n<li>Lo haga con una alta eficiencia (desperdiciando poca energ\u00eda)<\/li>\n<li>Sea muy silenciosa, pero est\u00e9 bien refrigerada<\/li>\n<li>Tenga un sistema de conexiones modular, que permita eliminar aquellos cables que no se usen<\/li>\n<\/ul>\n<p><a href=\"https:\/\/www.hugorodriguez.com\/blog\/wp-content\/uploads\/2019\/09\/Fuente-alimentacion-Corsair-03.jpg\"><img loading=\"lazy\" decoding=\"async\" class=\"aligncenter size-medium wp-image-11900\" src=\"https:\/\/www.hugorodriguez.com\/blog\/wp-content\/uploads\/2019\/09\/Fuente-alimentacion-Corsair-03-500x375.jpg\" alt=\"\" width=\"500\" height=\"375\" srcset=\"https:\/\/www.hugorodriguez.com\/blog\/wp-content\/uploads\/2019\/09\/Fuente-alimentacion-Corsair-03-500x375.jpg 500w, https:\/\/www.hugorodriguez.com\/blog\/wp-content\/uploads\/2019\/09\/Fuente-alimentacion-Corsair-03-80x60.jpg 80w, https:\/\/www.hugorodriguez.com\/blog\/wp-content\/uploads\/2019\/09\/Fuente-alimentacion-Corsair-03-705x529.jpg 705w, https:\/\/www.hugorodriguez.com\/blog\/wp-content\/uploads\/2019\/09\/Fuente-alimentacion-Corsair-03-450x338.jpg 450w, https:\/\/www.hugorodriguez.com\/blog\/wp-content\/uploads\/2019\/09\/Fuente-alimentacion-Corsair-03.jpg 730w\" sizes=\"auto, (max-width: 500px) 100vw, 500px\" \/><\/a><\/p>\n<p>Por todo ello escog\u00ed una Corsair RM650X 80 Plus de 650W, una potencia m\u00e1s que suficiente para los componentes de mi equipo. Es una fuente de alta calidad, con una eficiencia certificada \u201c80 Plus Gold\u201d, del 80%, lo que hace que se caliente muy poco. Adem\u00e1s, lleva un ventilador gigante que la mantiene bien refrigerada y al mismo tiempo es muy silenciosa. El ventilador incluso se detiene por completo cuando no supera una cierta temperatura.<\/p>\n<p>Contin\u00faa en la p\u00e1gina 5&#8230;<br \/>\n<!--nextpage--><\/p>\n<h3 style=\"text-align: center;\">El resto de componentes<\/h3>\n<p>El resto de componentes los mantengo del ordenador anterior. Por si tienes curiosidad, te los describo a continuaci\u00f3n:<\/p>\n<ul>\n<li><strong>Monitor principal<\/strong>: <a href=\"https:\/\/www.benq.eu\/es-es\/monitor\/video-post-production\/pg2401pt.html\" target=\"_blank\" rel=\"noopener\">BenQ PG2401PT<\/a>. Una verdadera maravilla. Una gama de color extraordinaria una calidad excelente y un precio bastante sorprendente. Analizado <a href=\"https:\/\/www.hugorodriguez.com\/blog\/reviews\/review-a-fondo-del-benq-pg2401pt\/\">aqu\u00ed<\/a>. Ahora tambi\u00e9n tienes como alternativa m\u00e1s barata el <a href=\"https:\/\/www.hugorodriguez.com\/blog\/reviews\/benq-sw240-un-buen-vino-a-precio-de-refresco\/\">SW240<\/a>.<\/li>\n<\/ul>\n<p><a href=\"https:\/\/www.hugorodriguez.com\/blog\/reviews\/review-a-fondo-del-benq-pg2401pt\/\"><img loading=\"lazy\" decoding=\"async\" class=\"aligncenter wp-image-3717 size-medium\" src=\"https:\/\/www.hugorodriguez.com\/blog\/wp-content\/uploads\/2016\/11\/BenQ-PG2401PT-01-500x500.jpg\" alt=\"\" width=\"500\" height=\"500\" srcset=\"https:\/\/www.hugorodriguez.com\/blog\/wp-content\/uploads\/2016\/11\/BenQ-PG2401PT-01-500x500.jpg 500w, https:\/\/www.hugorodriguez.com\/blog\/wp-content\/uploads\/2016\/11\/BenQ-PG2401PT-01-450x450.jpg 450w, https:\/\/www.hugorodriguez.com\/blog\/wp-content\/uploads\/2016\/11\/BenQ-PG2401PT-01-100x100.jpg 100w, https:\/\/www.hugorodriguez.com\/blog\/wp-content\/uploads\/2016\/11\/BenQ-PG2401PT-01-250x250.jpg 250w, https:\/\/www.hugorodriguez.com\/blog\/wp-content\/uploads\/2016\/11\/BenQ-PG2401PT-01-36x36.jpg 36w, https:\/\/www.hugorodriguez.com\/blog\/wp-content\/uploads\/2016\/11\/BenQ-PG2401PT-01-180x180.jpg 180w, https:\/\/www.hugorodriguez.com\/blog\/wp-content\/uploads\/2016\/11\/BenQ-PG2401PT-01.jpg 600w\" sizes=\"auto, (max-width: 500px) 100vw, 500px\" \/><\/a><\/p>\n<ul>\n<li><strong>Monitor secundario<\/strong>: NEC Spectraview PA242. Un gran monitor, sin duda. Altas prestaciones, aunque a precio tambi\u00e9n muy alto.<\/li>\n<li><strong>Teclado<\/strong>: Quiz\u00e1s suene un poco anticuado, pero no me gustan los teclados negros, que hoy dia se consideran absolutamente normales. El texto de la letra se ve poco y mal, especialmente en los ambientes medio en penumbra en los que vivimos los fot\u00f3grafos; en cambio en los cl\u00e1sicos teclados blancos de toda la vida, se ven mucho mejor. Por eso conservo bien cuidado <strong>mi vetusto Logitech multimedia keyboard<\/strong>, con conector PS\/2. Este ha sido uno de los pocos problemas que he tenido con el nuevo ordenador, que ya no tiene este cl\u00e1sico conector de rat\u00f3n y teclado, con lo que he tenido que comprar un adaptador especial para poder seguir us\u00e1ndolo.<br \/>\nComo nota curiosa: me puse a buscar un teclado moderno blanco parecido al mio (con teclas multimedia Play, Stop, Next song, Volume\u2026) y casi parece una misi\u00f3n imposible. Encontrar un teclado con cable ya es raro, y si encima lo pides blanco ni te cuento\u2026 \u00bfQu\u00e9 porqu\u00e9 con cable? Pues muy sencillo: porque no necesita cambiar pilas jam\u00e1s, porque nunca tiene el m\u00e1s m\u00ednimo retraso ni interferencia y porque no necesito separarme del ordenador varios metros para usarlo. \u00bfPorque con teclas multimedia? Sencillo: porque ahorran tiempo cuando escuchas musica con Spotify, por ejemplo. Al final, s\u00f3lo he encontrado un modelo de la casa Cherry con estas especificaciones.<\/li>\n<\/ul>\n<p><a href=\"https:\/\/www.hugorodriguez.com\/blog\/wp-content\/uploads\/2019\/09\/Teclado-Logitech-blanco.jpg\"><img loading=\"lazy\" decoding=\"async\" class=\"aligncenter size-medium wp-image-11928\" src=\"https:\/\/www.hugorodriguez.com\/blog\/wp-content\/uploads\/2019\/09\/Teclado-Logitech-blanco-500x271.jpg\" alt=\"\" width=\"500\" height=\"271\" srcset=\"https:\/\/www.hugorodriguez.com\/blog\/wp-content\/uploads\/2019\/09\/Teclado-Logitech-blanco-500x271.jpg 500w, https:\/\/www.hugorodriguez.com\/blog\/wp-content\/uploads\/2019\/09\/Teclado-Logitech-blanco-80x43.jpg 80w, https:\/\/www.hugorodriguez.com\/blog\/wp-content\/uploads\/2019\/09\/Teclado-Logitech-blanco-768x416.jpg 768w, https:\/\/www.hugorodriguez.com\/blog\/wp-content\/uploads\/2019\/09\/Teclado-Logitech-blanco-705x382.jpg 705w, https:\/\/www.hugorodriguez.com\/blog\/wp-content\/uploads\/2019\/09\/Teclado-Logitech-blanco-450x244.jpg 450w, https:\/\/www.hugorodriguez.com\/blog\/wp-content\/uploads\/2019\/09\/Teclado-Logitech-blanco.jpg 844w\" sizes=\"auto, (max-width: 500px) 100vw, 500px\" \/><\/a><\/p>\n<ul>\n<li><strong>Rat\u00f3n<\/strong>: Para lo que yo uso, necesito uno grande, que se adapte a mi mano (tambi\u00e9n grande), preciso y con varios botones programables para poder usar funciones adicionales. Preferiblemente con un dise\u00f1o algo anat\u00f3mico (no sim\u00e9trico). Y con cable, por supuesto (por las mismas razones que el teclado). Despu\u00e9s de buscar un rat\u00f3n m\u00e1s o menos normal de las t\u00edpicas marcas buenas (Logitech, Microsoft\u2026) con esas caracter\u00edsticas y desistir del intento al ver que, o son inal\u00e1mbricos o no tienen botones programables, casi tuve que tirar la toalla.<br \/>\nPero al final, en un golpe de suerte y en medio de una situaci\u00f3n un poco rocambolesca resulta que estaba mirando y probando todos los ratones expuestos de una gran cadena y ya hab\u00eda desistido, veo que tienen ratones para \u2018gaming\u2019 y pienso: \u201ccaray, pues estos tienen todo lo que yo busco!\u201d. Miro al vendedor, que antes ya me hab\u00eda dicho que \u201cno buscase m\u00e1s, que no exist\u00eda lo que yo buscaba porque estaba pasado de moda\u201d, y ahora me dice: \u201cah, s\u00ed, pero es que esos son para gaming\u201d. Y yo, con cara de asombro, le pregunto: \u201c\u00bfpero acaso estos no funcionan con los programas normales en windows?\u201d, a lo que me responde -no sin un poco de desidia- que \u201csi, claro que sirven\u201d.<br \/>\nEn fin, mejor me callo lo que en aqu\u00e9l momento pens\u00e9 de aquel vendedor&#8230;. Total, que no me lo pienso mucho: pruebo unos y otros y me llevo un <strong>SteelSeries Rival<\/strong>.<br \/>\nEncantado con el, por cierto: r\u00e1pido y preciso como pocos. El hecho de que tenga cable le da doble ventaja: no s\u00f3lo la respuesta es instant\u00e1nea y no hay que andar perdiendo el tiempo con engorrosas pilas, sino que adem\u00e1s es mucho m\u00e1s ligero y, por tanto, \u00e1gil de respuesta.<\/li>\n<\/ul>\n<p><a href=\"https:\/\/www.hugorodriguez.com\/blog\/wp-content\/uploads\/2019\/09\/Steelseries-Rival.jpg\"><img loading=\"lazy\" decoding=\"async\" class=\"aligncenter size-medium wp-image-11927\" src=\"https:\/\/www.hugorodriguez.com\/blog\/wp-content\/uploads\/2019\/09\/Steelseries-Rival-500x375.jpg\" alt=\"\" width=\"500\" height=\"375\" srcset=\"https:\/\/www.hugorodriguez.com\/blog\/wp-content\/uploads\/2019\/09\/Steelseries-Rival-500x375.jpg 500w, https:\/\/www.hugorodriguez.com\/blog\/wp-content\/uploads\/2019\/09\/Steelseries-Rival-80x60.jpg 80w, https:\/\/www.hugorodriguez.com\/blog\/wp-content\/uploads\/2019\/09\/Steelseries-Rival-450x338.jpg 450w, https:\/\/www.hugorodriguez.com\/blog\/wp-content\/uploads\/2019\/09\/Steelseries-Rival.jpg 640w\" sizes=\"auto, (max-width: 500px) 100vw, 500px\" \/><\/a><\/p>\n<ul>\n<li>Para el sonido, sigo confiando en mis queridos <strong>altavoces Cambridge Soundworks FPS1500<\/strong> autoamplificados. Si, son muy antiguos pero lo cierto es que siguen sonando muy bien. Creo que no conozco ning\u00fan caso de un equipo de altavoces m\u00e1s invisible y con mejor relaci\u00f3n sonido\/precio. Hoy dia est\u00e1n completamente descatalogados y cuestan de encontrar de 2\u00aa mano, pero incluso nuevos en su d\u00eda, (un equipo 4.0 por 15.000 pts) era imbatible. Adem\u00e1s, con el poco espacio de que dispongo para unos bafles en el estudio, estos cubitos son perfectos para mi. Y suenan de f\u00e1bula, aunque no lo parezcan. Para cuando busco un sonido mejor, ya tengo mis auriculares high-end o mis Infinity en el sal\u00f3n.<\/li>\n<\/ul>\n<p><a href=\"https:\/\/www.hugorodriguez.com\/blog\/wp-content\/uploads\/2019\/09\/Cambridge-Soundworks-FPS1500-01.jpg\"><img loading=\"lazy\" decoding=\"async\" class=\"aligncenter size-medium wp-image-11930\" src=\"https:\/\/www.hugorodriguez.com\/blog\/wp-content\/uploads\/2019\/09\/Cambridge-Soundworks-FPS1500-01-500x471.jpg\" alt=\"\" width=\"500\" height=\"471\" srcset=\"https:\/\/www.hugorodriguez.com\/blog\/wp-content\/uploads\/2019\/09\/Cambridge-Soundworks-FPS1500-01-500x471.jpg 500w, https:\/\/www.hugorodriguez.com\/blog\/wp-content\/uploads\/2019\/09\/Cambridge-Soundworks-FPS1500-01-80x75.jpg 80w, https:\/\/www.hugorodriguez.com\/blog\/wp-content\/uploads\/2019\/09\/Cambridge-Soundworks-FPS1500-01-450x424.jpg 450w, https:\/\/www.hugorodriguez.com\/blog\/wp-content\/uploads\/2019\/09\/Cambridge-Soundworks-FPS1500-01.jpg 640w\" sizes=\"auto, (max-width: 500px) 100vw, 500px\" \/><\/a><\/p>\n<ul>\n<li>El esc\u00e1ner es un <strong>Epson V-750 Pro<\/strong> que francamente ya casi no uso.<\/li>\n<\/ul>\n<p><a href=\"https:\/\/www.hugorodriguez.com\/blog\/wp-content\/uploads\/2019\/09\/Escaner-Epson-V700-02.png\"><img loading=\"lazy\" decoding=\"async\" class=\"aligncenter size-medium wp-image-11929\" src=\"https:\/\/www.hugorodriguez.com\/blog\/wp-content\/uploads\/2019\/09\/Escaner-Epson-V700-02-500x414.png\" alt=\"\" width=\"500\" height=\"414\" srcset=\"https:\/\/www.hugorodriguez.com\/blog\/wp-content\/uploads\/2019\/09\/Escaner-Epson-V700-02-500x414.png 500w, https:\/\/www.hugorodriguez.com\/blog\/wp-content\/uploads\/2019\/09\/Escaner-Epson-V700-02-80x66.png 80w, https:\/\/www.hugorodriguez.com\/blog\/wp-content\/uploads\/2019\/09\/Escaner-Epson-V700-02-450x372.png 450w, https:\/\/www.hugorodriguez.com\/blog\/wp-content\/uploads\/2019\/09\/Escaner-Epson-V700-02.png 700w\" sizes=\"auto, (max-width: 500px) 100vw, 500px\" \/><\/a><\/p>\n<ul>\n<li>La impresora, que uso casi exclusivamente para facturas y trabajos del cole, es una <strong>Canon IP7250<\/strong> que es fant\u00e1stica si buscas que ocupe muy poco, imprima muy bien incluso fotos y no necesite tener la bandeja de papel abierta por arriba. Adem\u00e1s con cartuchos de color separados sale relativamente barata.<\/li>\n<\/ul>\n<p><a href=\"https:\/\/www.hugorodriguez.com\/blog\/wp-content\/uploads\/2019\/09\/Canon-IP7250.jpg\"><img loading=\"lazy\" decoding=\"async\" class=\"aligncenter size-medium wp-image-11931\" src=\"https:\/\/www.hugorodriguez.com\/blog\/wp-content\/uploads\/2019\/09\/Canon-IP7250-500x281.jpg\" alt=\"\" width=\"500\" height=\"281\" srcset=\"https:\/\/www.hugorodriguez.com\/blog\/wp-content\/uploads\/2019\/09\/Canon-IP7250-500x281.jpg 500w, https:\/\/www.hugorodriguez.com\/blog\/wp-content\/uploads\/2019\/09\/Canon-IP7250-80x45.jpg 80w, https:\/\/www.hugorodriguez.com\/blog\/wp-content\/uploads\/2019\/09\/Canon-IP7250-450x253.jpg 450w, https:\/\/www.hugorodriguez.com\/blog\/wp-content\/uploads\/2019\/09\/Canon-IP7250.jpg 700w\" sizes=\"auto, (max-width: 500px) 100vw, 500px\" \/><\/a><\/p>\n<p>&nbsp;<\/p>\n<h3 style=\"text-align: center;\">\u00bfQuieres testear la potencia de tu ordenador?<\/h3>\n<p>No dejes de probar el benchmark de rendimiento para Capture One:<\/p>\n<p><a href=\"https:\/\/www.hugorodriguez.com\/blog\/reviews\/test-de-rendimiento-en-revelado\/\"><img loading=\"lazy\" decoding=\"async\" class=\"aligncenter wp-image-8449\" src=\"https:\/\/www.hugorodriguez.com\/blog\/wp-content\/uploads\/2019\/06\/Easy-slider-Home-Benchmark-C1-RAW.jpg\" alt=\"\" width=\"700\" height=\"245\" srcset=\"https:\/\/www.hugorodriguez.com\/blog\/wp-content\/uploads\/2019\/06\/Easy-slider-Home-Benchmark-C1-RAW.jpg 1030w, https:\/\/www.hugorodriguez.com\/blog\/wp-content\/uploads\/2019\/06\/Easy-slider-Home-Benchmark-C1-RAW-450x157.jpg 450w, https:\/\/www.hugorodriguez.com\/blog\/wp-content\/uploads\/2019\/06\/Easy-slider-Home-Benchmark-C1-RAW-80x28.jpg 80w, https:\/\/www.hugorodriguez.com\/blog\/wp-content\/uploads\/2019\/06\/Easy-slider-Home-Benchmark-C1-RAW-500x175.jpg 500w, https:\/\/www.hugorodriguez.com\/blog\/wp-content\/uploads\/2019\/06\/Easy-slider-Home-Benchmark-C1-RAW-768x268.jpg 768w, https:\/\/www.hugorodriguez.com\/blog\/wp-content\/uploads\/2019\/06\/Easy-slider-Home-Benchmark-C1-RAW-705x246.jpg 705w\" sizes=\"auto, (max-width: 700px) 100vw, 700px\" \/><\/a><\/p>\n","protected":false},"excerpt":{"rendered":"<p>Despu\u00e9s de 5 a\u00f1os con mi PC, ha llegado el momento de cambiar por otro, y en este art\u00edculo os quiero explicar como ha sido el proceso de creaci\u00f3n del mismo. Creo que a estas alturas no hace falta decir que ser\u00e1 un ordenador para fotograf\u00eda, obviamente pero, ojo, tambi\u00e9n para video. Har\u00e1 tareas de [&hellip;]<\/p>\n","protected":false},"author":1,"featured_media":0,"parent":0,"menu_order":0,"comment_status":"closed","ping_status":"closed","template":"","meta":{"footnotes":""},"class_list":["post-11841","page","type-page","status-publish","hentry"],"_links":{"self":[{"href":"https:\/\/www.hugorodriguez.com\/blog\/wp-json\/wp\/v2\/pages\/11841","targetHints":{"allow":["GET"]}}],"collection":[{"href":"https:\/\/www.hugorodriguez.com\/blog\/wp-json\/wp\/v2\/pages"}],"about":[{"href":"https:\/\/www.hugorodriguez.com\/blog\/wp-json\/wp\/v2\/types\/page"}],"author":[{"embeddable":true,"href":"https:\/\/www.hugorodriguez.com\/blog\/wp-json\/wp\/v2\/users\/1"}],"replies":[{"embeddable":true,"href":"https:\/\/www.hugorodriguez.com\/blog\/wp-json\/wp\/v2\/comments?post=11841"}],"version-history":[{"count":5,"href":"https:\/\/www.hugorodriguez.com\/blog\/wp-json\/wp\/v2\/pages\/11841\/revisions"}],"predecessor-version":[{"id":12399,"href":"https:\/\/www.hugorodriguez.com\/blog\/wp-json\/wp\/v2\/pages\/11841\/revisions\/12399"}],"wp:attachment":[{"href":"https:\/\/www.hugorodriguez.com\/blog\/wp-json\/wp\/v2\/media?parent=11841"}],"curies":[{"name":"wp","href":"https:\/\/api.w.org\/{rel}","templated":true}]}}